{"id":16380,"date":"2020-10-16T06:53:17","date_gmt":"2020-10-16T06:53:17","guid":{"rendered":"https:\/\/www.jobcenterkoeln.de\/homepage\/"},"modified":"2026-02-04T14:23:49","modified_gmt":"2026-02-04T13:23:49","slug":"homepage","status":"publish","type":"page","link":"https:\/\/www.jobcenterkoeln.de\/de_APP\/","title":{"rendered":"Homepage"},"content":{"rendered":"<div class=\"hero\">\n    <div class=\"hero__image\">\n                <img decoding=\"async\" class=\"hero__img image\" data-attachment-id=\"7284\" src=\"https:\/\/www.jobcenterkoeln.de\/wp-content\/uploads\/2020\/11\/eric-weber-KPwl1VaSyw-unsplash-1024x683.jpg\" srcset=\"https:\/\/www.jobcenterkoeln.de\/wp-content\/uploads\/2020\/11\/eric-weber-KPwl1VaSyw-unsplash-scaled.jpg 2560w, https:\/\/www.jobcenterkoeln.de\/wp-content\/uploads\/2020\/11\/eric-weber-KPwl1VaSyw-unsplash-300x200.jpg 300w, https:\/\/www.jobcenterkoeln.de\/wp-content\/uploads\/2020\/11\/eric-weber-KPwl1VaSyw-unsplash-1024x683.jpg 1024w, https:\/\/www.jobcenterkoeln.de\/wp-content\/uploads\/2020\/11\/eric-weber-KPwl1VaSyw-unsplash-768x512.jpg 768w, https:\/\/www.jobcenterkoeln.de\/wp-content\/uploads\/2020\/11\/eric-weber-KPwl1VaSyw-unsplash-1536x1024.jpg 1536w, https:\/\/www.jobcenterkoeln.de\/wp-content\/uploads\/2020\/11\/eric-weber-KPwl1VaSyw-unsplash-2048x1365.jpg 2048w\" sizes=\"100vw\" alt=\"Skyline von K\u00f6ln mit Blick \u00fcber den Rhein auf den Dom\" \/>\n    <\/div>\n    <div class=\"hero__wrap container align-items-end \">\n        <div class=\"hero__content text-left \">\n            <h1>Jobcenter K\u00f6ln<\/h1>\n             <div>Zusammen weiter gehen.<\/div>         <\/div>\n    <\/div>\n<\/div>\n<div class=\"search-box\">\r\n    <div class=\"search-box__wrap container\">\r\n        <form class=\"search-box__form\" role=\"search\" method=\"get\" action=\"https:\/\/www.jobcenterkoeln.de\/de_APP\/\">\r\n            <label for=\"s\" class=\"d-none\">Suche<\/label>\r\n            <input type=\"text\" class=\"search-box__input\" value=\"\" name=\"s\" id=\"s\" placeholder=\"Suchbegriff\">\r\n            <button type=\"submit\" class=\"search-box__button\" aria-label=\"Search\" id=\"searchsubmit\">\r\n                <img decoding=\"async\" src=\"https:\/\/www.jobcenterkoeln.de\/wp-content\/themes\/hp-theme-child\/assets\/ico\/search-ico.svg\" alt=\"\">\r\n            <\/button>\r\n        <\/form>\r\n    <\/div>\r\n<\/div>\n\n\r\n<div class=\"space\"><\/div>\n\n<div class=\"container my-4\">\n    <div class=\"row\">\n        <div class=\"hp-slider col-12\">\n                        <div class=\"owl-carousel owl-slider owl-theme sky-blue bordered-1\" id=\"\"\n                data-timeout=\"8\"\n                data-dots=\"true\">\n                <a id=\"\" class=\"hp-slider__slide hp-slider__slide--image\" href=\"https:\/\/www.jobcenterkoeln.de\/termine\/\" title=\"Termin\u00advereinbarung\" target=\"_self\">                    <figure class=\"hp-slider__figure figure\">\n                        <img class=\"hp-slider__image img-fluid owl-lazy\" data-attachment-id=\"28586\" data-src=\"https:\/\/www.jobcenterkoeln.de\/wp-content\/uploads\/2024\/12\/Terminbuchung-aspect-ratio-1881-759-1024x413.png\"\n                            srcset=\"https:\/\/www.jobcenterkoeln.de\/wp-content\/uploads\/2024\/12\/Terminbuchung-aspect-ratio-1881-759.png 1881w, https:\/\/www.jobcenterkoeln.de\/wp-content\/uploads\/2024\/12\/Terminbuchung-aspect-ratio-1881-759-300x121.png 300w, https:\/\/www.jobcenterkoeln.de\/wp-content\/uploads\/2024\/12\/Terminbuchung-aspect-ratio-1881-759-1024x413.png 1024w, https:\/\/www.jobcenterkoeln.de\/wp-content\/uploads\/2024\/12\/Terminbuchung-aspect-ratio-1881-759-768x310.png 768w, https:\/\/www.jobcenterkoeln.de\/wp-content\/uploads\/2024\/12\/Terminbuchung-aspect-ratio-1881-759-1536x620.png 1536w\" sizes=\"100vw\"\n                            alt=\"\" \/>\n                    <\/figure>\n                                        <div class=\"hp-slider__details\">\n                                                <p class=\"hp-slider__description xxs-heading\">\n                            Ohne Warten: Termin im Jobcenter K\u00f6ln vereinbaren                        <\/p>\n                                            <\/div>\n                    <\/a><a id=\"\" class=\"hp-slider__slide hp-slider__slide--image\" href=\"https:\/\/www.jobcenterkoeln.de\/online\/jobcenter-digital\/\" title=\"jobcenter.digital\" target=\"_self\">                    <figure class=\"hp-slider__figure figure\">\n                        <img class=\"hp-slider__image img-fluid owl-lazy\" data-attachment-id=\"28459\" data-src=\"https:\/\/www.jobcenterkoeln.de\/wp-content\/uploads\/2024\/11\/jo.di_-1024x404.png\"\n                            srcset=\"https:\/\/www.jobcenterkoeln.de\/wp-content\/uploads\/2024\/11\/jo.di_.png 1920w, https:\/\/www.jobcenterkoeln.de\/wp-content\/uploads\/2024\/11\/jo.di_-300x118.png 300w, https:\/\/www.jobcenterkoeln.de\/wp-content\/uploads\/2024\/11\/jo.di_-1024x404.png 1024w, https:\/\/www.jobcenterkoeln.de\/wp-content\/uploads\/2024\/11\/jo.di_-768x303.png 768w, https:\/\/www.jobcenterkoeln.de\/wp-content\/uploads\/2024\/11\/jo.di_-1536x606.png 1536w\" sizes=\"100vw\"\n                            alt=\"\" \/>\n                    <\/figure>\n                                        <div class=\"hp-slider__details\">\n                                                <p class=\"hp-slider__description xxs-heading\">\n                            Ohne Papier: Nachrichten und Unterlagen an das Jobcenter K\u00f6ln schicken                        <\/p>\n                                            <\/div>\n                    <\/a>            <\/div>\n                    <\/div>\n    <\/div>\n<\/div>\n\n\r\n<div class=\"space\"><\/div>\n\n\n<section class=\"small-teasers-section\" >\n    <div class=\"container\">\n        <div class=\"row pt-3\">\n        <div class=\"col-md-6 col-12 small-teasers-section__col\">\n    <div class=\"small-teaser red   \">\n        <div class=\"small-teaser__pic red\">\n            <img decoding=\"async\" class=\"small-teaser__image img-fluid\" data-attachment-id=\"27551\" src=\"https:\/\/www.jobcenterkoeln.de\/wp-content\/uploads\/2024\/03\/icon_news_rot-1024x1024.png\" srcset=\"https:\/\/www.jobcenterkoeln.de\/wp-content\/uploads\/2024\/03\/icon_news_rot.png 1920w, https:\/\/www.jobcenterkoeln.de\/wp-content\/uploads\/2024\/03\/icon_news_rot-300x300.png 300w, https:\/\/www.jobcenterkoeln.de\/wp-content\/uploads\/2024\/03\/icon_news_rot-1024x1024.png 1024w, https:\/\/www.jobcenterkoeln.de\/wp-content\/uploads\/2024\/03\/icon_news_rot-150x150.png 150w, https:\/\/www.jobcenterkoeln.de\/wp-content\/uploads\/2024\/03\/icon_news_rot-768x768.png 768w, https:\/\/www.jobcenterkoeln.de\/wp-content\/uploads\/2024\/03\/icon_news_rot-1536x1536.png 1536w\" sizes=\"100vw\" alt=\"\" \/>\n        <\/div>\n                    <div class=\"small-teaser__body \">\n                                    <p class=\"small-teaser__heading card-title s-heading\">\n                        Neuigkeiten                    <\/p>\n                                <\/div>\n                            <a href=\"https:\/\/www.jobcenterkoeln.de\/news\/\" target=\"\" class=\" small-teaser__arrow red stretched-link\" aria-label=\"News\">\n                    <svg class=\"red\" width=\"15\" height=\"16\" viewBox=\"0 0 15 16\" fill=\"none\" xmlns=\"http:\/\/www.w3.org\/2000\/svg\">\n                        <path d=\"M0 8H14\" stroke=\"white\" stroke-width=\"1.5\" stroke-linejoin=\"round\"\/>\n                        <path d=\"M7 1L14 8L7 15\" stroke=\"white\" stroke-width=\"1.5\" stroke-linejoin=\"round\"\/>\n                    <\/svg>\n                <\/a>\n                    <\/div>\n<\/div><div class=\"col-md-6 col-12 small-teasers-section__col\">\n    <div class=\"small-teaser red   \">\n        <div class=\"small-teaser__pic red\">\n            <img decoding=\"async\" class=\"small-teaser__image img-fluid\" data-attachment-id=\"30046\" src=\"https:\/\/www.jobcenterkoeln.de\/wp-content\/uploads\/2026\/02\/icon_kalender_2026.png\" srcset=\"https:\/\/www.jobcenterkoeln.de\/wp-content\/uploads\/2026\/02\/icon_kalender_2026.png 200w, https:\/\/www.jobcenterkoeln.de\/wp-content\/uploads\/2026\/02\/icon_kalender_2026-150x150.png 150w\" sizes=\"100vw\" alt=\"\" \/>\n        <\/div>\n                    <div class=\"small-teaser__body \">\n                                    <p class=\"small-teaser__heading card-title s-heading\">\n                        Veranstaltungen                    <\/p>\n                                <\/div>\n                            <a href=\"https:\/\/www.jobcenterkoeln.de\/veranstaltungen\/\" target=\"\" class=\" small-teaser__arrow red stretched-link\" aria-label=\"Veranstaltungen\">\n                    <svg class=\"red\" width=\"15\" height=\"16\" viewBox=\"0 0 15 16\" fill=\"none\" xmlns=\"http:\/\/www.w3.org\/2000\/svg\">\n                        <path d=\"M0 8H14\" stroke=\"white\" stroke-width=\"1.5\" stroke-linejoin=\"round\"\/>\n                        <path d=\"M7 1L14 8L7 15\" stroke=\"white\" stroke-width=\"1.5\" stroke-linejoin=\"round\"\/>\n                    <\/svg>\n                <\/a>\n                    <\/div>\n<\/div>        <\/div>\n    <\/div>\n<\/section>\n\n\r\n<div class=\"space\"><\/div>\n\n    <h3 class=\"m-heading text-left container\" id=\"\">Ihre Meinung ist uns wichtig<\/h3>\r\n    \n\n\n<section class=\"small-teasers-section\" >\n    <div class=\"container\">\n        <div class=\"row pt-3\">\n        <div class=\"col-md-6 col-12 small-teasers-section__col\">\n    <div class=\"small-teaser flower-blue   \">\n        <div class=\"small-teaser__pic flower-blue\">\n            <img decoding=\"async\" class=\"small-teaser__image img-fluid\" data-attachment-id=\"15716\" src=\"https:\/\/www.jobcenterkoeln.de\/wp-content\/uploads\/2020\/11\/icon_fragen_dunkelblau-1.svg\" srcset=\"\" sizes=\"100vw\" alt=\"\" \/>\n        <\/div>\n                <div class=\"small-teaser__body-wrap\">\n                    <div class=\"small-teaser__body small-teaser__body--margin\">\n                                    <p class=\"small-teaser__heading card-title s-heading\">\n                        Umfrage &#8211; Erreichbarkeit des Jobcenter K\u00f6ln                    <\/p>\n                                <\/div>\n                            <div class=\"small-teaser__button-wrap\">\n                    <a href=\"http:\/\/www.jobcenterkoeln.de\/umfrage-erreichbarkeit-des-jobcenter-koeln\" target=\"\" class=\" small-teaser__link stretched-link\">\n                        <span class=\"small-teaser__link-text\">\n                            jetzt teilnehmen                        <\/span>\n                        <div class=\"small-teaser__link-arrow flower-blue\">\n                            <svg class=\"flower-blue\" width=\"15\" height=\"16\" viewBox=\"0 0 15 16\" fill=\"none\" xmlns=\"http:\/\/www.w3.org\/2000\/svg\">\n                                <path d=\"M0 8H14\" stroke=\"white\" stroke-width=\"1.5\" stroke-linejoin=\"round\"\/>\n                                <path d=\"M7 1L14 8L7 15\" stroke=\"white\" stroke-width=\"1.5\" stroke-linejoin=\"round\"\/>\n                            <\/svg>\n                        <\/div>\n                    <\/a>\n                <\/div>\n                        <\/div>\n            <\/div>\n<\/div><div class=\"col-md-6 col-12 small-teasers-section__col\">\n    <div class=\"small-teaser flower-blue   \">\n        <div class=\"small-teaser__pic flower-blue\">\n            <img decoding=\"async\" class=\"small-teaser__image img-fluid\" data-attachment-id=\"15716\" src=\"https:\/\/www.jobcenterkoeln.de\/wp-content\/uploads\/2020\/11\/icon_fragen_dunkelblau-1.svg\" srcset=\"\" sizes=\"100vw\" alt=\"\" \/>\n        <\/div>\n                <div class=\"small-teaser__body-wrap\">\n                    <div class=\"small-teaser__body small-teaser__body--margin\">\n                                    <p class=\"small-teaser__heading card-title s-heading\">\n                        Umfrage \u2013 digitale Angebote                    <\/p>\n                                <\/div>\n                            <div class=\"small-teaser__button-wrap\">\n                    <a href=\"https:\/\/www.jobcenterkoeln.de\/umfrage-digitale-angebote\" target=\"\" class=\" small-teaser__link stretched-link\">\n                        <span class=\"small-teaser__link-text\">\n                            jetzt teilnehmen                        <\/span>\n                        <div class=\"small-teaser__link-arrow flower-blue\">\n                            <svg class=\"flower-blue\" width=\"15\" height=\"16\" viewBox=\"0 0 15 16\" fill=\"none\" xmlns=\"http:\/\/www.w3.org\/2000\/svg\">\n                                <path d=\"M0 8H14\" stroke=\"white\" stroke-width=\"1.5\" stroke-linejoin=\"round\"\/>\n                                <path d=\"M7 1L14 8L7 15\" stroke=\"white\" stroke-width=\"1.5\" stroke-linejoin=\"round\"\/>\n                            <\/svg>\n                        <\/div>\n                    <\/a>\n                <\/div>\n                        <\/div>\n            <\/div>\n<\/div>        <\/div>\n    <\/div>\n<\/section>\n\n\n<section class=\"small-teasers-section\" >\n    <div class=\"container\">\n        <div class=\"row pt-3\">\n        <div class=\" col-12 small-teasers-section__col\">\n    <div class=\"small-teaser flower-blue  small-teaser--fullwidth \">\n        <div class=\"small-teaser__pic flower-blue\">\n            <img decoding=\"async\" class=\"small-teaser__image img-fluid\" data-attachment-id=\"16512\" src=\"https:\/\/www.jobcenterkoeln.de\/wp-content\/uploads\/2022\/03\/Icon_480x480.png\" srcset=\"https:\/\/www.jobcenterkoeln.de\/wp-content\/uploads\/2022\/03\/Icon_480x480.png 480w, https:\/\/www.jobcenterkoeln.de\/wp-content\/uploads\/2022\/03\/Icon_480x480-300x300.png 300w, https:\/\/www.jobcenterkoeln.de\/wp-content\/uploads\/2022\/03\/Icon_480x480-150x150.png 150w\" sizes=\"100vw\" alt=\"\" \/>\n        <\/div>\n                <div class=\"small-teaser__body-wrap\">\n                    <div class=\"small-teaser__body small-teaser__body--margin\">\n                                    <p class=\"small-teaser__heading card-title s-heading\">\n                        Kund*innenbeirat \u2013 machen Sie mit                    <\/p>\n                                        <div class=\"small-teaser__description\"><p>Sie m\u00f6chten uns dabei helfen, uns weiterzuentwickeln und zu verbessern? Dann bewerben Sie sich f\u00fcr den Kund*innenbeirat.<\/p>\n<\/div>\n                                <\/div>\n                            <div class=\"small-teaser__button-wrap\">\n                    <a href=\"https:\/\/www.jobcenterkoeln.de\/kund-innenbeirat\/\" target=\"\" class=\" small-teaser__link stretched-link\">\n                        <span class=\"small-teaser__link-text\">\n                                                    <\/span>\n                        <div class=\"small-teaser__link-arrow flower-blue\">\n                            <svg class=\"flower-blue\" width=\"15\" height=\"16\" viewBox=\"0 0 15 16\" fill=\"none\" xmlns=\"http:\/\/www.w3.org\/2000\/svg\">\n                                <path d=\"M0 8H14\" stroke=\"white\" stroke-width=\"1.5\" stroke-linejoin=\"round\"\/>\n                                <path d=\"M7 1L14 8L7 15\" stroke=\"white\" stroke-width=\"1.5\" stroke-linejoin=\"round\"\/>\n                            <\/svg>\n                        <\/div>\n                    <\/a>\n                <\/div>\n                        <\/div>\n            <\/div>\n<\/div>        <\/div>\n    <\/div>\n<\/section>\n\n\r\n<div class=\"space\"><\/div>\n\n\n<section class=\"small-teasers-section\" >\n    <div class=\"container\">\n        <div class=\"row pt-3\">\n        <div class=\"col-md-6 col-12 small-teasers-section__col\">\n    <div class=\"small-teaser sky-blue   \">\n        <div class=\"small-teaser__pic sky-blue\">\n            <img decoding=\"async\" class=\"small-teaser__image img-fluid\" data-attachment-id=\"14242\" src=\"https:\/\/www.jobcenterkoeln.de\/wp-content\/uploads\/2020\/10\/icon_info.svg\" srcset=\"\" sizes=\"100vw\" alt=\"\" \/>\n        <\/div>\n                    <div class=\"small-teaser__body \">\n                                    <p class=\"small-teaser__heading card-title s-heading\">\n                        Infos zum B\u00fcrgergeld                    <\/p>\n                                        <div class=\"small-teaser__description\"><p>\u00dcbersicht der wichtigsten Infos zum B\u00fcrgergeld, unverbindlicher Rechner, etc.<\/p>\n<\/div>\n                                <\/div>\n                            <a href=\"https:\/\/www.jobcenterkoeln.de\/buergergeld\/\" target=\"\" class=\" small-teaser__arrow sky-blue stretched-link\" aria-label=\"B\u00fcrgergeld\">\n                    <svg class=\"sky-blue\" width=\"15\" height=\"16\" viewBox=\"0 0 15 16\" fill=\"none\" xmlns=\"http:\/\/www.w3.org\/2000\/svg\">\n                        <path d=\"M0 8H14\" stroke=\"white\" stroke-width=\"1.5\" stroke-linejoin=\"round\"\/>\n                        <path d=\"M7 1L14 8L7 15\" stroke=\"white\" stroke-width=\"1.5\" stroke-linejoin=\"round\"\/>\n                    <\/svg>\n                <\/a>\n                    <\/div>\n<\/div><div class=\"col-md-6 col-12 small-teasers-section__col\">\n    <div class=\"small-teaser sky-blue   \">\n        <div class=\"small-teaser__pic sky-blue\">\n            <img decoding=\"async\" class=\"small-teaser__image img-fluid\" data-attachment-id=\"14242\" src=\"https:\/\/www.jobcenterkoeln.de\/wp-content\/uploads\/2020\/10\/icon_info.svg\" srcset=\"\" sizes=\"100vw\" alt=\"\" \/>\n        <\/div>\n                    <div class=\"small-teaser__body \">\n                                    <p class=\"small-teaser__heading card-title s-heading\">\n                        Erkl\u00e4rvideos zum B\u00fcrgergeld                    <\/p>\n                                        <div class=\"small-teaser__description\"><p>Kurze Videos in mehreren Sprachen rund um B\u00fcrgergeld und Jobcenter K\u00f6ln<\/p>\n<\/div>\n                                <\/div>\n                            <a href=\"https:\/\/www.jobcenterkoeln.de\/erklaervideos\/\" target=\"\" class=\" small-teaser__arrow sky-blue stretched-link\" aria-label=\"Erkl\u00e4rvideos\">\n                    <svg class=\"sky-blue\" width=\"15\" height=\"16\" viewBox=\"0 0 15 16\" fill=\"none\" xmlns=\"http:\/\/www.w3.org\/2000\/svg\">\n                        <path d=\"M0 8H14\" stroke=\"white\" stroke-width=\"1.5\" stroke-linejoin=\"round\"\/>\n                        <path d=\"M7 1L14 8L7 15\" stroke=\"white\" stroke-width=\"1.5\" stroke-linejoin=\"round\"\/>\n                    <\/svg>\n                <\/a>\n                    <\/div>\n<\/div><div class=\"col-md-6 col-12 small-teasers-section__col\">\n    <div class=\"small-teaser yellow   \">\n        <div class=\"small-teaser__pic yellow\">\n            <img decoding=\"async\" class=\"small-teaser__image img-fluid\" data-attachment-id=\"14242\" src=\"https:\/\/www.jobcenterkoeln.de\/wp-content\/uploads\/2020\/10\/icon_info.svg\" srcset=\"\" sizes=\"100vw\" alt=\"\" \/>\n        <\/div>\n                    <div class=\"small-teaser__body \">\n                                    <p class=\"small-teaser__heading card-title s-heading\">\n                        Antrag auf Wohnungs&shy;beschaffungs&shy;hilfen                    <\/p>\n                                        <div class=\"small-teaser__description\"><p>Informationen zu Antr\u00e4gen auf \u00dcbernahme von Mietkautionen, Sicherheitsleistungen oder Genossenschaftsanteilen<\/p>\n<\/div>\n                                <\/div>\n                            <a href=\"https:\/\/www.jobcenterkoeln.de\/geld-zum-wohnen\/#wbh\" target=\"\" class=\" small-teaser__arrow yellow stretched-link\" aria-label=\"mehr lesen\">\n                    <svg class=\"yellow\" width=\"15\" height=\"16\" viewBox=\"0 0 15 16\" fill=\"none\" xmlns=\"http:\/\/www.w3.org\/2000\/svg\">\n                        <path d=\"M0 8H14\" stroke=\"white\" stroke-width=\"1.5\" stroke-linejoin=\"round\"\/>\n                        <path d=\"M7 1L14 8L7 15\" stroke=\"white\" stroke-width=\"1.5\" stroke-linejoin=\"round\"\/>\n                    <\/svg>\n                <\/a>\n                    <\/div>\n<\/div><div class=\"col-md-6 col-12 small-teasers-section__col\">\n    <div class=\"small-teaser yellow   \">\n        <div class=\"small-teaser__pic yellow\">\n            <img decoding=\"async\" class=\"small-teaser__image img-fluid\" data-attachment-id=\"14242\" src=\"https:\/\/www.jobcenterkoeln.de\/wp-content\/uploads\/2020\/10\/icon_info.svg\" srcset=\"\" sizes=\"100vw\" alt=\"\" \/>\n        <\/div>\n                    <div class=\"small-teaser__body \">\n                                    <p class=\"small-teaser__heading card-title s-heading\">\n                        Hohe Kosten f\u00fcr Strom oder Heizung?                    <\/p>\n                                        <div class=\"small-teaser__description\"><p>Sie k\u00f6nnen eine Nachzahlung Ihrer Stromkosten oder der Heizkosten-Abschl\u00e4ge nicht bezahlen?<\/p>\n<\/div>\n                                <\/div>\n                            <a href=\"https:\/\/www.jobcenterkoeln.de\/geld-zum-wohnen\/#energie\" target=\"\" class=\" small-teaser__arrow yellow stretched-link\" aria-label=\"Informationen zu Energiekosten\">\n                    <svg class=\"yellow\" width=\"15\" height=\"16\" viewBox=\"0 0 15 16\" fill=\"none\" xmlns=\"http:\/\/www.w3.org\/2000\/svg\">\n                        <path d=\"M0 8H14\" stroke=\"white\" stroke-width=\"1.5\" stroke-linejoin=\"round\"\/>\n                        <path d=\"M7 1L14 8L7 15\" stroke=\"white\" stroke-width=\"1.5\" stroke-linejoin=\"round\"\/>\n                    <\/svg>\n                <\/a>\n                    <\/div>\n<\/div>        <\/div>\n    <\/div>\n<\/section>\n\n\n<section class=\"small-teasers-section\" >\n    <div class=\"container\">\n        <div class=\"row pt-3\">\n        <div class=\"col-md-6 col-12 small-teasers-section__col\">\n    <div class=\"small-teaser yellow   \">\n        <div class=\"small-teaser__pic yellow\">\n            <img decoding=\"async\" class=\"small-teaser__image img-fluid\" data-attachment-id=\"16015\" src=\"https:\/\/www.jobcenterkoeln.de\/wp-content\/uploads\/2020\/11\/icon_success_dunkelgrau_circle.svg\" srcset=\"\" sizes=\"100vw\" alt=\"\" \/>\n        <\/div>\n                    <div class=\"small-teaser__body \">\n                                    <p class=\"small-teaser__heading card-title s-heading\">\n                        Neuantrag stellen                    <\/p>\n                                        <div class=\"small-teaser__description\"><p>Wie stelle ich einen<br \/>\nAntrag auf B\u00fcrgergeld?<\/p>\n<\/div>\n                                <\/div>\n                            <a href=\"https:\/\/www.jobcenterkoeln.de\/neuantrag-stellen\" target=\"\" class=\" small-teaser__arrow yellow stretched-link\" aria-label=\"Neuantrag stellen\">\n                    <svg class=\"yellow\" width=\"15\" height=\"16\" viewBox=\"0 0 15 16\" fill=\"none\" xmlns=\"http:\/\/www.w3.org\/2000\/svg\">\n                        <path d=\"M0 8H14\" stroke=\"white\" stroke-width=\"1.5\" stroke-linejoin=\"round\"\/>\n                        <path d=\"M7 1L14 8L7 15\" stroke=\"white\" stroke-width=\"1.5\" stroke-linejoin=\"round\"\/>\n                    <\/svg>\n                <\/a>\n                    <\/div>\n<\/div><div class=\"col-md-6 col-12 small-teasers-section__col\">\n    <div class=\"small-teaser red   \">\n        <div class=\"small-teaser__pic red\">\n            <img decoding=\"async\" class=\"small-teaser__image img-fluid\" data-attachment-id=\"14239\" src=\"https:\/\/www.jobcenterkoeln.de\/wp-content\/uploads\/2020\/10\/icon_eServices.svg\" srcset=\"\" sizes=\"100vw\" alt=\"\" \/>\n        <\/div>\n                    <div class=\"small-teaser__body \">\n                                    <p class=\"small-teaser__heading card-title s-heading\">\n                        Online-Services                    <\/p>\n                                        <div class=\"small-teaser__description\"><p>Infos zu jobcenter.digital, Terminbuchung und Jobcenter-App<\/p>\n<\/div>\n                                <\/div>\n                            <a href=\"https:\/\/www.jobcenterkoeln.de\/online\/\" target=\"\" class=\" small-teaser__arrow red stretched-link\" aria-label=\"Services von jobcenter.digital\">\n                    <svg class=\"red\" width=\"15\" height=\"16\" viewBox=\"0 0 15 16\" fill=\"none\" xmlns=\"http:\/\/www.w3.org\/2000\/svg\">\n                        <path d=\"M0 8H14\" stroke=\"white\" stroke-width=\"1.5\" stroke-linejoin=\"round\"\/>\n                        <path d=\"M7 1L14 8L7 15\" stroke=\"white\" stroke-width=\"1.5\" stroke-linejoin=\"round\"\/>\n                    <\/svg>\n                <\/a>\n                    <\/div>\n<\/div><div class=\"col-md-6 col-12 small-teasers-section__col\">\n    <div class=\"small-teaser red   \">\n        <div class=\"small-teaser__pic red\">\n            <img decoding=\"async\" class=\"small-teaser__image img-fluid\" data-attachment-id=\"14238\" src=\"https:\/\/www.jobcenterkoeln.de\/wp-content\/uploads\/2020\/10\/icon_contact.svg\" srcset=\"\" sizes=\"100vw\" alt=\"\" \/>\n        <\/div>\n                    <div class=\"small-teaser__body \">\n                                    <p class=\"small-teaser__heading card-title s-heading\">\n                        Kontakt                    <\/p>\n                                        <div class=\"small-teaser__description\"><p>Adressen und Telefonnummern vom Jobcenter K\u00f6ln<\/p>\n<\/div>\n                                <\/div>\n                            <a href=\"https:\/\/www.jobcenterkoeln.de\/kontakt\/\" target=\"\" class=\" small-teaser__arrow red stretched-link\" aria-label=\"Kontakt zum Jobcenter K\u00f6ln\">\n                    <svg class=\"red\" width=\"15\" height=\"16\" viewBox=\"0 0 15 16\" fill=\"none\" xmlns=\"http:\/\/www.w3.org\/2000\/svg\">\n                        <path d=\"M0 8H14\" stroke=\"white\" stroke-width=\"1.5\" stroke-linejoin=\"round\"\/>\n                        <path d=\"M7 1L14 8L7 15\" stroke=\"white\" stroke-width=\"1.5\" stroke-linejoin=\"round\"\/>\n                    <\/svg>\n                <\/a>\n                    <\/div>\n<\/div><div class=\"col-md-6 col-12 small-teasers-section__col\">\n    <div class=\"small-teaser red   \">\n        <div class=\"small-teaser__pic red\">\n            <img decoding=\"async\" class=\"small-teaser__image img-fluid\" data-attachment-id=\"16017\" src=\"https:\/\/www.jobcenterkoeln.de\/wp-content\/uploads\/2020\/11\/icon_timing_dunkelgrau_circle.svg\" srcset=\"\" sizes=\"100vw\" alt=\"\" \/>\n        <\/div>\n                    <div class=\"small-teaser__body \">\n                                    <p class=\"small-teaser__heading card-title s-heading\">\n                        Terminbuchung                    <\/p>\n                                        <div class=\"small-teaser__description\"><p>Buchen Sie jetzt einen Termin mit Ihrem Jobcenter K\u00f6ln-Standort<\/p>\n<\/div>\n                                <\/div>\n                            <a href=\"https:\/\/www.jobcenterkoeln.de\/termine\/\" target=\"\" class=\" small-teaser__arrow red stretched-link\" aria-label=\"Termin\u00advereinbarung\">\n                    <svg class=\"red\" width=\"15\" height=\"16\" viewBox=\"0 0 15 16\" fill=\"none\" xmlns=\"http:\/\/www.w3.org\/2000\/svg\">\n                        <path d=\"M0 8H14\" stroke=\"white\" stroke-width=\"1.5\" stroke-linejoin=\"round\"\/>\n                        <path d=\"M7 1L14 8L7 15\" stroke=\"white\" stroke-width=\"1.5\" stroke-linejoin=\"round\"\/>\n                    <\/svg>\n                <\/a>\n                    <\/div>\n<\/div><div class=\"col-md-6 col-12 small-teasers-section__col\">\n    <div class=\"small-teaser green   \">\n        <div class=\"small-teaser__pic green\">\n            <img decoding=\"async\" class=\"small-teaser__image img-fluid\" data-attachment-id=\"16018\" src=\"https:\/\/www.jobcenterkoeln.de\/wp-content\/uploads\/2020\/11\/icon_vermittlung_dunkelgrau_circle.svg\" srcset=\"\" sizes=\"100vw\" alt=\"\" \/>\n        <\/div>\n                    <div class=\"small-teaser__body \">\n                                    <p class=\"small-teaser__heading card-title s-heading\">\n                        Arbeit &#038; Weiterbildung                    <\/p>\n                                        <div class=\"small-teaser__description\"><p>Beratung, Unterst\u00fctzung und \u00dcbersicht zu Weiterbildungs\u00adangeboten<\/p>\n<\/div>\n                                <\/div>\n                            <a href=\"https:\/\/www.jobcenterkoeln.de\/beratung-hilfe\/\" target=\"\" class=\" small-teaser__arrow green stretched-link\" aria-label=\"Arbeit &#038; Weiterbildung\">\n                    <svg class=\"green\" width=\"15\" height=\"16\" viewBox=\"0 0 15 16\" fill=\"none\" xmlns=\"http:\/\/www.w3.org\/2000\/svg\">\n                        <path d=\"M0 8H14\" stroke=\"white\" stroke-width=\"1.5\" stroke-linejoin=\"round\"\/>\n                        <path d=\"M7 1L14 8L7 15\" stroke=\"white\" stroke-width=\"1.5\" stroke-linejoin=\"round\"\/>\n                    <\/svg>\n                <\/a>\n                    <\/div>\n<\/div><div class=\"col-md-6 col-12 small-teasers-section__col\">\n    <div class=\"small-teaser sky-blue   \">\n        <div class=\"small-teaser__pic sky-blue\">\n            <img decoding=\"async\" class=\"small-teaser__image img-fluid\" data-attachment-id=\"14241\" src=\"https:\/\/www.jobcenterkoeln.de\/wp-content\/uploads\/2020\/10\/icon_formulare.svg\" srcset=\"\" sizes=\"100vw\" alt=\"\" \/>\n        <\/div>\n                    <div class=\"small-teaser__body \">\n                                    <p class=\"small-teaser__heading card-title s-heading\">\n                        Downloads                    <\/p>\n                                        <div class=\"small-teaser__description\"><p>Antr\u00e4ge und Formulare<br \/>\nzum Herunterladen<\/p>\n<\/div>\n                                <\/div>\n                            <a href=\"https:\/\/www.jobcenterkoeln.de\/downloads\/\" target=\"\" class=\" small-teaser__arrow sky-blue stretched-link\" aria-label=\"Formulare und Ausf\u00fcllhilfen zum Herunterladen\">\n                    <svg class=\"sky-blue\" width=\"15\" height=\"16\" viewBox=\"0 0 15 16\" fill=\"none\" xmlns=\"http:\/\/www.w3.org\/2000\/svg\">\n                        <path d=\"M0 8H14\" stroke=\"white\" stroke-width=\"1.5\" stroke-linejoin=\"round\"\/>\n                        <path d=\"M7 1L14 8L7 15\" stroke=\"white\" stroke-width=\"1.5\" stroke-linejoin=\"round\"\/>\n                    <\/svg>\n                <\/a>\n                    <\/div>\n<\/div>        <\/div>\n    <\/div>\n<\/section>\n\n\r\n<div class=\"space\"><\/div>\n\n<div class=\"container\">\r\n    <div class=\"locations-module\">\r\n                    <p class=\"m-heading locations-module__headline\">So erreichen Sie das Jobcenter K\u00f6ln:<\/p>\r\n            <p class=\"small-teaser__description\">Welcher Standort f\u00fcr Sie zust\u00e4ndig ist, h\u00e4ngt von Ihrer Postleitzahl und Ihrem Alter ab. Wenn Sie sich nicht sicher sind, k\u00f6nnen Sie unseren <a href=\"https:\/\/www.jobcenterkoeln.de\/kontakt\/#standorte\">Standortfinder<\/a> nutzen.<\/p>\r\n                    <div class=\"locations-module__wrap\">\r\n                    <div class=\"location\">\n            <div class=\"location__image\">\n                <div class=\"location__image-wrap\" style=\"background-image: url('https:\/\/www.jobcenterkoeln.de\/wp-content\/uploads\/2025\/01\/Jobcenter-App_Logo_small.png');\"><\/div>\n            <\/div>\n            <div class=\"location__content\">\n                                <p class=\"location__overline xs-heading\">Standort<\/p>\n                                <p class=\"location__title s-heading\">Jobcenter-App<\/p>\n                \n            <\/div>\n            <a class=\"location__arrow red stretched-link\" aria-label=\"Zum Gesch\u00e4ftsbereich\" href=\"https:\/\/www.jobcenterkoeln.de\/standorte\/#jobcenter-koeln-app\">\n                <svg class=\"red\" width=\"15\" height=\"16\" viewBox=\"0 0 15 16\" fill=\"none\" xmlns=\"http:\/\/www.w3.org\/2000\/svg\">\n                    <path d=\"M0 8H14\" stroke=\"white\" stroke-width=\"1.5\" stroke-linejoin=\"round\"\/>\n                    <path d=\"M7 1L14 8L7 15\" stroke=\"white\" stroke-width=\"1.5\" stroke-linejoin=\"round\"\/>\n                <\/svg>\n            <\/a>\n        <\/div>\n                <div class=\"location\">\n            <div class=\"location__image\">\n                <div class=\"location__image-wrap\" style=\"background-image: url('https:\/\/www.jobcenterkoeln.de\/wp-content\/uploads\/2020\/11\/u25-1.png');\"><\/div>\n            <\/div>\n            <div class=\"location__content\">\n                                <p class=\"location__overline xs-heading\">Standort<\/p>\n                                <p class=\"location__title s-heading\">U25 (f\u00fcr unter 25-J\u00e4hrige)<\/p>\n                \n            <\/div>\n            <a class=\"location__arrow red stretched-link\" aria-label=\"Zum Gesch\u00e4ftsbereich\" href=\"https:\/\/www.jobcenterkoeln.de\/standorte\/#u25\">\n                <svg class=\"red\" width=\"15\" height=\"16\" viewBox=\"0 0 15 16\" fill=\"none\" xmlns=\"http:\/\/www.w3.org\/2000\/svg\">\n                    <path d=\"M0 8H14\" stroke=\"white\" stroke-width=\"1.5\" stroke-linejoin=\"round\"\/>\n                    <path d=\"M7 1L14 8L7 15\" stroke=\"white\" stroke-width=\"1.5\" stroke-linejoin=\"round\"\/>\n                <\/svg>\n            <\/a>\n        <\/div>\n                <div class=\"location\">\n            <div class=\"location__image\">\n                <div class=\"location__image-wrap\" style=\"background-image: url('https:\/\/www.jobcenterkoeln.de\/wp-content\/uploads\/2020\/11\/kalk.jpg');\"><\/div>\n            <\/div>\n            <div class=\"location__content\">\n                                <p class=\"location__overline xs-heading\">Standort<\/p>\n                                <p class=\"location__title s-heading\">Kalk<\/p>\n                \n            <\/div>\n            <a class=\"location__arrow red stretched-link\" aria-label=\"Zum Gesch\u00e4ftsbereich\" href=\"https:\/\/www.jobcenterkoeln.de\/standorte\/#kalk\">\n                <svg class=\"red\" width=\"15\" height=\"16\" viewBox=\"0 0 15 16\" fill=\"none\" xmlns=\"http:\/\/www.w3.org\/2000\/svg\">\n                    <path d=\"M0 8H14\" stroke=\"white\" stroke-width=\"1.5\" stroke-linejoin=\"round\"\/>\n                    <path d=\"M7 1L14 8L7 15\" stroke=\"white\" stroke-width=\"1.5\" stroke-linejoin=\"round\"\/>\n                <\/svg>\n            <\/a>\n        <\/div>\n                <div class=\"location\">\n            <div class=\"location__image\">\n                <div class=\"location__image-wrap\" style=\"background-image: url('https:\/\/www.jobcenterkoeln.de\/wp-content\/uploads\/2020\/11\/mitte.jpg');\"><\/div>\n            <\/div>\n            <div class=\"location__content\">\n                                <p class=\"location__overline xs-heading\">Standort<\/p>\n                                <p class=\"location__title s-heading\">Mitte<\/p>\n                \n            <\/div>\n            <a class=\"location__arrow red stretched-link\" aria-label=\"Zum Gesch\u00e4ftsbereich\" href=\"https:\/\/www.jobcenterkoeln.de\/standorte\/#mitte\">\n                <svg class=\"red\" width=\"15\" height=\"16\" viewBox=\"0 0 15 16\" fill=\"none\" xmlns=\"http:\/\/www.w3.org\/2000\/svg\">\n                    <path d=\"M0 8H14\" stroke=\"white\" stroke-width=\"1.5\" stroke-linejoin=\"round\"\/>\n                    <path d=\"M7 1L14 8L7 15\" stroke=\"white\" stroke-width=\"1.5\" stroke-linejoin=\"round\"\/>\n                <\/svg>\n            <\/a>\n        <\/div>\n                <div class=\"location\">\n            <div class=\"location__image\">\n                <div class=\"location__image-wrap\" style=\"background-image: url('https:\/\/www.jobcenterkoeln.de\/wp-content\/uploads\/2020\/11\/chorweiler.jpg');\"><\/div>\n            <\/div>\n            <div class=\"location__content\">\n                                <p class=\"location__overline xs-heading\">Standort<\/p>\n                                <p class=\"location__title s-heading\">Nord-Chorweiler<\/p>\n                \n            <\/div>\n            <a class=\"location__arrow red stretched-link\" aria-label=\"Zum Gesch\u00e4ftsbereich\" href=\"https:\/\/www.jobcenterkoeln.de\/standorte\/#nord-chorweiler\">\n                <svg class=\"red\" width=\"15\" height=\"16\" viewBox=\"0 0 15 16\" fill=\"none\" xmlns=\"http:\/\/www.w3.org\/2000\/svg\">\n                    <path d=\"M0 8H14\" stroke=\"white\" stroke-width=\"1.5\" stroke-linejoin=\"round\"\/>\n                    <path d=\"M7 1L14 8L7 15\" stroke=\"white\" stroke-width=\"1.5\" stroke-linejoin=\"round\"\/>\n                <\/svg>\n            <\/a>\n        <\/div>\n                <div class=\"location\">\n            <div class=\"location__image\">\n                <div class=\"location__image-wrap\" style=\"background-image: url('https:\/\/www.jobcenterkoeln.de\/wp-content\/uploads\/2020\/11\/nippes.jpg');\"><\/div>\n            <\/div>\n            <div class=\"location__content\">\n                                <p class=\"location__overline xs-heading\">Standort<\/p>\n                                <p class=\"location__title s-heading\">Nord-Nippes<\/p>\n                \n            <\/div>\n            <a class=\"location__arrow red stretched-link\" aria-label=\"Zum Gesch\u00e4ftsbereich\" href=\"https:\/\/www.jobcenterkoeln.de\/standorte\/#nord-nippes\">\n                <svg class=\"red\" width=\"15\" height=\"16\" viewBox=\"0 0 15 16\" fill=\"none\" xmlns=\"http:\/\/www.w3.org\/2000\/svg\">\n                    <path d=\"M0 8H14\" stroke=\"white\" stroke-width=\"1.5\" stroke-linejoin=\"round\"\/>\n                    <path d=\"M7 1L14 8L7 15\" stroke=\"white\" stroke-width=\"1.5\" stroke-linejoin=\"round\"\/>\n                <\/svg>\n            <\/a>\n        <\/div>\n                <div class=\"location\">\n            <div class=\"location__image\">\n                <div class=\"location__image-wrap\" style=\"background-image: url('https:\/\/www.jobcenterkoeln.de\/wp-content\/uploads\/2020\/11\/porz.jpg');\"><\/div>\n            <\/div>\n            <div class=\"location__content\">\n                                <p class=\"location__overline xs-heading\">Standort<\/p>\n                                <p class=\"location__title s-heading\">Porz<\/p>\n                \n            <\/div>\n            <a class=\"location__arrow red stretched-link\" aria-label=\"Zum Gesch\u00e4ftsbereich\" href=\"https:\/\/www.jobcenterkoeln.de\/standorte\/#porz\">\n                <svg class=\"red\" width=\"15\" height=\"16\" viewBox=\"0 0 15 16\" fill=\"none\" xmlns=\"http:\/\/www.w3.org\/2000\/svg\">\n                    <path d=\"M0 8H14\" stroke=\"white\" stroke-width=\"1.5\" stroke-linejoin=\"round\"\/>\n                    <path d=\"M7 1L14 8L7 15\" stroke=\"white\" stroke-width=\"1.5\" stroke-linejoin=\"round\"\/>\n                <\/svg>\n            <\/a>\n        <\/div>\n                <div class=\"location\">\n            <div class=\"location__image\">\n                <div class=\"location__image-wrap\" style=\"background-image: url('https:\/\/www.jobcenterkoeln.de\/wp-content\/uploads\/2020\/11\/mitte.jpg');\"><\/div>\n            <\/div>\n            <div class=\"location__content\">\n                                <p class=\"location__overline xs-heading\">Standort<\/p>\n                                <p class=\"location__title s-heading\">S\u00fcd<\/p>\n                \n            <\/div>\n            <a class=\"location__arrow red stretched-link\" aria-label=\"Zum Gesch\u00e4ftsbereich\" href=\"https:\/\/www.jobcenterkoeln.de\/standorte\/#sued\">\n                <svg class=\"red\" width=\"15\" height=\"16\" viewBox=\"0 0 15 16\" fill=\"none\" xmlns=\"http:\/\/www.w3.org\/2000\/svg\">\n                    <path d=\"M0 8H14\" stroke=\"white\" stroke-width=\"1.5\" stroke-linejoin=\"round\"\/>\n                    <path d=\"M7 1L14 8L7 15\" stroke=\"white\" stroke-width=\"1.5\" stroke-linejoin=\"round\"\/>\n                <\/svg>\n            <\/a>\n        <\/div>\n                <div class=\"location\">\n            <div class=\"location__image\">\n                <div class=\"location__image-wrap\" style=\"background-image: url('https:\/\/www.jobcenterkoeln.de\/wp-content\/uploads\/2020\/11\/muelheim.png');\"><\/div>\n            <\/div>\n            <div class=\"location__content\">\n                                <p class=\"location__overline xs-heading\">Standort<\/p>\n                                <p class=\"location__title s-heading\">M\u00fclheim<\/p>\n                \n            <\/div>\n            <a class=\"location__arrow red stretched-link\" aria-label=\"Zum Gesch\u00e4ftsbereich\" href=\"https:\/\/www.jobcenterkoeln.de\/standorte\/#muelheim\">\n                <svg class=\"red\" width=\"15\" height=\"16\" viewBox=\"0 0 15 16\" fill=\"none\" xmlns=\"http:\/\/www.w3.org\/2000\/svg\">\n                    <path d=\"M0 8H14\" stroke=\"white\" stroke-width=\"1.5\" stroke-linejoin=\"round\"\/>\n                    <path d=\"M7 1L14 8L7 15\" stroke=\"white\" stroke-width=\"1.5\" stroke-linejoin=\"round\"\/>\n                <\/svg>\n            <\/a>\n        <\/div>\n                <\/div>\r\n    <\/div>\r\n<\/div>\n\n\r\n<div class=\"space\"><\/div>\n\n    <h3 class=\"m-heading text-center container\" id=\"\"><img decoding=\"async\" src=\"https:\/\/www.jobcenterkoeln.de\/wp-content\/uploads\/2022\/05\/info.png\" alt=\"Ukraine\" width=\"auto\" height=\"20\" \/> Informationen f\u00fcr Menschen aus der Ukraine <img decoding=\"async\" src=\"https:\/\/www.jobcenterkoeln.de\/wp-content\/uploads\/2022\/05\/info.png\" alt=\"Ukraine\" width=\"auto\" height=\"20\" \/><\/h3>\r\n    \n\n\n<section class=\"small-teasers-section\" >\n    <div class=\"container\">\n        <div class=\"row pt-3\">\n        <div class=\"col-md-6 col-12 small-teasers-section__col\">\n    <div class=\"small-teaser flower-blue   \">\n        <div class=\"small-teaser__pic flower-blue\">\n            <img decoding=\"async\" class=\"small-teaser__image img-fluid\" data-attachment-id=\"18687\" src=\"https:\/\/www.jobcenterkoeln.de\/wp-content\/uploads\/2022\/07\/Fotolia_192565650_L-1024x680.jpg\" srcset=\"https:\/\/www.jobcenterkoeln.de\/wp-content\/uploads\/2022\/07\/Fotolia_192565650_L.jpg 2360w, https:\/\/www.jobcenterkoeln.de\/wp-content\/uploads\/2022\/07\/Fotolia_192565650_L-300x199.jpg 300w, https:\/\/www.jobcenterkoeln.de\/wp-content\/uploads\/2022\/07\/Fotolia_192565650_L-1024x680.jpg 1024w, https:\/\/www.jobcenterkoeln.de\/wp-content\/uploads\/2022\/07\/Fotolia_192565650_L-768x510.jpg 768w, https:\/\/www.jobcenterkoeln.de\/wp-content\/uploads\/2022\/07\/Fotolia_192565650_L-1536x1021.jpg 1536w, https:\/\/www.jobcenterkoeln.de\/wp-content\/uploads\/2022\/07\/Fotolia_192565650_L-2048x1361.jpg 2048w\" sizes=\"100vw\" alt=\"\" \/>\n        <\/div>\n                    <div class=\"small-teaser__body \">\n                                    <p class=\"small-teaser__heading card-title s-heading\">\n                        Geld                    <\/p>\n                                        <div class=\"small-teaser__description\"><p>Informationen zur Grundsicherung f\u00fcr Arbeitslose und finanzielle Hilfen<\/p>\n<\/div>\n                                <\/div>\n                            <a href=\"https:\/\/www.jobcenterkoeln.de\/ukraine-geld\/\" target=\"\" class=\" small-teaser__arrow flower-blue stretched-link\" aria-label=\"Ukraine Leistung\">\n                    <svg class=\"flower-blue\" width=\"15\" height=\"16\" viewBox=\"0 0 15 16\" fill=\"none\" xmlns=\"http:\/\/www.w3.org\/2000\/svg\">\n                        <path d=\"M0 8H14\" stroke=\"white\" stroke-width=\"1.5\" stroke-linejoin=\"round\"\/>\n                        <path d=\"M7 1L14 8L7 15\" stroke=\"white\" stroke-width=\"1.5\" stroke-linejoin=\"round\"\/>\n                    <\/svg>\n                <\/a>\n                    <\/div>\n<\/div><div class=\"col-md-6 col-12 small-teasers-section__col\">\n    <div class=\"small-teaser flower-blue   \">\n        <div class=\"small-teaser__pic flower-blue\">\n            <img decoding=\"async\" class=\"small-teaser__image img-fluid\" data-attachment-id=\"14293\" src=\"https:\/\/www.jobcenterkoeln.de\/wp-content\/uploads\/2020\/11\/amy-hirschi-izxMVv2Z9dw-unsplash-1024x683.jpg\" srcset=\"https:\/\/www.jobcenterkoeln.de\/wp-content\/uploads\/2020\/11\/amy-hirschi-izxMVv2Z9dw-unsplash-scaled.jpg 2560w, https:\/\/www.jobcenterkoeln.de\/wp-content\/uploads\/2020\/11\/amy-hirschi-izxMVv2Z9dw-unsplash-300x200.jpg 300w, https:\/\/www.jobcenterkoeln.de\/wp-content\/uploads\/2020\/11\/amy-hirschi-izxMVv2Z9dw-unsplash-1024x683.jpg 1024w, https:\/\/www.jobcenterkoeln.de\/wp-content\/uploads\/2020\/11\/amy-hirschi-izxMVv2Z9dw-unsplash-768x512.jpg 768w, https:\/\/www.jobcenterkoeln.de\/wp-content\/uploads\/2020\/11\/amy-hirschi-izxMVv2Z9dw-unsplash-1536x1024.jpg 1536w, https:\/\/www.jobcenterkoeln.de\/wp-content\/uploads\/2020\/11\/amy-hirschi-izxMVv2Z9dw-unsplash-2048x1365.jpg 2048w\" sizes=\"100vw\" alt=\"\" \/>\n        <\/div>\n                    <div class=\"small-teaser__body \">\n                                    <p class=\"small-teaser__heading card-title s-heading\">\n                        Arbeit &#038; Integration                    <\/p>\n                                        <div class=\"small-teaser__description\"><p>Informationen zu Arbeit und Ausbildung, Sprachkursen und Integration<\/p>\n<\/div>\n                                <\/div>\n                            <a href=\"https:\/\/www.jobcenterkoeln.de\/ukraine-arbeit\/\" target=\"\" class=\" small-teaser__arrow flower-blue stretched-link\" aria-label=\"Ukraine Integration\">\n                    <svg class=\"flower-blue\" width=\"15\" height=\"16\" viewBox=\"0 0 15 16\" fill=\"none\" xmlns=\"http:\/\/www.w3.org\/2000\/svg\">\n                        <path d=\"M0 8H14\" stroke=\"white\" stroke-width=\"1.5\" stroke-linejoin=\"round\"\/>\n                        <path d=\"M7 1L14 8L7 15\" stroke=\"white\" stroke-width=\"1.5\" stroke-linejoin=\"round\"\/>\n                    <\/svg>\n                <\/a>\n                    <\/div>\n<\/div>        <\/div>\n    <\/div>\n<\/section>","protected":false},"excerpt":{"rendered":"","protected":false},"author":139,"featured_media":0,"parent":0,"menu_order":0,"comment_status":"closed","ping_status":"closed","template":"page-templates\/home.php","meta":{"_acf_changed":false,"footnotes":""},"folder":[58],"class_list":["post-16380","page","type-page","status-publish","hentry"],"acf":[],"yoast_head":"<!-- This site is optimized with the Yoast SEO Premium plugin v26.9 (Yoast SEO v26.9) - https:\/\/yoast.com\/product\/yoast-seo-premium-wordpress\/ -->\n<title>Homepage - Jobcenter K\u00f6ln<\/title>\n<meta name=\"description\" content=\"Das Jobcenter K\u00f6ln hilft Ihnen, wenn Sie arbeitslos sind und Arbeit suchen: Arbeitslosengeld II - Beratung - Weiterbildung - Qualifizierung\" \/>\n<meta name=\"robots\" content=\"index, follow, max-snippet:-1, max-image-preview:large, max-video-preview:-1\" \/>\n<link rel=\"canonical\" href=\"https:\/\/www.jobcenterkoeln.de\/de_APP\/\" \/>\n<meta property=\"og:locale\" content=\"de_DE\" \/>\n<meta property=\"og:type\" content=\"article\" \/>\n<meta property=\"og:title\" content=\"Homepage\" \/>\n<meta property=\"og:description\" content=\"Das Jobcenter K\u00f6ln hilft Ihnen, wenn Sie arbeitslos sind und Arbeit suchen: Arbeitslosengeld II - Beratung - Weiterbildung - Qualifizierung\" \/>\n<meta property=\"og:url\" content=\"https:\/\/www.jobcenterkoeln.de\/de_APP\/\" \/>\n<meta property=\"og:site_name\" content=\"Jobcenter K\u00f6ln\" \/>\n<meta property=\"article:publisher\" content=\"https:\/\/www.facebook.com\/jobcenterkoeln\" \/>\n<meta property=\"article:modified_time\" content=\"2026-02-04T13:23:49+00:00\" \/>\n<meta name=\"twitter:card\" content=\"summary_large_image\" \/>\n<meta name=\"twitter:label1\" content=\"Est. reading time\" \/>\n\t<meta name=\"twitter:data1\" content=\"1 minute\" \/>\n<script type=\"application\/ld+json\" class=\"yoast-schema-graph\">{\"@context\":\"https:\/\/schema.org\",\"@graph\":[{\"@type\":\"WebPage\",\"@id\":\"https:\/\/www.jobcenterkoeln.de\/de_APP\/\",\"url\":\"https:\/\/www.jobcenterkoeln.de\/de_APP\/\",\"name\":\"Homepage - Jobcenter K\u00f6ln\",\"isPartOf\":{\"@id\":\"https:\/\/www.jobcenterkoeln.de\/de_APP\/#website\"},\"datePublished\":\"2020-10-16T06:53:17+00:00\",\"dateModified\":\"2026-02-04T13:23:49+00:00\",\"description\":\"Das Jobcenter K\u00f6ln hilft Ihnen, wenn Sie arbeitslos sind und Arbeit suchen: Arbeitslosengeld II - Beratung - Weiterbildung - Qualifizierung\",\"breadcrumb\":{\"@id\":\"https:\/\/www.jobcenterkoeln.de\/de_APP\/#breadcrumb\"},\"inLanguage\":\"de-APP\",\"potentialAction\":[{\"@type\":\"ReadAction\",\"target\":[\"https:\/\/www.jobcenterkoeln.de\/de_APP\/\"]}]},{\"@type\":\"BreadcrumbList\",\"@id\":\"https:\/\/www.jobcenterkoeln.de\/de_APP\/#breadcrumb\",\"itemListElement\":[{\"@type\":\"ListItem\",\"position\":1,\"name\":\"Home\",\"item\":\"https:\/\/www.jobcenterkoeln.de\/de_APP\/\"},{\"@type\":\"ListItem\",\"position\":2,\"name\":\"Homepage\"}]},{\"@type\":\"WebSite\",\"@id\":\"https:\/\/www.jobcenterkoeln.de\/de_APP\/#website\",\"url\":\"https:\/\/www.jobcenterkoeln.de\/de_APP\/\",\"name\":\"Jobcenter K\u00f6ln\",\"description\":\"\",\"publisher\":{\"@id\":\"https:\/\/www.jobcenterkoeln.de\/de_APP\/#organization\"},\"potentialAction\":[{\"@type\":\"SearchAction\",\"target\":{\"@type\":\"EntryPoint\",\"urlTemplate\":\"https:\/\/www.jobcenterkoeln.de\/de_APP\/?s={search_term_string}\"},\"query-input\":{\"@type\":\"PropertyValueSpecification\",\"valueRequired\":true,\"valueName\":\"search_term_string\"}}],\"inLanguage\":\"de-APP\"},{\"@type\":\"Organization\",\"@id\":\"https:\/\/www.jobcenterkoeln.de\/de_APP\/#organization\",\"name\":\"Jobcenter K\u00f6ln\",\"url\":\"https:\/\/www.jobcenterkoeln.de\/de_APP\/\",\"logo\":{\"@type\":\"ImageObject\",\"inLanguage\":\"de-APP\",\"@id\":\"https:\/\/www.jobcenterkoeln.de\/de_APP\/#\/schema\/logo\/image\/\",\"url\":\"\",\"contentUrl\":\"\",\"caption\":\"Jobcenter K\u00f6ln\"},\"image\":{\"@id\":\"https:\/\/www.jobcenterkoeln.de\/de_APP\/#\/schema\/logo\/image\/\"},\"sameAs\":[\"https:\/\/www.facebook.com\/jobcenterkoeln\",\"https:\/\/www.youtube.com\/channel\/UCYRuht_ePRSHEkGxLmTjr0Q\"]}]}<\/script>\n<!-- \/ Yoast SEO Premium plugin. -->","yoast_head_json":{"title":"Homepage - Jobcenter K\u00f6ln","description":"Das Jobcenter K\u00f6ln hilft Ihnen, wenn Sie arbeitslos sind und Arbeit suchen: Arbeitslosengeld II - Beratung - Weiterbildung - Qualifizierung","robots":{"index":"index","follow":"follow","max-snippet":"max-snippet:-1","max-image-preview":"max-image-preview:large","max-video-preview":"max-video-preview:-1"},"canonical":"https:\/\/www.jobcenterkoeln.de\/de_APP\/","og_locale":"de_DE","og_type":"article","og_title":"Homepage","og_description":"Das Jobcenter K\u00f6ln hilft Ihnen, wenn Sie arbeitslos sind und Arbeit suchen: Arbeitslosengeld II - Beratung - Weiterbildung - Qualifizierung","og_url":"https:\/\/www.jobcenterkoeln.de\/de_APP\/","og_site_name":"Jobcenter K\u00f6ln","article_publisher":"https:\/\/www.facebook.com\/jobcenterkoeln","article_modified_time":"2026-02-04T13:23:49+00:00","twitter_card":"summary_large_image","twitter_misc":{"Est. reading time":"1 minute"},"schema":{"@context":"https:\/\/schema.org","@graph":[{"@type":"WebPage","@id":"https:\/\/www.jobcenterkoeln.de\/de_APP\/","url":"https:\/\/www.jobcenterkoeln.de\/de_APP\/","name":"Homepage - Jobcenter K\u00f6ln","isPartOf":{"@id":"https:\/\/www.jobcenterkoeln.de\/de_APP\/#website"},"datePublished":"2020-10-16T06:53:17+00:00","dateModified":"2026-02-04T13:23:49+00:00","description":"Das Jobcenter K\u00f6ln hilft Ihnen, wenn Sie arbeitslos sind und Arbeit suchen: Arbeitslosengeld II - Beratung - Weiterbildung - Qualifizierung","breadcrumb":{"@id":"https:\/\/www.jobcenterkoeln.de\/de_APP\/#breadcrumb"},"inLanguage":"de-APP","potentialAction":[{"@type":"ReadAction","target":["https:\/\/www.jobcenterkoeln.de\/de_APP\/"]}]},{"@type":"BreadcrumbList","@id":"https:\/\/www.jobcenterkoeln.de\/de_APP\/#breadcrumb","itemListElement":[{"@type":"ListItem","position":1,"name":"Home","item":"https:\/\/www.jobcenterkoeln.de\/de_APP\/"},{"@type":"ListItem","position":2,"name":"Homepage"}]},{"@type":"WebSite","@id":"https:\/\/www.jobcenterkoeln.de\/de_APP\/#website","url":"https:\/\/www.jobcenterkoeln.de\/de_APP\/","name":"Jobcenter K\u00f6ln","description":"","publisher":{"@id":"https:\/\/www.jobcenterkoeln.de\/de_APP\/#organization"},"potentialAction":[{"@type":"SearchAction","target":{"@type":"EntryPoint","urlTemplate":"https:\/\/www.jobcenterkoeln.de\/de_APP\/?s={search_term_string}"},"query-input":{"@type":"PropertyValueSpecification","valueRequired":true,"valueName":"search_term_string"}}],"inLanguage":"de-APP"},{"@type":"Organization","@id":"https:\/\/www.jobcenterkoeln.de\/de_APP\/#organization","name":"Jobcenter K\u00f6ln","url":"https:\/\/www.jobcenterkoeln.de\/de_APP\/","logo":{"@type":"ImageObject","inLanguage":"de-APP","@id":"https:\/\/www.jobcenterkoeln.de\/de_APP\/#\/schema\/logo\/image\/","url":"","contentUrl":"","caption":"Jobcenter K\u00f6ln"},"image":{"@id":"https:\/\/www.jobcenterkoeln.de\/de_APP\/#\/schema\/logo\/image\/"},"sameAs":["https:\/\/www.facebook.com\/jobcenterkoeln","https:\/\/www.youtube.com\/channel\/UCYRuht_ePRSHEkGxLmTjr0Q"]}]}},"_links":{"self":[{"href":"https:\/\/www.jobcenterkoeln.de\/de_APP\/wp-json\/wp\/v2\/pages\/16380","targetHints":{"allow":["GET"]}}],"collection":[{"href":"https:\/\/www.jobcenterkoeln.de\/de_APP\/wp-json\/wp\/v2\/pages"}],"about":[{"href":"https:\/\/www.jobcenterkoeln.de\/de_APP\/wp-json\/wp\/v2\/types\/page"}],"author":[{"embeddable":true,"href":"https:\/\/www.jobcenterkoeln.de\/de_APP\/wp-json\/wp\/v2\/users\/139"}],"replies":[{"embeddable":true,"href":"https:\/\/www.jobcenterkoeln.de\/de_APP\/wp-json\/wp\/v2\/comments?post=16380"}],"version-history":[{"count":100,"href":"https:\/\/www.jobcenterkoeln.de\/de_APP\/wp-json\/wp\/v2\/pages\/16380\/revisions"}],"predecessor-version":[{"id":30050,"href":"https:\/\/www.jobcenterkoeln.de\/de_APP\/wp-json\/wp\/v2\/pages\/16380\/revisions\/30050"}],"wp:attachment":[{"href":"https:\/\/www.jobcenterkoeln.de\/de_APP\/wp-json\/wp\/v2\/media?parent=16380"}],"wp:term":[{"taxonomy":"folder","embeddable":true,"href":"https:\/\/www.jobcenterkoeln.de\/de_APP\/wp-json\/wp\/v2\/folder?post=16380"}],"curies":[{"name":"wp","href":"https:\/\/api.w.org\/{rel}","templated":true}]}}