{"id":16456,"date":"2020-10-28T14:48:03","date_gmt":"2020-10-28T14:48:03","guid":{"rendered":"https:\/\/www.jobcenterkoeln.de\/?page_id=16456"},"modified":"2024-01-09T10:24:11","modified_gmt":"2024-01-09T09:24:11","slug":"geld-fuer-kinder","status":"publish","type":"page","link":"https:\/\/www.jobcenterkoeln.de\/de_APP\/geld-fuer-kinder\/","title":{"rendered":"Geld f\u00fcr Kinder"},"content":{"rendered":"<div class=\"section content-section text_only\" >\n    <div class=\"container\">\n        <div class=\"content-module yellow  content-module--text_only\">\n            <div class=\"content-module__wrap\">\n                                    <div class=\"content-module__content text_only col_1\">\n                        <div class=\"content-module__text \">\n                            <p>Sch\u00fclerinnen und Sch\u00fcler unter 25 Jahren k\u00f6nnen einen Zuschuss f\u00fcr den <strong>Schulbedarf<\/strong> (z. B. Schreibutensilien, B\u00fccher usw.) bekommen. Diese Unterst\u00fctzung bekommen Sie automatisch am Anfang jedes Schulhalbjahres. Das Geld wird zusammen mit dem monatlichen Geld vom Jobcenter \u00fcberwiesen.<\/p>\n<p>F\u00fcr die KiTa oder die Schule k\u00f6nnen Sie auch finanzielle Hilfe bekommen. Zum Beispiel f\u00fcr das Mittagessen dort, f\u00fcr Klassenfahrten oder f\u00fcr Nachhilfe. Damit ihr Kind Sport oder Hobbys machen kann, unterst\u00fctzen wir Sie auch mit Geld f\u00fcr den Sportverein oder eine Ferienfreizeit.<br \/>\nDas nennen wir Leistungen zur <strong>Bildung und Teilhabe (BuT)<\/strong>.<\/p>\n<p>Sie haben Fragen dazu? Sie brauchen Geld f\u00fcr die Schule? Sprechen Sie uns an.<\/p>\n                        <\/div>\n                                            <\/div>\n                                <\/div>\n        <\/div>\n    <\/div>\n<\/div>\n\n<div class=\"section content-section text_only\" >\n    <div class=\"container\">\n        <div class=\"content-module yellow  content-module--text_only\">\n            <div class=\"content-module__wrap\">\n                                    <div class=\"content-module__content text_only \">\n                        <div class=\"content-module__text row\">\n                                                            <div class=\"col-md-6\">\n                                <h3>Wie bekomme ich Unterst\u00fctzung?<\/h3>\n<p>Wenn Sie bereits Geld vom Jobcenter K\u00f6ln bekommen, reichen Sie bitte den Bewilligungsbescheid vom Jobcenter zusammen mit dem Antrag auf Leistungen f\u00fcr Bildung und Teilhabe bei der Stadt K\u00f6ln ein:<\/p>\n                                <\/div>\n                                <div class=\"col-md-6\">\n                                <p>&nbsp;<\/p>\n<p><strong>Stadt K\u00f6ln<\/strong><br \/>\n<strong>Amt f\u00fcr Soziales und Senioren<\/strong><br \/>\n<strong>Abteilung Bildung und Teilhabe, K\u00f6ln-Pass<\/strong><br \/>\n<strong>Bezirksrathaus M\u00fclheim (3. Etage)<\/strong><br \/>\n<strong>Wiener Platz 2a<\/strong><br \/>\n<strong>51065 K\u00f6ln-M\u00fclheim<\/strong><\/p>\n                                <\/div>\n                                                        <\/div>\n                                                    <div class=\"content-module__button-wrap\">\n                                <a href=\"https:\/\/formular-server.de\/Koeln_FS\/findform?shortname=V4_F01AntrBildTeilh&#038;formtecid=3&#038;areashortname=koeln_html\" target=\"_blank\" class=\"content-module__link stretched-link\">\n                                    <span class=\"content-module__link-text\">\n                                        Antrag auf Leistungen f\u00fcr Bildung und Teilhabe                                    <\/span>\n                                    <div class=\"content-module__link-arrow yellow\">\n                                        <svg width=\"15\" height=\"16\" viewBox=\"0 0 15 16\" fill=\"none\" xmlns=\"http:\/\/www.w3.org\/2000\/svg\">\n                                            <path d=\"M0 8H14\" stroke=\"white\" stroke-width=\"1.5\" stroke-linejoin=\"round\"\/>\n                                            <path d=\"M7 1L14 8L7 15\" stroke=\"white\" stroke-width=\"1.5\" stroke-linejoin=\"round\"\/>\n                                        <\/svg>\n                                    <\/div>\n                                <\/a>\n                            <\/div>\n                                                <\/div>\n                                <\/div>\n        <\/div>\n    <\/div>\n<\/div>\n\n<section class=\"hp-accordion-section\">\n    <div class=\"container my-4\">\n        <div class=\"hp-accordion yellow left_border\">\n                            <div class=\"hp-accordion__content text_only\" id=\"ubernahme_kosten\">\n                                            <h4 class=\"hp-accordion__headline\"> Welche Kosten werden \u00fcbernommen? <\/h4>\n                                            <p class=\"hp-accordion__description\"><\/p>\n                                    <div class=\"hp-accordion__card\">\n                        <div class=\"hp-accordion__card-header\" role=\"button\" type=\"button\" data-toggle=\"collapse\" data-target=\"#ubernahme_kosten-tab-1\" aria-expanded=\"false\" aria-controls=\"ubernahme_kosten-tab-1\">\n                            <p class=\"mb-0 hp-accordion__title\" class=\"btn btn-link\">\n                                <span class=\"hp-xxs-heading\">F\u00fcr Kinder in Kita- und Tagespflege-Betreuung:<\/span>\n                            <\/p>\n                            <div class=\"hp-accordion__arrow yellow\">\n                                <svg class=\"hp-accordion__svg yellow\" width=\"15\" height=\"16\" viewBox=\"0 0 15 16\" fill=\"none\" xmlns=\"http:\/\/www.w3.org\/2000\/svg\">\n                                    <path d=\"M0 8H14\" stroke=\"white\" stroke-width=\"1.5\" stroke-linejoin=\"round\"\/>\n                                    <path d=\"M7 1L14 8L7 15\" stroke=\"white\" stroke-width=\"1.5\" stroke-linejoin=\"round\"\/>\n                                <\/svg>\n                            <\/div>\n                        <\/div>\n                        <div id=\"ubernahme_kosten-tab-1\" class=\"hp-accordion__content-wrap collapse \" data-parent=\"#ubernahme_kosten\">\n                                                        <div class=\"hp-accordion__body\">\n                                <p><strong>Ausfl\u00fcge<\/strong><\/p>\n<p><strong>Kultur, Sport, Mitmachen<\/strong><\/p>\n<ul>\n<li>Zum Beispiel der Beitrag f\u00fcr den Sportverein, f\u00fcr die Musikschule oder zur Teilnahme an Kursen oder Freizeitangeboten;<\/li>\n<li>Monatlich bis zu 15 Euro oder 180 Euro pro Jahr;<\/li>\n<li>In Form von Gutscheinen<\/li>\n<\/ul>\n<p><strong>Mittagessen<\/strong><\/p>\n<ul>\n<li>gemeinsames Mittagessen;<\/li>\n<li>Eigenanteil der Eltern: 1 Euro pro Tag<\/li>\n<\/ul>\n                            <\/div>\n                        <\/div>\n                    <\/div>\n                                        <div class=\"hp-accordion__card\">\n                        <div class=\"hp-accordion__card-header\" role=\"button\" type=\"button\" data-toggle=\"collapse\" data-target=\"#ubernahme_kosten-tab-2\" aria-expanded=\"false\" aria-controls=\"ubernahme_kosten-tab-2\">\n                            <p class=\"mb-0 hp-accordion__title\" class=\"btn btn-link\">\n                                <span class=\"hp-xxs-heading\">F\u00fcr Sch\u00fclerinnen und Sch\u00fcler bis 25 Jahre:<\/span>\n                            <\/p>\n                            <div class=\"hp-accordion__arrow yellow\">\n                                <svg class=\"hp-accordion__svg yellow\" width=\"15\" height=\"16\" viewBox=\"0 0 15 16\" fill=\"none\" xmlns=\"http:\/\/www.w3.org\/2000\/svg\">\n                                    <path d=\"M0 8H14\" stroke=\"white\" stroke-width=\"1.5\" stroke-linejoin=\"round\"\/>\n                                    <path d=\"M7 1L14 8L7 15\" stroke=\"white\" stroke-width=\"1.5\" stroke-linejoin=\"round\"\/>\n                                <\/svg>\n                            <\/div>\n                        <\/div>\n                        <div id=\"ubernahme_kosten-tab-2\" class=\"hp-accordion__content-wrap collapse \" data-parent=\"#ubernahme_kosten\">\n                                                        <div class=\"hp-accordion__body\">\n                                <p><strong>Fahrtkosten<\/strong><\/p>\n<ul>\n<li>zum Beispiel f\u00fcr ein Sch\u00fclerticket des Verkehrsverbundes Rhein-Sieg;<\/li>\n<li>F\u00fcr Freizeitfahrten gilt ein Eigenanteil der Eltern;<\/li>\n<\/ul>\n<p><strong>Klassenfahrten und Ausfl\u00fcge<\/strong><\/p>\n<p><strong>Kultur, Sport, Mitmachen<\/strong><\/p>\n<ul>\n<li>Zum Beispiel der Beitrag f\u00fcr den Sportverein, f\u00fcr die Musikschule oder zur Teilnahme an Kursen oder Freizeitangeboten;<\/li>\n<\/ul>\n<p><strong>Lernf\u00f6rderung<\/strong><\/p>\n<p><strong>Mittagessen<\/strong><\/p>\n<ul>\n<li>gemeinsames Mittagessen als Angebot in der Schule;<\/li>\n<\/ul>\n<p><strong>Schulbedarf<\/strong><\/p>\n<ul>\n<li>F\u00fcr die ben\u00f6tigten Lernmaterialien (Hefte, Stifte, B\u00fccher, \u2026);<\/li>\n<li>im August 116 Euro, im Februar 58 Euro (ab 2023)<\/li>\n<\/ul>\n                            <\/div>\n                        <\/div>\n                    <\/div>\n                                    <\/div>\n                        <\/div>\n    <\/div>\n<\/section>\n\n\n\n<div class=\"section content-section   text-image yellow\" >\n    <div\n        class=\"container  \">\n        <div class=\"row\">\n                        <div class=\"col-12 \">\n\n                <div class=\"text-image__wrap yellow\">\n                                        <div class=\"text-image__wrap-single\">\n                        <p>Wenn Sie kein Geld vom Jobcenter bekommen, aber nur wenig Geld verdienen, haben Sie vielleicht auch Anspruch auf Leistungen f\u00fcr Bildung und Teilhabe. In diesem Fall \u00fcberpr\u00fcfen wir, ob Sie Geld f\u00fcr Ihre Kinder bekommen k\u00f6nnen und geben Ihnen eine Bescheinigung mit. Diese reichen Sie dann zusammen mit dem Antrag bei der Stadt K\u00f6ln ein.<\/p>\n                    <\/div>\n\n                <\/div>\n            <\/div>\n\n                    <\/div>\n    <\/div>\n<\/div>\n\n\n<div class=\"section content-section   text-image \" >\n    <div\n        class=\"container  \">\n        <div class=\"row\">\n                        <div class=\"col-12 \">\n\n                <div class=\"text-image__wrap \">\n                                        <div class=\"text-image__wrap-single\">\n                        <p>Weitere Infos bekommen Sie auch unter diesen externen Links:<\/p>\n<ul>\n<li><a href=\"http:\/\/www.stadt-koeln.de\/leben-in-koeln\/bildung-und-schule\/bildungspaket\/\">Stadt K\u00f6ln\/Bildungspaket<\/a><\/li>\n<li><a href=\"https:\/\/www.bmas.de\/DE\/Arbeit\/Grundsicherung-Arbeitslosengeld-II\/Bildungspaket\/Anlaufstellen\/Nordrhein-Westfalen\/nordrhein-westfalen.html\" target=\"_blank\" rel=\"noopener\">Bundesministerium f\u00fcr Arbeit und Soziales\/Bildungspaket<\/a><\/li>\n<li><a href=\"https:\/\/broschuerenservice.mags.nrw\/mags\/files?download_page=0&amp;product_id=578&amp;files=b\/4\/b492078d3f78dd7bc47e7e9f7acb5f88.pdf\" target=\"_blank\" rel=\"noopener\">Bundesministerium f\u00fcr Arbeit und Soziales\/Informationen zum Bildungs- und Teilhabepaket<\/a> (PDF)<\/li>\n<li><a href=\"https:\/\/con.arbeitsagentur.de\/prod\/apok\/service-vor-ort\/familienkasse-nordrhein-westfalen-west-koeln.html\" target=\"_blank\" rel=\"noopener\">Familienkasse<\/a><\/li>\n<li><a href=\"https:\/\/www.stadt-koeln.de\/service\/produkte\/00885\/index.html\" target=\"_blank\" rel=\"noopener\">Unterhaltsvorschuss<\/a><\/li>\n<\/ul>\n                    <\/div>\n\n                <\/div>\n            <\/div>\n\n                    <\/div>\n    <\/div>\n<\/div>","protected":false},"excerpt":{"rendered":"","protected":false},"author":139,"featured_media":0,"parent":0,"menu_order":0,"comment_status":"closed","ping_status":"closed","template":"","meta":{"_acf_changed":false,"footnotes":""},"folder":[],"class_list":["post-16456","page","type-page","status-publish","hentry"],"acf":[],"yoast_head":"<!-- This site is optimized with the Yoast SEO Premium plugin v26.9 (Yoast SEO v26.9) - https:\/\/yoast.com\/product\/yoast-seo-premium-wordpress\/ -->\n<title>Geld f\u00fcr Kinder - Jobcenter K\u00f6ln<\/title>\n<meta name=\"robots\" content=\"index, follow, max-snippet:-1, max-image-preview:large, max-video-preview:-1\" \/>\n<link rel=\"canonical\" href=\"https:\/\/www.jobcenterkoeln.de\/de_APP\/geld-fuer-kinder\/\" \/>\n<meta property=\"og:locale\" content=\"de_DE\" \/>\n<meta property=\"og:type\" content=\"article\" \/>\n<meta property=\"og:title\" content=\"Geld f\u00fcr Kinder\" \/>\n<meta property=\"og:url\" content=\"https:\/\/www.jobcenterkoeln.de\/de_APP\/geld-fuer-kinder\/\" \/>\n<meta property=\"og:site_name\" content=\"Jobcenter K\u00f6ln\" \/>\n<meta property=\"article:publisher\" content=\"https:\/\/www.facebook.com\/jobcenterkoeln\" \/>\n<meta property=\"article:modified_time\" content=\"2024-01-09T09:24:11+00:00\" \/>\n<meta name=\"twitter:card\" content=\"summary_large_image\" \/>\n<meta name=\"twitter:label1\" content=\"Est. reading time\" \/>\n\t<meta name=\"twitter:data1\" content=\"2 minutes\" \/>\n<script type=\"application\/ld+json\" class=\"yoast-schema-graph\">{\"@context\":\"https:\/\/schema.org\",\"@graph\":[{\"@type\":\"WebPage\",\"@id\":\"https:\/\/www.jobcenterkoeln.de\/de_APP\/geld-fuer-kinder\/\",\"url\":\"https:\/\/www.jobcenterkoeln.de\/de_APP\/geld-fuer-kinder\/\",\"name\":\"Geld f\u00fcr Kinder - Jobcenter K\u00f6ln\",\"isPartOf\":{\"@id\":\"https:\/\/www.jobcenterkoeln.de\/de_APP\/#website\"},\"datePublished\":\"2020-10-28T14:48:03+00:00\",\"dateModified\":\"2024-01-09T09:24:11+00:00\",\"breadcrumb\":{\"@id\":\"https:\/\/www.jobcenterkoeln.de\/de_APP\/geld-fuer-kinder\/#breadcrumb\"},\"inLanguage\":\"de-APP\",\"potentialAction\":[{\"@type\":\"ReadAction\",\"target\":[\"https:\/\/www.jobcenterkoeln.de\/de_APP\/geld-fuer-kinder\/\"]}]},{\"@type\":\"BreadcrumbList\",\"@id\":\"https:\/\/www.jobcenterkoeln.de\/de_APP\/geld-fuer-kinder\/#breadcrumb\",\"itemListElement\":[{\"@type\":\"ListItem\",\"position\":1,\"name\":\"Home\",\"item\":\"https:\/\/www.jobcenterkoeln.de\/de_APP\/\"},{\"@type\":\"ListItem\",\"position\":2,\"name\":\"Geld f\u00fcr Kinder\"}]},{\"@type\":\"WebSite\",\"@id\":\"https:\/\/www.jobcenterkoeln.de\/de_APP\/#website\",\"url\":\"https:\/\/www.jobcenterkoeln.de\/de_APP\/\",\"name\":\"Jobcenter K\u00f6ln\",\"description\":\"\",\"publisher\":{\"@id\":\"https:\/\/www.jobcenterkoeln.de\/de_APP\/#organization\"},\"potentialAction\":[{\"@type\":\"SearchAction\",\"target\":{\"@type\":\"EntryPoint\",\"urlTemplate\":\"https:\/\/www.jobcenterkoeln.de\/de_APP\/?s={search_term_string}\"},\"query-input\":{\"@type\":\"PropertyValueSpecification\",\"valueRequired\":true,\"valueName\":\"search_term_string\"}}],\"inLanguage\":\"de-APP\"},{\"@type\":\"Organization\",\"@id\":\"https:\/\/www.jobcenterkoeln.de\/de_APP\/#organization\",\"name\":\"Jobcenter K\u00f6ln\",\"url\":\"https:\/\/www.jobcenterkoeln.de\/de_APP\/\",\"logo\":{\"@type\":\"ImageObject\",\"inLanguage\":\"de-APP\",\"@id\":\"https:\/\/www.jobcenterkoeln.de\/de_APP\/#\/schema\/logo\/image\/\",\"url\":\"\",\"contentUrl\":\"\",\"caption\":\"Jobcenter K\u00f6ln\"},\"image\":{\"@id\":\"https:\/\/www.jobcenterkoeln.de\/de_APP\/#\/schema\/logo\/image\/\"},\"sameAs\":[\"https:\/\/www.facebook.com\/jobcenterkoeln\",\"https:\/\/www.youtube.com\/channel\/UCYRuht_ePRSHEkGxLmTjr0Q\"]}]}<\/script>\n<!-- \/ Yoast SEO Premium plugin. -->","yoast_head_json":{"title":"Geld f\u00fcr Kinder - Jobcenter K\u00f6ln","robots":{"index":"index","follow":"follow","max-snippet":"max-snippet:-1","max-image-preview":"max-image-preview:large","max-video-preview":"max-video-preview:-1"},"canonical":"https:\/\/www.jobcenterkoeln.de\/de_APP\/geld-fuer-kinder\/","og_locale":"de_DE","og_type":"article","og_title":"Geld f\u00fcr Kinder","og_url":"https:\/\/www.jobcenterkoeln.de\/de_APP\/geld-fuer-kinder\/","og_site_name":"Jobcenter K\u00f6ln","article_publisher":"https:\/\/www.facebook.com\/jobcenterkoeln","article_modified_time":"2024-01-09T09:24:11+00:00","twitter_card":"summary_large_image","twitter_misc":{"Est. reading time":"2 minutes"},"schema":{"@context":"https:\/\/schema.org","@graph":[{"@type":"WebPage","@id":"https:\/\/www.jobcenterkoeln.de\/de_APP\/geld-fuer-kinder\/","url":"https:\/\/www.jobcenterkoeln.de\/de_APP\/geld-fuer-kinder\/","name":"Geld f\u00fcr Kinder - Jobcenter K\u00f6ln","isPartOf":{"@id":"https:\/\/www.jobcenterkoeln.de\/de_APP\/#website"},"datePublished":"2020-10-28T14:48:03+00:00","dateModified":"2024-01-09T09:24:11+00:00","breadcrumb":{"@id":"https:\/\/www.jobcenterkoeln.de\/de_APP\/geld-fuer-kinder\/#breadcrumb"},"inLanguage":"de-APP","potentialAction":[{"@type":"ReadAction","target":["https:\/\/www.jobcenterkoeln.de\/de_APP\/geld-fuer-kinder\/"]}]},{"@type":"BreadcrumbList","@id":"https:\/\/www.jobcenterkoeln.de\/de_APP\/geld-fuer-kinder\/#breadcrumb","itemListElement":[{"@type":"ListItem","position":1,"name":"Home","item":"https:\/\/www.jobcenterkoeln.de\/de_APP\/"},{"@type":"ListItem","position":2,"name":"Geld f\u00fcr Kinder"}]},{"@type":"WebSite","@id":"https:\/\/www.jobcenterkoeln.de\/de_APP\/#website","url":"https:\/\/www.jobcenterkoeln.de\/de_APP\/","name":"Jobcenter K\u00f6ln","description":"","publisher":{"@id":"https:\/\/www.jobcenterkoeln.de\/de_APP\/#organization"},"potentialAction":[{"@type":"SearchAction","target":{"@type":"EntryPoint","urlTemplate":"https:\/\/www.jobcenterkoeln.de\/de_APP\/?s={search_term_string}"},"query-input":{"@type":"PropertyValueSpecification","valueRequired":true,"valueName":"search_term_string"}}],"inLanguage":"de-APP"},{"@type":"Organization","@id":"https:\/\/www.jobcenterkoeln.de\/de_APP\/#organization","name":"Jobcenter K\u00f6ln","url":"https:\/\/www.jobcenterkoeln.de\/de_APP\/","logo":{"@type":"ImageObject","inLanguage":"de-APP","@id":"https:\/\/www.jobcenterkoeln.de\/de_APP\/#\/schema\/logo\/image\/","url":"","contentUrl":"","caption":"Jobcenter K\u00f6ln"},"image":{"@id":"https:\/\/www.jobcenterkoeln.de\/de_APP\/#\/schema\/logo\/image\/"},"sameAs":["https:\/\/www.facebook.com\/jobcenterkoeln","https:\/\/www.youtube.com\/channel\/UCYRuht_ePRSHEkGxLmTjr0Q"]}]}},"_links":{"self":[{"href":"https:\/\/www.jobcenterkoeln.de\/de_APP\/wp-json\/wp\/v2\/pages\/16456","targetHints":{"allow":["GET"]}}],"collection":[{"href":"https:\/\/www.jobcenterkoeln.de\/de_APP\/wp-json\/wp\/v2\/pages"}],"about":[{"href":"https:\/\/www.jobcenterkoeln.de\/de_APP\/wp-json\/wp\/v2\/types\/page"}],"author":[{"embeddable":true,"href":"https:\/\/www.jobcenterkoeln.de\/de_APP\/wp-json\/wp\/v2\/users\/139"}],"replies":[{"embeddable":true,"href":"https:\/\/www.jobcenterkoeln.de\/de_APP\/wp-json\/wp\/v2\/comments?post=16456"}],"version-history":[{"count":6,"href":"https:\/\/www.jobcenterkoeln.de\/de_APP\/wp-json\/wp\/v2\/pages\/16456\/revisions"}],"predecessor-version":[{"id":25385,"href":"https:\/\/www.jobcenterkoeln.de\/de_APP\/wp-json\/wp\/v2\/pages\/16456\/revisions\/25385"}],"wp:attachment":[{"href":"https:\/\/www.jobcenterkoeln.de\/de_APP\/wp-json\/wp\/v2\/media?parent=16456"}],"wp:term":[{"taxonomy":"folder","embeddable":true,"href":"https:\/\/www.jobcenterkoeln.de\/de_APP\/wp-json\/wp\/v2\/folder?post=16456"}],"curies":[{"name":"wp","href":"https:\/\/api.w.org\/{rel}","templated":true}]}}