{"id":16461,"date":"2020-10-29T12:47:45","date_gmt":"2020-10-29T12:47:45","guid":{"rendered":"https:\/\/www.jobcenterkoeln.de\/?page_id=16461"},"modified":"2024-01-09T12:51:24","modified_gmt":"2024-01-09T11:51:24","slug":"unterstuetzung-vom-jobcenter","status":"publish","type":"page","link":"https:\/\/www.jobcenterkoeln.de\/de_APP\/unterstuetzung-vom-jobcenter\/","title":{"rendered":"Unterst\u00fctzung vom Jobcenter"},"content":{"rendered":"<div class=\"section content-section text_only\" >\n    <div class=\"container\">\n        <div class=\"content-module purple  content-module--text_only\">\n            <div class=\"content-module__wrap\">\n                                    <div class=\"content-module__content text_only col_1\">\n                        <div class=\"content-module__text \">\n                            <p>Geben Sie Menschen eine Chance, die erst auf den zweiten Blick mit ihren St\u00e4rken punkten. Unsere F\u00f6rderm\u00f6glichkeiten unterst\u00fctzen Sie dabei.<\/p>\n                        <\/div>\n                                            <\/div>\n                                <\/div>\n        <\/div>\n    <\/div>\n<\/div>\n\n<section class=\"hp-accordion-section\">\n    <div class=\"container my-4\">\n        <div class=\"hp-accordion purple left_border\">\n                            <div class=\"hp-accordion__content text_only\" id=\"foerdermoeglichkeiten\">\n                                            <h4 class=\"hp-accordion__headline\"> M\u00f6glichkeiten der F\u00f6rderung <\/h4>\n                                            <p class=\"hp-accordion__description\"><\/p>\n                                    <div class=\"hp-accordion__card\">\n                        <div class=\"hp-accordion__card-header\" role=\"button\" type=\"button\" data-toggle=\"collapse\" data-target=\"#foerdermoeglichkeiten-tab-1\" aria-expanded=\"false\" aria-controls=\"foerdermoeglichkeiten-tab-1\">\n                            <p class=\"mb-0 hp-accordion__title\" class=\"btn btn-link\">\n                                <span class=\"hp-xxs-heading\">Vermittlung von Arbeitskr\u00e4ften<\/span>\n                            <\/p>\n                            <div class=\"hp-accordion__arrow purple\">\n                                <svg class=\"hp-accordion__svg purple\" width=\"15\" height=\"16\" viewBox=\"0 0 15 16\" fill=\"none\" xmlns=\"http:\/\/www.w3.org\/2000\/svg\">\n                                    <path d=\"M0 8H14\" stroke=\"white\" stroke-width=\"1.5\" stroke-linejoin=\"round\"\/>\n                                    <path d=\"M7 1L14 8L7 15\" stroke=\"white\" stroke-width=\"1.5\" stroke-linejoin=\"round\"\/>\n                                <\/svg>\n                            <\/div>\n                        <\/div>\n                        <div id=\"foerdermoeglichkeiten-tab-1\" class=\"hp-accordion__content-wrap collapse \" data-parent=\"#foerdermoeglichkeiten\">\n                                                        <div class=\"hp-accordion__body\">\n                                <p>Die Arbeitgeberberatung der JOB-Offensive K\u00f6ln unterst\u00fctzt Sie gerne bei der Stellenbesetzung. Gemeinsam kl\u00e4ren wir Ihre Anforderungen und w\u00e4hlen passgenau geeignete Bewerberinnen und Bewerber f\u00fcr Sie aus.<\/p>\n                            <\/div>\n                        <\/div>\n                    <\/div>\n                                        <div class=\"hp-accordion__card\">\n                        <div class=\"hp-accordion__card-header\" role=\"button\" type=\"button\" data-toggle=\"collapse\" data-target=\"#foerdermoeglichkeiten-tab-2\" aria-expanded=\"false\" aria-controls=\"foerdermoeglichkeiten-tab-2\">\n                            <p class=\"mb-0 hp-accordion__title\" class=\"btn btn-link\">\n                                <span class=\"hp-xxs-heading\">Bewerber*innentage<\/span>\n                            <\/p>\n                            <div class=\"hp-accordion__arrow purple\">\n                                <svg class=\"hp-accordion__svg purple\" width=\"15\" height=\"16\" viewBox=\"0 0 15 16\" fill=\"none\" xmlns=\"http:\/\/www.w3.org\/2000\/svg\">\n                                    <path d=\"M0 8H14\" stroke=\"white\" stroke-width=\"1.5\" stroke-linejoin=\"round\"\/>\n                                    <path d=\"M7 1L14 8L7 15\" stroke=\"white\" stroke-width=\"1.5\" stroke-linejoin=\"round\"\/>\n                                <\/svg>\n                            <\/div>\n                        <\/div>\n                        <div id=\"foerdermoeglichkeiten-tab-2\" class=\"hp-accordion__content-wrap collapse \" data-parent=\"#foerdermoeglichkeiten\">\n                                                        <div class=\"hp-accordion__body\">\n                                <p>Sie haben eine gr\u00f6\u00dfere Anzahl an \u00e4hnlichen Arbeitspl\u00e4tzen zu besetzen? Dann bieten sich unsere Bewerbertage f\u00fcr Sie an. Daf\u00fcr besprechen wir Ihre Anforderungen und Erwartungen. Am Bewerbertag selbst haben Sie die M\u00f6glichkeit, Ihr Unternehmen einem ausgew\u00e4hlten Kreis an potenziellen Mitarbeitenden vorzustellen. Sie k\u00f6nnen direkt vor Ort Vorstellungsgespr\u00e4che zu f\u00fchren.<\/p>\n<p>Auch digitale Angebote sind m\u00f6glich. Sprechen Sie uns bei Interesse einfach an.<\/p>\n                            <\/div>\n                        <\/div>\n                    <\/div>\n                                        <div class=\"hp-accordion__card\">\n                        <div class=\"hp-accordion__card-header\" role=\"button\" type=\"button\" data-toggle=\"collapse\" data-target=\"#foerdermoeglichkeiten-tab-3\" aria-expanded=\"false\" aria-controls=\"foerdermoeglichkeiten-tab-3\">\n                            <p class=\"mb-0 hp-accordion__title\" class=\"btn btn-link\">\n                                <span class=\"hp-xxs-heading\">Betriebliches Praktikum<\/span>\n                            <\/p>\n                            <div class=\"hp-accordion__arrow purple\">\n                                <svg class=\"hp-accordion__svg purple\" width=\"15\" height=\"16\" viewBox=\"0 0 15 16\" fill=\"none\" xmlns=\"http:\/\/www.w3.org\/2000\/svg\">\n                                    <path d=\"M0 8H14\" stroke=\"white\" stroke-width=\"1.5\" stroke-linejoin=\"round\"\/>\n                                    <path d=\"M7 1L14 8L7 15\" stroke=\"white\" stroke-width=\"1.5\" stroke-linejoin=\"round\"\/>\n                                <\/svg>\n                            <\/div>\n                        <\/div>\n                        <div id=\"foerdermoeglichkeiten-tab-3\" class=\"hp-accordion__content-wrap collapse \" data-parent=\"#foerdermoeglichkeiten\">\n                                                        <div class=\"hp-accordion__body\">\n                                <p>Wenn Sie und der\/die potenzielle neue*r Mitarbeiter*in ausprobieren wollen, ob Sie zueinander passen, ist dies m\u00f6glich. So k\u00f6nnen Sie ganz praktisch die Fertigkeiten und Qualifikationen abkl\u00e4ren, aber auch Kenntnisse vermitteln. Diese M\u00f6glichkeit darf max. 6 Wochen dauern. W\u00e4hrend dieser Zeit zahlt das Jobcenter K\u00f6ln weiterhin die Leistungen zum Lebensunterhalt und erstattet die Fahrtkosten. So fallen f\u00fcr Ihr Unternehmen keine Kosten an.<\/p>\n                            <\/div>\n                        <\/div>\n                    <\/div>\n                                        <div class=\"hp-accordion__card\">\n                        <div class=\"hp-accordion__card-header\" role=\"button\" type=\"button\" data-toggle=\"collapse\" data-target=\"#foerdermoeglichkeiten-tab-4\" aria-expanded=\"false\" aria-controls=\"foerdermoeglichkeiten-tab-4\">\n                            <p class=\"mb-0 hp-accordion__title\" class=\"btn btn-link\">\n                                <span class=\"hp-xxs-heading\">Betriebliche Umschulung<\/span>\n                            <\/p>\n                            <div class=\"hp-accordion__arrow purple\">\n                                <svg class=\"hp-accordion__svg purple\" width=\"15\" height=\"16\" viewBox=\"0 0 15 16\" fill=\"none\" xmlns=\"http:\/\/www.w3.org\/2000\/svg\">\n                                    <path d=\"M0 8H14\" stroke=\"white\" stroke-width=\"1.5\" stroke-linejoin=\"round\"\/>\n                                    <path d=\"M7 1L14 8L7 15\" stroke=\"white\" stroke-width=\"1.5\" stroke-linejoin=\"round\"\/>\n                                <\/svg>\n                            <\/div>\n                        <\/div>\n                        <div id=\"foerdermoeglichkeiten-tab-4\" class=\"hp-accordion__content-wrap collapse \" data-parent=\"#foerdermoeglichkeiten\">\n                                                        <div class=\"hp-accordion__body\">\n                                <p>\u00dcber eine \u201ebetriebliche Umschulung\u201c k\u00f6nnen Arbeitsuchende einen Berufsabschluss machen. Die Umschulung findet in der Regel verk\u00fcrzt und in Vollzeit statt. Die zust\u00e4ndige Kammer ist f\u00fcr den Abschluss verantwortlich. Die Kosten f\u00fcr die Umschulung \u00fcbernimmt das Jobcenter, zum Beispiel \u00fcber einen Bildungsgutschein.<\/p>\n                            <\/div>\n                        <\/div>\n                    <\/div>\n                                        <div class=\"hp-accordion__card\">\n                        <div class=\"hp-accordion__card-header\" role=\"button\" type=\"button\" data-toggle=\"collapse\" data-target=\"#foerdermoeglichkeiten-tab-5\" aria-expanded=\"false\" aria-controls=\"foerdermoeglichkeiten-tab-5\">\n                            <p class=\"mb-0 hp-accordion__title\" class=\"btn btn-link\">\n                                <span class=\"hp-xxs-heading\">Qualifizierung<\/span>\n                            <\/p>\n                            <div class=\"hp-accordion__arrow purple\">\n                                <svg class=\"hp-accordion__svg purple\" width=\"15\" height=\"16\" viewBox=\"0 0 15 16\" fill=\"none\" xmlns=\"http:\/\/www.w3.org\/2000\/svg\">\n                                    <path d=\"M0 8H14\" stroke=\"white\" stroke-width=\"1.5\" stroke-linejoin=\"round\"\/>\n                                    <path d=\"M7 1L14 8L7 15\" stroke=\"white\" stroke-width=\"1.5\" stroke-linejoin=\"round\"\/>\n                                <\/svg>\n                            <\/div>\n                        <\/div>\n                        <div id=\"foerdermoeglichkeiten-tab-5\" class=\"hp-accordion__content-wrap collapse \" data-parent=\"#foerdermoeglichkeiten\">\n                                                        <div class=\"hp-accordion__body\">\n                                <p>Sie haben passende Mitarbeiter*innen gefunden, die noch weitere Qualifizierungen ben\u00f6tigen? Nutzen Sie die M\u00f6glichkeit, um auch geringqualifizierte Besch\u00e4ftigte zu Fachkr\u00e4ften zu machen. Zur F\u00f6rderung von Lehrgangskosten und Arbeitgeberentgeltzusch\u00fcssen beraten wir Sie gerne.<\/p>\n                            <\/div>\n                        <\/div>\n                    <\/div>\n                                        <div class=\"hp-accordion__card\">\n                        <div class=\"hp-accordion__card-header\" role=\"button\" type=\"button\" data-toggle=\"collapse\" data-target=\"#foerdermoeglichkeiten-tab-6\" aria-expanded=\"false\" aria-controls=\"foerdermoeglichkeiten-tab-6\">\n                            <p class=\"mb-0 hp-accordion__title\" class=\"btn btn-link\">\n                                <span class=\"hp-xxs-heading\">Coaching<\/span>\n                            <\/p>\n                            <div class=\"hp-accordion__arrow purple\">\n                                <svg class=\"hp-accordion__svg purple\" width=\"15\" height=\"16\" viewBox=\"0 0 15 16\" fill=\"none\" xmlns=\"http:\/\/www.w3.org\/2000\/svg\">\n                                    <path d=\"M0 8H14\" stroke=\"white\" stroke-width=\"1.5\" stroke-linejoin=\"round\"\/>\n                                    <path d=\"M7 1L14 8L7 15\" stroke=\"white\" stroke-width=\"1.5\" stroke-linejoin=\"round\"\/>\n                                <\/svg>\n                            <\/div>\n                        <\/div>\n                        <div id=\"foerdermoeglichkeiten-tab-6\" class=\"hp-accordion__content-wrap collapse \" data-parent=\"#foerdermoeglichkeiten\">\n                                                        <div class=\"hp-accordion__body\">\n                                <p>Auch nach der Arbeitsaufnahme kann die Stabilisierung der Besch\u00e4ftigung durch das Jobcenter K\u00f6ln gef\u00f6rdert werden. Die Intensit\u00e4t des Coachings wird an die individuellen Bedarfe angepasst.<\/p>\n                            <\/div>\n                        <\/div>\n                    <\/div>\n                                        <div class=\"hp-accordion__card\">\n                        <div class=\"hp-accordion__card-header\" role=\"button\" type=\"button\" data-toggle=\"collapse\" data-target=\"#foerdermoeglichkeiten-tab-7\" aria-expanded=\"false\" aria-controls=\"foerdermoeglichkeiten-tab-7\">\n                            <p class=\"mb-0 hp-accordion__title\" class=\"btn btn-link\">\n                                <span class=\"hp-xxs-heading\">Probebesch\u00e4ftigung<\/span>\n                            <\/p>\n                            <div class=\"hp-accordion__arrow purple\">\n                                <svg class=\"hp-accordion__svg purple\" width=\"15\" height=\"16\" viewBox=\"0 0 15 16\" fill=\"none\" xmlns=\"http:\/\/www.w3.org\/2000\/svg\">\n                                    <path d=\"M0 8H14\" stroke=\"white\" stroke-width=\"1.5\" stroke-linejoin=\"round\"\/>\n                                    <path d=\"M7 1L14 8L7 15\" stroke=\"white\" stroke-width=\"1.5\" stroke-linejoin=\"round\"\/>\n                                <\/svg>\n                            <\/div>\n                        <\/div>\n                        <div id=\"foerdermoeglichkeiten-tab-7\" class=\"hp-accordion__content-wrap collapse \" data-parent=\"#foerdermoeglichkeiten\">\n                                                        <div class=\"hp-accordion__body\">\n                                <p>Langzeitarbeitslose k\u00f6nnen im Rahmen einer Probebesch\u00e4ftigung gem\u00e4\u00df \u00a716f SGB II gef\u00f6rdert werden. Als Arbeitgeber*in k\u00f6nnen Sie unter bestimmten Voraussetzungen Zusch\u00fcsse zu den Arbeitsentgelten erhalten. F\u00fcr diese Arbeitsverh\u00e4ltnisse kann bis zu drei Monaten ein volles Gehalt erstattet werden.<\/p>\n                            <\/div>\n                        <\/div>\n                    <\/div>\n                                        <div class=\"hp-accordion__card\">\n                        <div class=\"hp-accordion__card-header\" role=\"button\" type=\"button\" data-toggle=\"collapse\" data-target=\"#foerdermoeglichkeiten-tab-8\" aria-expanded=\"false\" aria-controls=\"foerdermoeglichkeiten-tab-8\">\n                            <p class=\"mb-0 hp-accordion__title\" class=\"btn btn-link\">\n                                <span class=\"hp-xxs-heading\">Junge Menschen f\u00f6rdern<\/span>\n                            <\/p>\n                            <div class=\"hp-accordion__arrow purple\">\n                                <svg class=\"hp-accordion__svg purple\" width=\"15\" height=\"16\" viewBox=\"0 0 15 16\" fill=\"none\" xmlns=\"http:\/\/www.w3.org\/2000\/svg\">\n                                    <path d=\"M0 8H14\" stroke=\"white\" stroke-width=\"1.5\" stroke-linejoin=\"round\"\/>\n                                    <path d=\"M7 1L14 8L7 15\" stroke=\"white\" stroke-width=\"1.5\" stroke-linejoin=\"round\"\/>\n                                <\/svg>\n                            <\/div>\n                        <\/div>\n                        <div id=\"foerdermoeglichkeiten-tab-8\" class=\"hp-accordion__content-wrap collapse \" data-parent=\"#foerdermoeglichkeiten\">\n                                                        <div class=\"hp-accordion__body\">\n                                <p>Viele junge Fachkr\u00e4fte sind arbeitslos und warten auf eine Chance im Job. Auch ungelernte Menschen k\u00f6nnen Ihr Unternehmen bereichern. Wir unterst\u00fctzen Sie und die jungen Arbeitnehmer*innen mit finanziellen Zusch\u00fcssen f\u00fcr die Einarbeitung und weitere Qualifizierung.<\/p>\n                            <\/div>\n                        <\/div>\n                    <\/div>\n                                        <div class=\"hp-accordion__card\">\n                        <div class=\"hp-accordion__card-header\" role=\"button\" type=\"button\" data-toggle=\"collapse\" data-target=\"#foerdermoeglichkeiten-mitarbeit_sb\" aria-expanded=\"false\" aria-controls=\"foerdermoeglichkeiten-mitarbeit_sb\">\n                            <p class=\"mb-0 hp-accordion__title\" class=\"btn btn-link\">\n                                <span class=\"hp-xxs-heading\">Menschen mit Schwerbehinderung f\u00f6rdern<\/span>\n                            <\/p>\n                            <div class=\"hp-accordion__arrow purple\">\n                                <svg class=\"hp-accordion__svg purple\" width=\"15\" height=\"16\" viewBox=\"0 0 15 16\" fill=\"none\" xmlns=\"http:\/\/www.w3.org\/2000\/svg\">\n                                    <path d=\"M0 8H14\" stroke=\"white\" stroke-width=\"1.5\" stroke-linejoin=\"round\"\/>\n                                    <path d=\"M7 1L14 8L7 15\" stroke=\"white\" stroke-width=\"1.5\" stroke-linejoin=\"round\"\/>\n                                <\/svg>\n                            <\/div>\n                        <\/div>\n                        <div id=\"foerdermoeglichkeiten-mitarbeit_sb\" class=\"hp-accordion__content-wrap collapse \" data-parent=\"#foerdermoeglichkeiten\">\n                                                        <div class=\"hp-accordion__body\">\n                                <p>Haben Sie bei der Besetzung Ihrer offenen Stellen schon einmal dar\u00fcber nachgedacht, Menschen mit einer Schwerbehinderung einzustellen?<\/p>\n<p>Das sollten Sie \u2013 denn das Potenzial dieser Personengruppe ist f\u00fcr den Arbeitsmarkt unentbehrlich: Anteilig gibt es hier mehr ausgebildete Fachkr\u00e4fte als bei Menschen ohne Behinderung.<\/p>\n<p>Wir unterst\u00fctzen Sie gerne<\/p>\n<ul>\n<li>bei der Suche nach geeigneten Bewerber*innen;<\/li>\n<li>bei der Antragstellung von F\u00f6rderungen, z.B. Lohnkosten\u00fcbernahme oder Mehrfachanrechnung;<\/li>\n<li>bei der Beschaffung von Hilfsmitteln, z.B. eine Rampe oder ein entsprechender Arbeitsplatz;<\/li>\n<li>mit begleitendem Coaching f\u00fcr eine nachhaltige Eingliederung;<\/li>\n<li>bei allen Fragen zu diesem Thema.<\/li>\n<\/ul>\n<p><a href=\"https:\/\/www.jobcenterkoeln.de\/wp-content\/uploads\/2023\/07\/2303030_III-Kolner-Wirtschaft-1-2023_jobcenter.pdf\" target=\"_blank\" rel=\"noopener\"><img decoding=\"async\" src=\"https:\/\/www.jobcenterkoeln.de\/wp-content\/uploads\/2020\/11\/icon_download_dunkelgrau.svg\" width=\"30px\" height=\"auto\" \/><\/a> Artikel <a href=\"https:\/\/www.jobcenterkoeln.de\/wp-content\/uploads\/2023\/07\/2303030_III-Kolner-Wirtschaft-1-2023_jobcenter.pdf\" target=\"_blank\" rel=\"noopener\">&#8220;Suchen Sie Arbeitskr\u00e4fte?&#8221;<\/a> in der K\u00f6lner Wirtschaft 01\/2023 (PDF)<\/p>\n<p>Haben wir Sie neugierig gemacht?<br \/>\nKontaktieren Sie uns per E-Mail (s.u.) oder unter 0221 9429 8850<\/p>\n                            <\/div>\n                        <\/div>\n                    <\/div>\n                                        <div class=\"hp-accordion__card\">\n                        <div class=\"hp-accordion__card-header\" role=\"button\" type=\"button\" data-toggle=\"collapse\" data-target=\"#foerdermoeglichkeiten-tab-10\" aria-expanded=\"false\" aria-controls=\"foerdermoeglichkeiten-tab-10\">\n                            <p class=\"mb-0 hp-accordion__title\" class=\"btn btn-link\">\n                                <span class=\"hp-xxs-heading\">Eingliederungszuschuss (EGZ)<\/span>\n                            <\/p>\n                            <div class=\"hp-accordion__arrow purple\">\n                                <svg class=\"hp-accordion__svg purple\" width=\"15\" height=\"16\" viewBox=\"0 0 15 16\" fill=\"none\" xmlns=\"http:\/\/www.w3.org\/2000\/svg\">\n                                    <path d=\"M0 8H14\" stroke=\"white\" stroke-width=\"1.5\" stroke-linejoin=\"round\"\/>\n                                    <path d=\"M7 1L14 8L7 15\" stroke=\"white\" stroke-width=\"1.5\" stroke-linejoin=\"round\"\/>\n                                <\/svg>\n                            <\/div>\n                        <\/div>\n                        <div id=\"foerdermoeglichkeiten-tab-10\" class=\"hp-accordion__content-wrap collapse \" data-parent=\"#foerdermoeglichkeiten\">\n                                                        <div class=\"hp-accordion__body\">\n                                <p>Unter bestimmten Voraussetzungen f\u00f6rdern wir die Einstellung eines neuen Mitarbeiters oder einer neuen Mitarbeiterin. Das Jobcenter K\u00f6ln zahlt dann Zusch\u00fcsse zu den Arbeitsentgelten. F\u00f6rderh\u00f6he und F\u00f6rderdauer richten sich nach den Unterst\u00fctzungsbed\u00fcrfnissen der Arbeitnehmerin oder des Arbeitnehmers.<\/p>\n<p>Wenn Sie eine*n Mitarbeiter*in einstellen wollen und ein Eingliederungszuschuss beantragt werden soll, melden Sie sich gerne vor der Einstellung bei uns.<\/p>\n                            <\/div>\n                        <\/div>\n                    <\/div>\n                                        <div class=\"hp-accordion__card\">\n                        <div class=\"hp-accordion__card-header\" role=\"button\" type=\"button\" data-toggle=\"collapse\" data-target=\"#foerdermoeglichkeiten-teilhabe\" aria-expanded=\"false\" aria-controls=\"foerdermoeglichkeiten-teilhabe\">\n                            <p class=\"mb-0 hp-accordion__title\" class=\"btn btn-link\">\n                                <span class=\"hp-xxs-heading\">Lohnkostenzusch\u00fcsse<\/span>\n                            <\/p>\n                            <div class=\"hp-accordion__arrow purple\">\n                                <svg class=\"hp-accordion__svg purple\" width=\"15\" height=\"16\" viewBox=\"0 0 15 16\" fill=\"none\" xmlns=\"http:\/\/www.w3.org\/2000\/svg\">\n                                    <path d=\"M0 8H14\" stroke=\"white\" stroke-width=\"1.5\" stroke-linejoin=\"round\"\/>\n                                    <path d=\"M7 1L14 8L7 15\" stroke=\"white\" stroke-width=\"1.5\" stroke-linejoin=\"round\"\/>\n                                <\/svg>\n                            <\/div>\n                        <\/div>\n                        <div id=\"foerdermoeglichkeiten-teilhabe\" class=\"hp-accordion__content-wrap collapse \" data-parent=\"#foerdermoeglichkeiten\">\n                                                        <div class=\"hp-accordion__body\">\n                                <p>Mit dem Teilhabechancengesetz (\u00a7\u00a7 16e und 16i SGB II) gibt es zwei weitere F\u00f6rderm\u00f6glichkeiten in Form von <strong>Lohnkostenzusch\u00fcssen<\/strong>.<\/p>\n<p><strong>Teilhabe am Arbeitsmarkt \u2013 \u00a716i SGB II<\/strong><\/p>\n<p>Gef\u00f6rdert werden Menschen, die trotz guter konjunktureller Lage bisher nicht auf dem allgemeinen Arbeitsmarkt Fu\u00df fassen konnten. Es geht sowohl um die Realisierung von Teilhabechancen als auch um die nachhaltige Integration dieser Menschen. Um das zu schaffen, k\u00f6nnen Unternehmen bis zu 5 Jahre finanziell unterst\u00fctzt werden. Ein begleitendes Coaching, sowie die \u00dcbernahme von Weiterbildungskosten unterst\u00fctzen Arbeitgeber*innen und Arbeitnehmer*innen gleicherma\u00dfen.<\/p>\n<p>Das bedeutet, Sie haben bis zu f\u00fcnf Jahre Zeit, um mit unserer Hilfe neue Mitarbeiter*innen so zu st\u00e4rken und zu f\u00f6rdern, dass Sie aus Ihrem Team nicht mehr wegzudenken sind.<\/p>\n<ul>\n<li>\u00a0Lohnkostenzuschuss:<br \/>\n1. Jahr 100%<br \/>\n2. Jahr 100%<br \/>\n3. Jahr 90%<br \/>\n4. Jahr 80%<br \/>\n5. Jahr 70%<br \/>\nDer Lohnkostenzuschuss bemisst sich am Mindestlohn, bei tariflichen oder tariforientierten Arbeitgebern am Tariflohn.<\/li>\n<li>\u00dcbernahme der Weiterbildungskosten in H\u00f6he von bis zu 3.000 Euro<\/li>\n<li>ganzheitliche, besch\u00e4ftigungsbegleitende Betreuung (Coaching) f\u00fcr Arbeitgeber*in und Arbeitnehmer*in<\/li>\n<li>Praktika in anderen Betrieben m\u00f6glich<\/li>\n<li>befristete und unbefristete Arbeitsverh\u00e4ltnisse m\u00f6glich<\/li>\n<\/ul>\n<p>Zielgruppe sind \u00fcber 25-J\u00e4hrige, die in den letzten sieben Jahren mindestens sechs Jahre Leistungen vom Jobcenter bezogen haben. Bei Menschen mit einer anerkannten Schwerbehinderung oder Familien mit mindestens einem unter 18-j\u00e4hrigen Kind, sind die Voraussetzungen erf\u00fcllt, wenn diese in den letzten f\u00fcnf Jahren Leistungen im Jobcenter bezogen haben. Die infrage kommende Personengruppe hat in dieser Zeit nicht oder nur kurzzeitig gearbeitet.<\/p>\n<p>&nbsp;<\/p>\n<p><strong>Eingliederung von Langzeitarbeitslosen \u2013 \u00a716e SGB II<\/strong><\/p>\n<p>Gef\u00f6rdert werden Menschen, die trotz guter konjunktureller Lage bisher nicht auf dem allgemeinen Arbeitsmarkt Fu\u00df fassen konnten. Es geht sowohl um die Realisierung von Teilhabechancen als auch um die nachhaltige Integration dieser Menschen. Um das zu schaffen, k\u00f6nnen Unternehmen zwei Jahre finanziell unterst\u00fctzt werden. Ein begleitendes Coaching unterst\u00fctzt Arbeitgeber*innen und Arbeitnehmer*innen gleicherma\u00dfen.<\/p>\n<ul>\n<li>\u00a0Lohnkostenzuschuss:<br \/>\n1. Jahr 75%<br \/>\n2. Jahr 50%<br \/>\nDer Lohnkostenzuschuss bemisst sich an dem zu ber\u00fccksichtigenden Arbeitsentgelt.<\/li>\n<li>F\u00f6rderung der beruflichen Weiterbildung m\u00f6glich<\/li>\n<li>ganzheitliche, besch\u00e4ftigungsbegleitende Betreuung (Coaching) f\u00fcr Arbeitgeber*in und Arbeitnehmer*in<\/li>\n<\/ul>\n<p>F\u00f6rderf\u00e4hig sind alle Personen, die mindestens zwei Jahre langzeitarbeitslos entsprechend \u00a718 des Dritten Buches Sozialgesetzbuch sind. Voraussetzung ist, dass ein mindestens zweij\u00e4hriges Arbeitsverh\u00e4ltnis begr\u00fcndet wird.<\/p>\n<p>&nbsp;<\/p>\n<p><em>Wir freuen uns auf Ihre Kontaktaufnahme!<\/em><\/p>\n<p><em>Jobcenter K\u00f6ln<\/em><br \/>\n<em>Team MitArbeit<\/em><br \/>\n<em><a href=\"mailto:Arbeitgeber-koeln@jobcenter-ge.de\">Arbeitgeber-koeln@jobcenter-ge.de<\/a><\/em><br \/>\n<em>Arbeitgeber-Hotline: <a href=\"tel:004922194298850\">0221 9429 8850<\/a><\/em><\/p>\n                            <\/div>\n                        <\/div>\n                    <\/div>\n                                    <\/div>\n                        <\/div>\n    <\/div>\n<\/section>\n\n\n\n<section class=\"small-teasers-section\" >\n    <div class=\"container\">\n        <div class=\"row pt-3\">\n        <div class=\" col-12 small-teasers-section__col\">\n    <div class=\"small-teaser purple  small-teaser--fullwidth \">\n        <div class=\"small-teaser__pic purple\">\n            <img decoding=\"async\" class=\"small-teaser__image img-fluid\" data-attachment-id=\"15585\" src=\"https:\/\/www.jobcenterkoeln.de\/wp-content\/uploads\/2020\/11\/BMAS_SozialerAM.jpg\" srcset=\"https:\/\/www.jobcenterkoeln.de\/wp-content\/uploads\/2020\/11\/BMAS_SozialerAM.jpg 872w, https:\/\/www.jobcenterkoeln.de\/wp-content\/uploads\/2020\/11\/BMAS_SozialerAM-300x168.jpg 300w, https:\/\/www.jobcenterkoeln.de\/wp-content\/uploads\/2020\/11\/BMAS_SozialerAM-768x431.jpg 768w\" sizes=\"100vw\" alt=\"\" \/>\n        <\/div>\n                <div class=\"small-teaser__body-wrap\">\n                    <div class=\"small-teaser__body small-teaser__body--margin\">\n                                    <p class=\"small-teaser__heading card-title s-heading\">\n                        Erkl\u00e4rfilm des BMAS zum Sozialen Arbeitsmarkt                    <\/p>\n                                        <div class=\"small-teaser__description\"><p>In diesem Erkl\u00e4rfilm wird erl\u00e4utert, wie das Bundesministerium f\u00fcr Arbeit und Soziales Langzeitarbeitslosen hilft, wieder Anschluss auf dem allgemeinen und sozialen Arbeitsmarkt zu finden.<\/p>\n<\/div>\n                                <\/div>\n                            <div class=\"small-teaser__button-wrap\">\n                    <a href=\"https:\/\/www.bmas.de\/SharedDocs\/Videos\/DE\/Artikel\/Arbeitsmarkt\/erklaerfilm-sozialer-arbeitsmarkt.html\" target=\"_blank\" class=\" small-teaser__link stretched-link\">\n                        <span class=\"small-teaser__link-text\">\n                            Film ansehen                        <\/span>\n                        <div class=\"small-teaser__link-arrow purple\">\n                            <svg class=\"purple\" width=\"15\" height=\"16\" viewBox=\"0 0 15 16\" fill=\"none\" xmlns=\"http:\/\/www.w3.org\/2000\/svg\">\n                                <path d=\"M0 8H14\" stroke=\"white\" stroke-width=\"1.5\" stroke-linejoin=\"round\"\/>\n                                <path d=\"M7 1L14 8L7 15\" stroke=\"white\" stroke-width=\"1.5\" stroke-linejoin=\"round\"\/>\n                            <\/svg>\n                        <\/div>\n                    <\/a>\n                <\/div>\n                        <\/div>\n            <\/div>\n<\/div><div class=\" col-12 small-teasers-section__col\">\n    <div class=\"small-teaser purple  small-teaser--fullwidth \">\n        <div class=\"small-teaser__pic purple\">\n            <img decoding=\"async\" class=\"small-teaser__image img-fluid\" data-attachment-id=\"15867\" src=\"https:\/\/www.jobcenterkoeln.de\/wp-content\/uploads\/2020\/11\/icon_email_lila_circle.svg\" srcset=\"\" sizes=\"100vw\" alt=\"\" \/>\n        <\/div>\n                <div class=\"small-teaser__body-wrap\">\n                    <div class=\"small-teaser__body small-teaser__body--margin\">\n                                    <p class=\"small-teaser__heading card-title s-heading\">\n                        Bitte nehmen Sie bei Interesse an einer F\u00f6rderung immer vor Beginn des Arbeitsverh\u00e4ltnis Kontakt mit uns auf.                    <\/p>\n                                        <div class=\"small-teaser__description\"><p>Sie haben Fragen? Wir beraten Sie gerne.<\/p>\n<p>Schreiben Sie uns einfach eine E-Mail.<\/p>\n<\/div>\n                                <\/div>\n                            <div class=\"small-teaser__button-wrap\">\n                    <a href=\"mailto:Koeln.Arbeitgeber@arbeitsagentur.de\" target=\"\" class=\" small-teaser__link stretched-link\">\n                        <span class=\"small-teaser__link-text\">\n                            Mailanfrage                        <\/span>\n                        <div class=\"small-teaser__link-arrow purple\">\n                            <svg class=\"purple\" width=\"15\" height=\"16\" viewBox=\"0 0 15 16\" fill=\"none\" xmlns=\"http:\/\/www.w3.org\/2000\/svg\">\n                                <path d=\"M0 8H14\" stroke=\"white\" stroke-width=\"1.5\" stroke-linejoin=\"round\"\/>\n                                <path d=\"M7 1L14 8L7 15\" stroke=\"white\" stroke-width=\"1.5\" stroke-linejoin=\"round\"\/>\n                            <\/svg>\n                        <\/div>\n                    <\/a>\n                <\/div>\n                        <\/div>\n            <\/div>\n<\/div>        <\/div>\n    <\/div>\n<\/section>","protected":false},"excerpt":{"rendered":"","protected":false},"author":139,"featured_media":0,"parent":0,"menu_order":0,"comment_status":"closed","ping_status":"closed","template":"","meta":{"_acf_changed":false,"footnotes":""},"folder":[],"class_list":["post-16461","page","type-page","status-publish","hentry"],"acf":[],"yoast_head":"<!-- This site is optimized with the Yoast SEO Premium plugin v26.9 (Yoast SEO v26.9) - https:\/\/yoast.com\/product\/yoast-seo-premium-wordpress\/ -->\n<title>Unterst\u00fctzung vom Jobcenter - Jobcenter K\u00f6ln<\/title>\n<meta name=\"robots\" content=\"index, follow, max-snippet:-1, max-image-preview:large, max-video-preview:-1\" \/>\n<link rel=\"canonical\" href=\"https:\/\/www.jobcenterkoeln.de\/de_APP\/unterstuetzung-vom-jobcenter\/\" \/>\n<meta property=\"og:locale\" content=\"de_DE\" \/>\n<meta property=\"og:type\" content=\"article\" \/>\n<meta property=\"og:title\" content=\"Unterst\u00fctzung vom Jobcenter\" \/>\n<meta property=\"og:url\" content=\"https:\/\/www.jobcenterkoeln.de\/de_APP\/unterstuetzung-vom-jobcenter\/\" \/>\n<meta property=\"og:site_name\" content=\"Jobcenter K\u00f6ln\" \/>\n<meta property=\"article:publisher\" content=\"https:\/\/www.facebook.com\/jobcenterkoeln\" \/>\n<meta property=\"article:modified_time\" content=\"2024-01-09T11:51:24+00:00\" \/>\n<meta name=\"twitter:card\" content=\"summary_large_image\" \/>\n<meta name=\"twitter:label1\" content=\"Est. reading time\" \/>\n\t<meta name=\"twitter:data1\" content=\"5 minutes\" \/>\n<script type=\"application\/ld+json\" class=\"yoast-schema-graph\">{\"@context\":\"https:\/\/schema.org\",\"@graph\":[{\"@type\":\"WebPage\",\"@id\":\"https:\/\/www.jobcenterkoeln.de\/de_APP\/unterstuetzung-vom-jobcenter\/\",\"url\":\"https:\/\/www.jobcenterkoeln.de\/de_APP\/unterstuetzung-vom-jobcenter\/\",\"name\":\"Unterst\u00fctzung vom Jobcenter - Jobcenter K\u00f6ln\",\"isPartOf\":{\"@id\":\"https:\/\/www.jobcenterkoeln.de\/de_APP\/#website\"},\"datePublished\":\"2020-10-29T12:47:45+00:00\",\"dateModified\":\"2024-01-09T11:51:24+00:00\",\"breadcrumb\":{\"@id\":\"https:\/\/www.jobcenterkoeln.de\/de_APP\/unterstuetzung-vom-jobcenter\/#breadcrumb\"},\"inLanguage\":\"de-APP\",\"potentialAction\":[{\"@type\":\"ReadAction\",\"target\":[\"https:\/\/www.jobcenterkoeln.de\/de_APP\/unterstuetzung-vom-jobcenter\/\"]}]},{\"@type\":\"BreadcrumbList\",\"@id\":\"https:\/\/www.jobcenterkoeln.de\/de_APP\/unterstuetzung-vom-jobcenter\/#breadcrumb\",\"itemListElement\":[{\"@type\":\"ListItem\",\"position\":1,\"name\":\"Home\",\"item\":\"https:\/\/www.jobcenterkoeln.de\/de_APP\/\"},{\"@type\":\"ListItem\",\"position\":2,\"name\":\"Unterst\u00fctzung vom Jobcenter\"}]},{\"@type\":\"WebSite\",\"@id\":\"https:\/\/www.jobcenterkoeln.de\/de_APP\/#website\",\"url\":\"https:\/\/www.jobcenterkoeln.de\/de_APP\/\",\"name\":\"Jobcenter K\u00f6ln\",\"description\":\"\",\"publisher\":{\"@id\":\"https:\/\/www.jobcenterkoeln.de\/de_APP\/#organization\"},\"potentialAction\":[{\"@type\":\"SearchAction\",\"target\":{\"@type\":\"EntryPoint\",\"urlTemplate\":\"https:\/\/www.jobcenterkoeln.de\/de_APP\/?s={search_term_string}\"},\"query-input\":{\"@type\":\"PropertyValueSpecification\",\"valueRequired\":true,\"valueName\":\"search_term_string\"}}],\"inLanguage\":\"de-APP\"},{\"@type\":\"Organization\",\"@id\":\"https:\/\/www.jobcenterkoeln.de\/de_APP\/#organization\",\"name\":\"Jobcenter K\u00f6ln\",\"url\":\"https:\/\/www.jobcenterkoeln.de\/de_APP\/\",\"logo\":{\"@type\":\"ImageObject\",\"inLanguage\":\"de-APP\",\"@id\":\"https:\/\/www.jobcenterkoeln.de\/de_APP\/#\/schema\/logo\/image\/\",\"url\":\"\",\"contentUrl\":\"\",\"caption\":\"Jobcenter K\u00f6ln\"},\"image\":{\"@id\":\"https:\/\/www.jobcenterkoeln.de\/de_APP\/#\/schema\/logo\/image\/\"},\"sameAs\":[\"https:\/\/www.facebook.com\/jobcenterkoeln\",\"https:\/\/www.youtube.com\/channel\/UCYRuht_ePRSHEkGxLmTjr0Q\"]}]}<\/script>\n<!-- \/ Yoast SEO Premium plugin. -->","yoast_head_json":{"title":"Unterst\u00fctzung vom Jobcenter - Jobcenter K\u00f6ln","robots":{"index":"index","follow":"follow","max-snippet":"max-snippet:-1","max-image-preview":"max-image-preview:large","max-video-preview":"max-video-preview:-1"},"canonical":"https:\/\/www.jobcenterkoeln.de\/de_APP\/unterstuetzung-vom-jobcenter\/","og_locale":"de_DE","og_type":"article","og_title":"Unterst\u00fctzung vom Jobcenter","og_url":"https:\/\/www.jobcenterkoeln.de\/de_APP\/unterstuetzung-vom-jobcenter\/","og_site_name":"Jobcenter K\u00f6ln","article_publisher":"https:\/\/www.facebook.com\/jobcenterkoeln","article_modified_time":"2024-01-09T11:51:24+00:00","twitter_card":"summary_large_image","twitter_misc":{"Est. reading time":"5 minutes"},"schema":{"@context":"https:\/\/schema.org","@graph":[{"@type":"WebPage","@id":"https:\/\/www.jobcenterkoeln.de\/de_APP\/unterstuetzung-vom-jobcenter\/","url":"https:\/\/www.jobcenterkoeln.de\/de_APP\/unterstuetzung-vom-jobcenter\/","name":"Unterst\u00fctzung vom Jobcenter - Jobcenter K\u00f6ln","isPartOf":{"@id":"https:\/\/www.jobcenterkoeln.de\/de_APP\/#website"},"datePublished":"2020-10-29T12:47:45+00:00","dateModified":"2024-01-09T11:51:24+00:00","breadcrumb":{"@id":"https:\/\/www.jobcenterkoeln.de\/de_APP\/unterstuetzung-vom-jobcenter\/#breadcrumb"},"inLanguage":"de-APP","potentialAction":[{"@type":"ReadAction","target":["https:\/\/www.jobcenterkoeln.de\/de_APP\/unterstuetzung-vom-jobcenter\/"]}]},{"@type":"BreadcrumbList","@id":"https:\/\/www.jobcenterkoeln.de\/de_APP\/unterstuetzung-vom-jobcenter\/#breadcrumb","itemListElement":[{"@type":"ListItem","position":1,"name":"Home","item":"https:\/\/www.jobcenterkoeln.de\/de_APP\/"},{"@type":"ListItem","position":2,"name":"Unterst\u00fctzung vom Jobcenter"}]},{"@type":"WebSite","@id":"https:\/\/www.jobcenterkoeln.de\/de_APP\/#website","url":"https:\/\/www.jobcenterkoeln.de\/de_APP\/","name":"Jobcenter K\u00f6ln","description":"","publisher":{"@id":"https:\/\/www.jobcenterkoeln.de\/de_APP\/#organization"},"potentialAction":[{"@type":"SearchAction","target":{"@type":"EntryPoint","urlTemplate":"https:\/\/www.jobcenterkoeln.de\/de_APP\/?s={search_term_string}"},"query-input":{"@type":"PropertyValueSpecification","valueRequired":true,"valueName":"search_term_string"}}],"inLanguage":"de-APP"},{"@type":"Organization","@id":"https:\/\/www.jobcenterkoeln.de\/de_APP\/#organization","name":"Jobcenter K\u00f6ln","url":"https:\/\/www.jobcenterkoeln.de\/de_APP\/","logo":{"@type":"ImageObject","inLanguage":"de-APP","@id":"https:\/\/www.jobcenterkoeln.de\/de_APP\/#\/schema\/logo\/image\/","url":"","contentUrl":"","caption":"Jobcenter K\u00f6ln"},"image":{"@id":"https:\/\/www.jobcenterkoeln.de\/de_APP\/#\/schema\/logo\/image\/"},"sameAs":["https:\/\/www.facebook.com\/jobcenterkoeln","https:\/\/www.youtube.com\/channel\/UCYRuht_ePRSHEkGxLmTjr0Q"]}]}},"_links":{"self":[{"href":"https:\/\/www.jobcenterkoeln.de\/de_APP\/wp-json\/wp\/v2\/pages\/16461","targetHints":{"allow":["GET"]}}],"collection":[{"href":"https:\/\/www.jobcenterkoeln.de\/de_APP\/wp-json\/wp\/v2\/pages"}],"about":[{"href":"https:\/\/www.jobcenterkoeln.de\/de_APP\/wp-json\/wp\/v2\/types\/page"}],"author":[{"embeddable":true,"href":"https:\/\/www.jobcenterkoeln.de\/de_APP\/wp-json\/wp\/v2\/users\/139"}],"replies":[{"embeddable":true,"href":"https:\/\/www.jobcenterkoeln.de\/de_APP\/wp-json\/wp\/v2\/comments?post=16461"}],"version-history":[{"count":3,"href":"https:\/\/www.jobcenterkoeln.de\/de_APP\/wp-json\/wp\/v2\/pages\/16461\/revisions"}],"predecessor-version":[{"id":25428,"href":"https:\/\/www.jobcenterkoeln.de\/de_APP\/wp-json\/wp\/v2\/pages\/16461\/revisions\/25428"}],"wp:attachment":[{"href":"https:\/\/www.jobcenterkoeln.de\/de_APP\/wp-json\/wp\/v2\/media?parent=16461"}],"wp:term":[{"taxonomy":"folder","embeddable":true,"href":"https:\/\/www.jobcenterkoeln.de\/de_APP\/wp-json\/wp\/v2\/folder?post=16461"}],"curies":[{"name":"wp","href":"https:\/\/api.w.org\/{rel}","templated":true}]}}