{"id":24310,"date":"2023-09-06T16:07:38","date_gmt":"2023-09-06T14:07:38","guid":{"rendered":"https:\/\/www.jobcenterkoeln.de\/?page_id=24310"},"modified":"2023-09-18T13:48:02","modified_gmt":"2023-09-18T11:48:02","slug":"was-steht-auf-www-jobcenterkoeln-de","status":"publish","type":"page","link":"https:\/\/www.jobcenterkoeln.de\/de_EZ\/was-steht-auf-www-jobcenterkoeln-de\/","title":{"rendered":"Was steht auf www.jobcenterkoeln.de?"},"content":{"rendered":"<div class=\"section\">\n    <div class=\"section__head flower-blue  \">\n        <div class=\"container\">\n                        <h1 class=\"section__heading\"> Was steht auf www.jobcenterkoeln.de <\/h1>\n        <\/div>\n    <\/div>\n<\/div>\n\n\r\n<div class=\"space\"><\/div>\n\n\n<div class=\"section content-section  no-mb text-image \" >\n    <div\n        class=\"container  \">\n        <div class=\"row\">\n                        <div class=\"col-12 \">\n\n                <div class=\"text-image__wrap \">\n                                        <div class=\"headline\">\n                        <h2 class=\"left\"> Inhalte von dieser Internet-Seite <\/h2>\n                    <\/div>\n                                        <div class=\"text-image__wrap-single\">\n                        <p>Auf dieser Internet-Seite stehen Infos vom <strong>Jobcenter K\u00f6ln<\/strong> zu verschiedenen Themen.<\/p>\n                    <\/div>\n\n                <\/div>\n            <\/div>\n\n                    <\/div>\n    <\/div>\n<\/div>\n\n\n<div class=\"section content-section  no-mb text-image \" >\n    <div\n        class=\"container  \">\n        <div class=\"row\">\n            <div class=\"col-12\">\n\n\n                <div class=\"text-image__wrap \">\n                                        <div\n                        class=\"col-12 col-md-6 text-image__duo \">\n                                                <div class=\"text-image__duo-content\">\n                            <p>Es gibt 3 Haupt-Themen<\/p>\n<ul>\n<li><strong>Arbeit<br \/>\n<\/strong>Hier steht zum Beispiel:<br \/>\nWie wir Ihnen helfen, wenn Sie einen Job suchen.<\/li>\n<\/ul>\n                        <\/div>\n                                            <\/div>\n                    <div\n                        class=\"col-12 col-md-6 text-image__duo px-0\">\n                                                <img decoding=\"async\" class=\"text-image__duo-img normal\" data-attachment-id=\"4117\" src=\"https:\/\/www.jobcenterkoeln.de\/wp-content\/uploads\/2020\/11\/beratung-1-1.png\" alt=\"\">\n                                            <\/div>\n                <\/div>\n            <\/div>\n                    <\/div>\n    <\/div>\n<\/div>\n\n\n<div class=\"section content-section  no-mb text-image \" >\n    <div\n        class=\"container  \">\n        <div class=\"row\">\n            <div class=\"col-12\">\n\n\n                <div class=\"text-image__wrap \">\n                                        <div\n                        class=\"col-12 col-md-6 text-image__duo \">\n                                                <div class=\"text-image__duo-content\">\n                            <ul>\n<li><strong>Geld<br \/>\n<\/strong>Hier finden Sie Infos dazu, was das Jobcenter f\u00fcr Sie bezahlt.<\/li>\n<\/ul>\n                        <\/div>\n                                            <\/div>\n                    <div\n                        class=\"col-12 col-md-6 text-image__duo px-0\">\n                                                <img decoding=\"async\" class=\"text-image__duo-img normal\" data-attachment-id=\"4361\" src=\"https:\/\/www.jobcenterkoeln.de\/wp-content\/uploads\/2020\/11\/geld-bekommen-1.png\" alt=\"\">\n                                            <\/div>\n                <\/div>\n            <\/div>\n                    <\/div>\n    <\/div>\n<\/div>\n\n\n<div class=\"section content-section   text-image \" >\n    <div\n        class=\"container  \">\n        <div class=\"row\">\n            <div class=\"col-12\">\n\n\n                <div class=\"text-image__wrap \">\n                                        <div\n                        class=\"col-12 col-md-6 text-image__duo \">\n                                                <div class=\"text-image__duo-content\">\n                            <ul>\n<li><strong>Hilfe<br \/>\n<\/strong>Hier helfen wir Ihnen bei Problemen.<br \/>\nUnd beantworten h\u00e4ufige Fragen.<br \/>\nAu\u00dferdem erkl\u00e4ren wir schwierige W\u00f6rter.<br \/>\nSie k\u00f6nnen hier auch Dateien herunterladen.<\/li>\n<\/ul>\n                        <\/div>\n                                            <\/div>\n                    <div\n                        class=\"col-12 col-md-6 text-image__duo px-0\">\n                                                <img decoding=\"async\" class=\"text-image__duo-img normal\" data-attachment-id=\"4309\" src=\"https:\/\/www.jobcenterkoeln.de\/wp-content\/uploads\/2020\/11\/frage-1.png\" alt=\"\">\n                                            <\/div>\n                <\/div>\n            <\/div>\n                    <\/div>\n    <\/div>\n<\/div>\n\n\n<div class=\"section content-section  no-mb text-image \" >\n    <div\n        class=\"container  \">\n        <div class=\"row\">\n                        <div class=\"col-12 \">\n\n                <div class=\"text-image__wrap \">\n                                        <div class=\"text-image__wrap-single\">\n                        <p>Wenn Sie Fragen zum <strong>Jobcenter K\u00f6ln<\/strong> haben.<\/p>\n<p>Oder wenn Sie Fragen zu dieser Internet-Seite haben:<\/p>\n<p>Dann k\u00f6nnen Sie uns gerne kontaktieren:<\/p>\n<p><a href=\"https:\/\/www.jobcenterkoeln.de\/kontakt\/\">Kontakt zum Jobcenter K\u00f6ln<\/a><\/p>\n                    <\/div>\n\n                <\/div>\n            <\/div>\n\n                    <\/div>\n    <\/div>\n<\/div>\n\n\n<div class=\"section content-section   text-image \" >\n    <div\n        class=\"container  \">\n        <div class=\"row\">\n            <div class=\"col-12\">\n\n\n                <div class=\"text-image__wrap \">\n                                        <div\n                        class=\"col-12 col-md-6 text-image__duo \">\n                                                <div class=\"text-image__duo-content\">\n                            <p><strong>Telefon<\/strong><\/p>\n<p>Sie k\u00f6nnen uns anrufen.<\/p>\n<p>Wir sind von Montag bis Freitag von 8 bis 18 Uhr erreichbar.<\/p>\n<p>Telefon-Nummer: <strong>02 21 \u2013 96 44 34 01<\/strong><\/p>\n<p>&nbsp;<\/p>\n<p><strong>Pers\u00f6nlicher Termin<\/strong><\/p>\n<p>Sie k\u00f6nnen auch zu uns kommen<\/p>\n<p>und mit uns pers\u00f6nlich sprechen.<\/p>\n<p>Bitte beachten Sie:<\/p>\n<p>Sie m\u00fcssen vorher einen Termin ausmachen:<\/p>\n<ul>\n<li>Sie k\u00f6nnen uns anrufen und einen Termin ausmachen.<\/li>\n<li>Sie k\u00f6nnen mit unseren Mitarbeitern und Mitarbeiterinnen am Empfang einen Termin ausmachen.<\/li>\n<li>Sie k\u00f6nnen einen Termin auf unserer Internet-Seite buchen.<br \/>\nKlicken Sie auf den folgenden Link:<br \/>\n<a href=\"https:\/\/www.jobcenterkoeln.de\/termine\/\">Termin buchen<\/a><\/li>\n<\/ul>\n<ul>\n<li>Sie k\u00f6nnen \u00fcber Ihr Online-Post-Fach einen Termin ausmachen.<br \/>\nKlicken Sie auf den folgenden Link:<br \/>\n<a href=\"https:\/\/web.arbeitsagentur.de\/websso-prod\/login\/?from=router&amp;resource_url=https:%2F%2Fweb.arbeitsagentur.de%2Fpost%2Fpost-kpf-ui%2Fpd%2F%3Fpk_vid%3D6005dde030cd7cd71688210854ab7f0e&amp;rid=8dc873d8-60ba-4e73-8ee9-15a212dacffd\">Online-Post-Fach<\/a><\/li>\n<\/ul>\n                        <\/div>\n                                            <\/div>\n                    <div\n                        class=\"col-12 col-md-6 text-image__duo px-0\">\n                                                <img decoding=\"async\" class=\"text-image__duo-img normal\" data-attachment-id=\"4865\" src=\"https:\/\/www.jobcenterkoeln.de\/wp-content\/uploads\/2020\/11\/telefonieren_frau-1.png\" alt=\"\">\n                                            <\/div>\n                <\/div>\n            <\/div>\n                    <\/div>\n    <\/div>\n<\/div>","protected":false},"excerpt":{"rendered":"","protected":false},"author":139,"featured_media":0,"parent":0,"menu_order":0,"comment_status":"closed","ping_status":"closed","template":"","meta":{"_acf_changed":false,"footnotes":""},"folder":[],"class_list":["post-24310","page","type-page","status-publish","hentry"],"acf":[],"yoast_head":"<!-- This site is optimized with the Yoast SEO Premium plugin v26.9 (Yoast SEO v26.9) - https:\/\/yoast.com\/product\/yoast-seo-premium-wordpress\/ -->\n<title>Was steht auf www.jobcenterkoeln.de? - Jobcenter K\u00f6ln<\/title>\n<meta name=\"robots\" content=\"index, follow, max-snippet:-1, max-image-preview:large, max-video-preview:-1\" \/>\n<link rel=\"canonical\" href=\"https:\/\/www.jobcenterkoeln.de\/de_EZ\/was-steht-auf-www-jobcenterkoeln-de\/\" \/>\n<meta property=\"og:locale\" content=\"de_DE\" \/>\n<meta property=\"og:type\" content=\"article\" \/>\n<meta property=\"og:title\" content=\"Was steht auf www.jobcenterkoeln.de?\" \/>\n<meta property=\"og:url\" content=\"https:\/\/www.jobcenterkoeln.de\/de_EZ\/was-steht-auf-www-jobcenterkoeln-de\/\" \/>\n<meta property=\"og:site_name\" content=\"Jobcenter K\u00f6ln\" \/>\n<meta property=\"article:publisher\" content=\"https:\/\/www.facebook.com\/jobcenterkoeln\" \/>\n<meta property=\"article:modified_time\" content=\"2023-09-18T11:48:02+00:00\" \/>\n<meta name=\"twitter:card\" content=\"summary_large_image\" \/>\n<script type=\"application\/ld+json\" class=\"yoast-schema-graph\">{\"@context\":\"https:\/\/schema.org\",\"@graph\":[{\"@type\":\"WebPage\",\"@id\":\"https:\/\/www.jobcenterkoeln.de\/de_EZ\/was-steht-auf-www-jobcenterkoeln-de\/\",\"url\":\"https:\/\/www.jobcenterkoeln.de\/de_EZ\/was-steht-auf-www-jobcenterkoeln-de\/\",\"name\":\"Was steht auf www.jobcenterkoeln.de? - Jobcenter K\u00f6ln\",\"isPartOf\":{\"@id\":\"https:\/\/www.jobcenterkoeln.de\/de_EZ\/#website\"},\"datePublished\":\"2023-09-06T14:07:38+00:00\",\"dateModified\":\"2023-09-18T11:48:02+00:00\",\"breadcrumb\":{\"@id\":\"https:\/\/www.jobcenterkoeln.de\/de_EZ\/was-steht-auf-www-jobcenterkoeln-de\/#breadcrumb\"},\"inLanguage\":\"de-EZ\",\"potentialAction\":[{\"@type\":\"ReadAction\",\"target\":[\"https:\/\/www.jobcenterkoeln.de\/de_EZ\/was-steht-auf-www-jobcenterkoeln-de\/\"]}]},{\"@type\":\"BreadcrumbList\",\"@id\":\"https:\/\/www.jobcenterkoeln.de\/de_EZ\/was-steht-auf-www-jobcenterkoeln-de\/#breadcrumb\",\"itemListElement\":[{\"@type\":\"ListItem\",\"position\":1,\"name\":\"Home\",\"item\":\"https:\/\/www.jobcenterkoeln.de\/de_EZ\/\"},{\"@type\":\"ListItem\",\"position\":2,\"name\":\"Was steht auf www.jobcenterkoeln.de?\"}]},{\"@type\":\"WebSite\",\"@id\":\"https:\/\/www.jobcenterkoeln.de\/de_EZ\/#website\",\"url\":\"https:\/\/www.jobcenterkoeln.de\/de_EZ\/\",\"name\":\"Jobcenter K\u00f6ln\",\"description\":\"\",\"publisher\":{\"@id\":\"https:\/\/www.jobcenterkoeln.de\/de_EZ\/#organization\"},\"potentialAction\":[{\"@type\":\"SearchAction\",\"target\":{\"@type\":\"EntryPoint\",\"urlTemplate\":\"https:\/\/www.jobcenterkoeln.de\/de_EZ\/?s={search_term_string}\"},\"query-input\":{\"@type\":\"PropertyValueSpecification\",\"valueRequired\":true,\"valueName\":\"search_term_string\"}}],\"inLanguage\":\"de-EZ\"},{\"@type\":\"Organization\",\"@id\":\"https:\/\/www.jobcenterkoeln.de\/de_EZ\/#organization\",\"name\":\"Jobcenter K\u00f6ln\",\"url\":\"https:\/\/www.jobcenterkoeln.de\/de_EZ\/\",\"logo\":{\"@type\":\"ImageObject\",\"inLanguage\":\"de-EZ\",\"@id\":\"https:\/\/www.jobcenterkoeln.de\/de_EZ\/#\/schema\/logo\/image\/\",\"url\":\"\",\"contentUrl\":\"\",\"caption\":\"Jobcenter K\u00f6ln\"},\"image\":{\"@id\":\"https:\/\/www.jobcenterkoeln.de\/de_EZ\/#\/schema\/logo\/image\/\"},\"sameAs\":[\"https:\/\/www.facebook.com\/jobcenterkoeln\",\"https:\/\/www.youtube.com\/channel\/UCYRuht_ePRSHEkGxLmTjr0Q\"]}]}<\/script>\n<!-- \/ Yoast SEO Premium plugin. -->","yoast_head_json":{"title":"Was steht auf www.jobcenterkoeln.de? - Jobcenter K\u00f6ln","robots":{"index":"index","follow":"follow","max-snippet":"max-snippet:-1","max-image-preview":"max-image-preview:large","max-video-preview":"max-video-preview:-1"},"canonical":"https:\/\/www.jobcenterkoeln.de\/de_EZ\/was-steht-auf-www-jobcenterkoeln-de\/","og_locale":"de_DE","og_type":"article","og_title":"Was steht auf www.jobcenterkoeln.de?","og_url":"https:\/\/www.jobcenterkoeln.de\/de_EZ\/was-steht-auf-www-jobcenterkoeln-de\/","og_site_name":"Jobcenter K\u00f6ln","article_publisher":"https:\/\/www.facebook.com\/jobcenterkoeln","article_modified_time":"2023-09-18T11:48:02+00:00","twitter_card":"summary_large_image","schema":{"@context":"https:\/\/schema.org","@graph":[{"@type":"WebPage","@id":"https:\/\/www.jobcenterkoeln.de\/de_EZ\/was-steht-auf-www-jobcenterkoeln-de\/","url":"https:\/\/www.jobcenterkoeln.de\/de_EZ\/was-steht-auf-www-jobcenterkoeln-de\/","name":"Was steht auf www.jobcenterkoeln.de? - Jobcenter K\u00f6ln","isPartOf":{"@id":"https:\/\/www.jobcenterkoeln.de\/de_EZ\/#website"},"datePublished":"2023-09-06T14:07:38+00:00","dateModified":"2023-09-18T11:48:02+00:00","breadcrumb":{"@id":"https:\/\/www.jobcenterkoeln.de\/de_EZ\/was-steht-auf-www-jobcenterkoeln-de\/#breadcrumb"},"inLanguage":"de-EZ","potentialAction":[{"@type":"ReadAction","target":["https:\/\/www.jobcenterkoeln.de\/de_EZ\/was-steht-auf-www-jobcenterkoeln-de\/"]}]},{"@type":"BreadcrumbList","@id":"https:\/\/www.jobcenterkoeln.de\/de_EZ\/was-steht-auf-www-jobcenterkoeln-de\/#breadcrumb","itemListElement":[{"@type":"ListItem","position":1,"name":"Home","item":"https:\/\/www.jobcenterkoeln.de\/de_EZ\/"},{"@type":"ListItem","position":2,"name":"Was steht auf www.jobcenterkoeln.de?"}]},{"@type":"WebSite","@id":"https:\/\/www.jobcenterkoeln.de\/de_EZ\/#website","url":"https:\/\/www.jobcenterkoeln.de\/de_EZ\/","name":"Jobcenter K\u00f6ln","description":"","publisher":{"@id":"https:\/\/www.jobcenterkoeln.de\/de_EZ\/#organization"},"potentialAction":[{"@type":"SearchAction","target":{"@type":"EntryPoint","urlTemplate":"https:\/\/www.jobcenterkoeln.de\/de_EZ\/?s={search_term_string}"},"query-input":{"@type":"PropertyValueSpecification","valueRequired":true,"valueName":"search_term_string"}}],"inLanguage":"de-EZ"},{"@type":"Organization","@id":"https:\/\/www.jobcenterkoeln.de\/de_EZ\/#organization","name":"Jobcenter K\u00f6ln","url":"https:\/\/www.jobcenterkoeln.de\/de_EZ\/","logo":{"@type":"ImageObject","inLanguage":"de-EZ","@id":"https:\/\/www.jobcenterkoeln.de\/de_EZ\/#\/schema\/logo\/image\/","url":"","contentUrl":"","caption":"Jobcenter K\u00f6ln"},"image":{"@id":"https:\/\/www.jobcenterkoeln.de\/de_EZ\/#\/schema\/logo\/image\/"},"sameAs":["https:\/\/www.facebook.com\/jobcenterkoeln","https:\/\/www.youtube.com\/channel\/UCYRuht_ePRSHEkGxLmTjr0Q"]}]}},"_links":{"self":[{"href":"https:\/\/www.jobcenterkoeln.de\/de_EZ\/wp-json\/wp\/v2\/pages\/24310","targetHints":{"allow":["GET"]}}],"collection":[{"href":"https:\/\/www.jobcenterkoeln.de\/de_EZ\/wp-json\/wp\/v2\/pages"}],"about":[{"href":"https:\/\/www.jobcenterkoeln.de\/de_EZ\/wp-json\/wp\/v2\/types\/page"}],"author":[{"embeddable":true,"href":"https:\/\/www.jobcenterkoeln.de\/de_EZ\/wp-json\/wp\/v2\/users\/139"}],"replies":[{"embeddable":true,"href":"https:\/\/www.jobcenterkoeln.de\/de_EZ\/wp-json\/wp\/v2\/comments?post=24310"}],"version-history":[{"count":11,"href":"https:\/\/www.jobcenterkoeln.de\/de_EZ\/wp-json\/wp\/v2\/pages\/24310\/revisions"}],"predecessor-version":[{"id":24462,"href":"https:\/\/www.jobcenterkoeln.de\/de_EZ\/wp-json\/wp\/v2\/pages\/24310\/revisions\/24462"}],"wp:attachment":[{"href":"https:\/\/www.jobcenterkoeln.de\/de_EZ\/wp-json\/wp\/v2\/media?parent=24310"}],"wp:term":[{"taxonomy":"folder","embeddable":true,"href":"https:\/\/www.jobcenterkoeln.de\/de_EZ\/wp-json\/wp\/v2\/folder?post=24310"}],"curies":[{"name":"wp","href":"https:\/\/api.w.org\/{rel}","templated":true}]}}