{"id":24449,"date":"2023-09-18T13:45:20","date_gmt":"2023-09-18T11:45:20","guid":{"rendered":"https:\/\/www.jobcenterkoeln.de\/?page_id=24449"},"modified":"2023-09-18T14:34:36","modified_gmt":"2023-09-18T12:34:36","slug":"so-funktioniert-www-jobcenterkoeln-de","status":"publish","type":"page","link":"https:\/\/www.jobcenterkoeln.de\/de_EZ\/so-funktioniert-www-jobcenterkoeln-de\/","title":{"rendered":"So funktioniert www.jobcenterkoeln.de"},"content":{"rendered":"<div class=\"section\">\n    <div class=\"section__head flower-blue  \">\n        <div class=\"container\">\n                        <h1 class=\"section__heading\"> So funktioniert www.jobcenterkoeln.de <\/h1>\n        <\/div>\n    <\/div>\n<\/div>\n\n\r\n<div class=\"space\"><\/div>\n\n\n<div class=\"section content-section   text-image \" >\n    <div\n        class=\"container  \">\n        <div class=\"row\">\n                        <div class=\"col-12 \">\n\n                <div class=\"text-image__wrap \">\n                                        <div class=\"headline\">\n                        <h2 class=\"left\"> Navigation auf dieser Internet-Seite <\/h2>\n                    <\/div>\n                                        <div class=\"text-image__wrap-single\">\n                        <p>Navigation bedeutet:<\/p>\n<p>So kommen Sie von einer Seite auf eine andere Seite.<\/p>\n<p>Und wieder zur\u00fcck.<\/p>\n<p>&nbsp;<\/p>\n<p>Die Internet-Adresse vom <strong>Jobcenter K\u00f6ln<\/strong> lautet:<\/p>\n<p><a href=\"https:\/\/www.jobcenterkoeln.de\/\">https:\/\/www.jobcenterkoeln.de\/<\/a><\/p>\n                    <\/div>\n\n                <\/div>\n            <\/div>\n\n                    <\/div>\n    <\/div>\n<\/div>\n\n\n<div class=\"section content-section  no-mb text-image \" >\n    <div\n        class=\"container  \">\n        <div class=\"row\">\n            <div class=\"col-12\">\n\n\n                <div class=\"text-image__wrap \">\n                                        <div class=\"headline\">\n                    <h3 class=\"left\"> Startseite <\/h3>\n                    <\/div>\n                                        <div\n                        class=\"col-12 col-md-6 text-image__duo \">\n                                                <div class=\"text-image__duo-content\">\n                            <p>Zun\u00e4chst sind Sie auf der Start-Seite in schwerer Sprache.<\/p>\n<p>Das ist das Zeichen f\u00fcr die Start-Seite.<\/p>\n<p>Das Zeichen finden Sie links oben<\/p>\n<p>auf jeder einzelnen Internet-Seite.<\/p>\n<p>Wenn Sie auf dieses Zeichen klicken:<\/p>\n<p>Dann kommen Sie zur\u00fcck zur Start-Seite in schwerer Sprache.<\/p>\n                        <\/div>\n                                            <\/div>\n                    <div\n                        class=\"col-12 col-md-6 text-image__duo px-0\">\n                                                <img decoding=\"async\" class=\"text-image__duo-img normal\" data-attachment-id=\"330\" src=\"https:\/\/www.jobcenterkoeln.de\/wp-content\/uploads\/2020\/10\/logo.png\" alt=\"Logo Jobcenter K\u00f6ln - zur Startseite\">\n                                            <\/div>\n                <\/div>\n            <\/div>\n                    <\/div>\n    <\/div>\n<\/div>\n\n\n<div class=\"section content-section   text-image \" >\n    <div\n        class=\"container  \">\n        <div class=\"row\">\n            <div class=\"col-12\">\n\n\n                <div class=\"text-image__wrap \">\n                                        <div\n                        class=\"col-12 col-md-6 text-image__duo \">\n                                                <div class=\"text-image__duo-content\">\n                            <p>Rechts oben sehen Sie 4 kleine Zeichen.<\/p>\n<p>So sehen die Zeichen aus.<\/p>\n<p>Das 2. Zeichen ist das Zeichen f\u00fcr Leichte Sprache.<\/p>\n<p>Wenn Sie auf das Zeichen klicken:<\/p>\n<p>Dann kommen Sie auf die Start-Seite in Leichter Sprache.<\/p>\n<p>Das ist die Internet-Adresse vom <strong>Jobcenter K\u00f6ln<\/strong> in Leichter Sprache:<\/p>\n<p><a href=\"https:\/\/www.jobcenterkoeln.de\/de_EZ\/\">https:\/\/www.jobcenterkoeln.de\/de_EZ\/<\/a><\/p>\n                        <\/div>\n                                            <\/div>\n                    <div\n                        class=\"col-12 col-md-6 text-image__duo px-0\">\n                                                <img decoding=\"async\" class=\"text-image__duo-img normal\" data-attachment-id=\"24457\" src=\"https:\/\/www.jobcenterkoeln.de\/wp-content\/uploads\/2023\/09\/LS_Metanavigation.png\" alt=\"\">\n                                            <\/div>\n                <\/div>\n            <\/div>\n                    <\/div>\n    <\/div>\n<\/div>\n\n\n<div class=\"section content-section   text-image \" >\n    <div\n        class=\"container  \">\n        <div class=\"row\">\n            <div class=\"col-12\">\n\n\n                <div class=\"text-image__wrap \">\n                                        <div\n                        class=\"col-12 col-md-6 text-image__duo \">\n                                                <div class=\"text-image__duo-content\">\n                            <p>Die Start-Seiten in schwerer Sprache und in Leichter Sprache haben das gleiche Zeichen:<\/p>\n<p>&nbsp;<\/p>\n<p>Wenn Sie von den Seiten in schwerer Sprache auf das Zeichen klicken:<\/p>\n<p>Dann kommen Sie zur\u00fcck zur Start-Seite in schwerer Sprache.<\/p>\n<p>Wenn Sie von den Seiten in Leichter Sprache auf das Zeichen klicken:<\/p>\n<p>Dann kommen Sie zur\u00fcck zur Start-Seite in Leichter Sprache.<\/p>\n                        <\/div>\n                                            <\/div>\n                    <div\n                        class=\"col-12 col-md-6 text-image__duo px-0\">\n                                                <img decoding=\"async\" class=\"text-image__duo-img normal\" data-attachment-id=\"330\" src=\"https:\/\/www.jobcenterkoeln.de\/wp-content\/uploads\/2020\/10\/logo.png\" alt=\"Logo Jobcenter K\u00f6ln - zur Startseite\">\n                                            <\/div>\n                <\/div>\n            <\/div>\n                    <\/div>\n    <\/div>\n<\/div>\n\n\n<div class=\"section content-section   text-image \" >\n    <div\n        class=\"container  \">\n        <div class=\"row\">\n            <div class=\"col-12\">\n\n\n                <div class=\"text-image__wrap \">\n                                        <div\n                        class=\"col-12 col-md-6 text-image__duo \">\n                                                <div class=\"text-image__duo-content\">\n                            <p>Wenn Sie von den Seiten in Leichter Sprache zu den Seiten in schwerer Sprache wechseln wollen:<\/p>\n<p>Dann klicken Sie auf das Zeichen f\u00fcr Leichte Sprache:<\/p>\n<p>Es befindet sich rechts oben.<\/p>\n                        <\/div>\n                                            <\/div>\n                    <div\n                        class=\"col-12 col-md-6 text-image__duo px-0\">\n                                                <img decoding=\"async\" class=\"text-image__duo-img normal\" data-attachment-id=\"24430\" src=\"https:\/\/www.jobcenterkoeln.de\/wp-content\/uploads\/2023\/09\/InclusionEurope.jpg\" alt=\"\">\n                                            <\/div>\n                <\/div>\n            <\/div>\n                    <\/div>\n    <\/div>\n<\/div>\n\n\n<div class=\"section content-section   text-image \" >\n    <div\n        class=\"container  \">\n        <div class=\"row\">\n            <div class=\"col-12\">\n\n\n                <div class=\"text-image__wrap \">\n                                        <div class=\"headline\">\n                    <h3 class=\"left\"> Haupt-Men\u00fc <\/h3>\n                    <\/div>\n                                        <div\n                        class=\"col-12 col-md-6 text-image__duo \">\n                                                <div class=\"text-image__duo-content\">\n                            <p>Oben in der Mitte ist das Haupt-Men\u00fc.<\/p>\n<p>&nbsp;<\/p>\n<p>Es besteht aus 3 Punkten:<\/p>\n<ul>\n<li><strong>Arbeit<\/strong><\/li>\n<li><strong>Geld<\/strong><\/li>\n<li><strong>Hilfe<\/strong><\/li>\n<\/ul>\n<p>&nbsp;<\/p>\n<p>Die Men\u00fc-Punkte haben um den Anfangs-Buchstaben einen farbigen Kreis.<\/p>\n<p>Diese Farben finden sich auch auf den jeweiligen Unter-Seiten wieder.<\/p>\n<p>Die Farben sind:<\/p>\n<ul>\n<li>Arbeit: gr\u00fcn<\/li>\n<li>Geld: gelb<\/li>\n<li>Hilfe: blau<\/li>\n<\/ul>\n<p>&nbsp;<\/p>\n<p>Wenn Sie auf die einzelnen Men\u00fc-Punkte klicken:<\/p>\n<p>Dann \u00f6ffnen sich Unter-Punkte.<\/p>\n<p>&nbsp;<\/p>\n<p>Bei <strong>Arbeit<\/strong> sind das die folgenden Unter-Punkte:<\/p>\n<ul>\n<li>Gleich-Stellung im Job<\/li>\n<li>JOB-Offensive K\u00f6ln<\/li>\n<\/ul>\n<p>&nbsp;<\/p>\n<p>Bei <strong>Geld<\/strong> sind das die folgenden Unter-Punkte:<\/p>\n<ul>\n<li>Bescheid verstehen<\/li>\n<li>Wer bekommt Geld?<\/li>\n<li>Geld zum Leben<\/li>\n<li>Geld zum Wohnen<\/li>\n<\/ul>\n<p>&nbsp;<\/p>\n<p>Bei <strong>Hilfe<\/strong> sind das die folgenden Unter-Punkte:<\/p>\n<ul>\n<li>Hilfe bei Problemen<\/li>\n<li>H\u00e4ufig gestellte Fragen<\/li>\n<li>W\u00f6rter-Buch<\/li>\n<li>Dateien zum Herunterladen<\/li>\n<\/ul>\n                        <\/div>\n                                            <\/div>\n                    <div\n                        class=\"col-12 col-md-6 text-image__duo px-0\">\n                                                <img decoding=\"async\" class=\"text-image__duo-img normal\" data-attachment-id=\"24486\" src=\"https:\/\/www.jobcenterkoeln.de\/wp-content\/uploads\/2023\/09\/LS_Navigation-1024x79.png\" alt=\"\">\n                                            <\/div>\n                <\/div>\n            <\/div>\n                    <\/div>\n    <\/div>\n<\/div>\n\n\n<div class=\"section content-section   text-image \" >\n    <div\n        class=\"container  \">\n        <div class=\"row\">\n            <div class=\"col-12\">\n\n\n                <div class=\"text-image__wrap \">\n                                        <div class=\"headline\">\n                    <h3 class=\"left\"> Darstellung <\/h3>\n                    <\/div>\n                                        <div\n                        class=\"col-12 col-md-6 text-image__duo \">\n                                                <div class=\"text-image__duo-content\">\n                            <p>Rechts oben sind 3 kleine Zeichen.<\/p>\n<p>Sie sehen so aus:<\/p>\n<p>&nbsp;<\/p>\n<p>Das 1. Zeichen ist eine kleine Lupe.<\/p>\n<p>Wenn Sie auf die Lupe klicken:<\/p>\n<p>Dann \u00f6ffnet sich ein kleines Feld.<\/p>\n<p>Im Feld steht:<\/p>\n<p><strong>Suche<\/strong><\/p>\n<p>Schreiben Sie hier das Wort, nach dem Sie suchen.<\/p>\n<p>Zum Beispiel <strong>B\u00fcrger-Geld.<\/strong><\/p>\n<p>Danach werden Ihnen die Such-Ergebnisse angezeigt.<\/p>\n<p>&nbsp;<\/p>\n<p>Das 2. Zeichen ist das Zeichen f\u00fcr Leichte Sprache.<\/p>\n<p>Wenn Sie auf dieses Zeichen klicken:<\/p>\n<p>Dann k\u00f6nnen Sie von den Seiten in Leichter Sprache auf die Seiten in schwerer Sprache wechseln.<\/p>\n<p>Und umgekehrt.<\/p>\n<p>&nbsp;<\/p>\n<p>Wenn Sie auf das 3. Zeichen klicken:<\/p>\n<p>Dann wird der Hinter-Grund schwarz.<\/p>\n<p>Die Schrift-Farbe wird hell.<\/p>\n<p>Vielleicht k\u00f6nnen Sie so die Texte besser lesen.<\/p>\n                        <\/div>\n                                            <\/div>\n                    <div\n                        class=\"col-12 col-md-6 text-image__duo px-0\">\n                                                <img decoding=\"async\" class=\"text-image__duo-img normal\" data-attachment-id=\"24477\" src=\"https:\/\/www.jobcenterkoeln.de\/wp-content\/uploads\/2023\/09\/LS_Metanavi.png\" alt=\"\">\n                                            <\/div>\n                <\/div>\n            <\/div>\n                    <\/div>\n    <\/div>\n<\/div>\n\n\n<div class=\"section content-section   text-image \" >\n    <div\n        class=\"container  \">\n        <div class=\"row\">\n            <div class=\"col-12\">\n\n\n                <div class=\"text-image__wrap \">\n                                        <div class=\"headline\">\n                    <h3 class=\"left\"> Untere Men\u00fc-Leiste <\/h3>\n                    <\/div>\n                                        <div\n                        class=\"col-12 col-md-6 text-image__duo \">\n                                                <div class=\"text-image__duo-content\">\n                            <p>Die untere Men\u00fc-Leiste sieht so aus:<\/p>\n<p>&nbsp;<\/p>\n<p>Es gibt 3 Haupt-Punkte:<\/p>\n<ul>\n<li><strong>Das Jobcenter K\u00f6ln<\/strong><\/li>\n<li><strong>Sonstiges<\/strong><\/li>\n<li><strong>Kontakt<\/strong><\/li>\n<\/ul>\n<p>&nbsp;<\/p>\n<p>Unter <strong>Jobcenter K\u00f6ln<\/strong> lesen Sie:<\/p>\n<ul>\n<li>\u00dcber uns<\/li>\n<\/ul>\n<p>&nbsp;<\/p>\n<p>Unter <strong>Sonstiges<\/strong> lesen Sie:<\/p>\n<ul>\n<li>\u00d6ffentliche Zustellung<\/li>\n<li>Impressum\/Rechtliche Hinweise<\/li>\n<li>Daten-Schutz<\/li>\n<\/ul>\n<p>&nbsp;<\/p>\n<p>Was bedeutet <strong>\u00f6ffentliche Zustellung?<\/strong><\/p>\n<p>Vielleicht kennt das Jobcenter Ihre Adresse <strong>nicht.<\/strong><\/p>\n<p>Deshalb kann es Ihnen <strong>keine<\/strong> Briefe schicken.<\/p>\n<p>Dann schreibt das Jobcenter in den Aushang-Kasten, dass ein Brief f\u00fcr Sie da ist.<\/p>\n<p>Und wo Sie den Brief abholen k\u00f6nnen.<\/p>\n<p>Der Aushang-Kasten ist im Eingang vom Gesch\u00e4fts-Bereich S\u00fcd.<\/p>\n<p>&nbsp;<\/p>\n<p>Unter <strong>Kontakt<\/strong> lesen Sie:<\/p>\n<ul>\n<li>So erreichen Sie uns<\/li>\n<\/ul>\n<p>Service-Telefon f\u00fcr Menschen mit H\u00f6r-Beeintr\u00e4chtigung<\/p>\n                        <\/div>\n                                            <\/div>\n                    <div\n                        class=\"col-12 col-md-6 text-image__duo px-0\">\n                                                <img decoding=\"async\" class=\"text-image__duo-img normal\" data-attachment-id=\"24502\" src=\"https:\/\/www.jobcenterkoeln.de\/wp-content\/uploads\/2023\/09\/LS_Footernavigation-1024x128.png\" alt=\"\">\n                                            <\/div>\n                <\/div>\n            <\/div>\n                    <\/div>\n    <\/div>\n<\/div>\n\n\n<div class=\"section content-section  no-mb text-image \" >\n    <div\n        class=\"container  \">\n        <div class=\"row\">\n            <div class=\"col-12\">\n\n\n                <div class=\"text-image__wrap \">\n                                        <div\n                        class=\"col-12 col-md-6 text-image__duo \">\n                                                <div class=\"text-image__duo-content\">\n                            <p>Ganz unten sehen Sie Folgendes:<\/p>\n                        <\/div>\n                                            <\/div>\n                    <div\n                        class=\"col-12 col-md-6 text-image__duo px-0\">\n                                                <img decoding=\"async\" class=\"text-image__duo-img normal\" data-attachment-id=\"24505\" src=\"https:\/\/www.jobcenterkoeln.de\/wp-content\/uploads\/2023\/09\/LS_Footer.png\" alt=\"\">\n                                            <\/div>\n                <\/div>\n            <\/div>\n                    <\/div>\n    <\/div>\n<\/div>\n\n\n<div class=\"section content-section  no-mb text-image \" >\n    <div\n        class=\"container  \">\n        <div class=\"row\">\n            <div class=\"col-12\">\n\n\n                <div class=\"text-image__wrap \">\n                                        <div\n                        class=\"col-12 col-md-6 text-image__duo \">\n                                                <div class=\"text-image__duo-content\">\n                            <p>Wenn Sie auf dieses Zeichen klicken:<\/p>\n<p>Dann kommen Sie zur\u00fcck zur Start-Seite.<\/p>\n                        <\/div>\n                                            <\/div>\n                    <div\n                        class=\"col-12 col-md-6 text-image__duo px-0\">\n                                                <img decoding=\"async\" class=\"text-image__duo-img normal\" data-attachment-id=\"330\" src=\"https:\/\/www.jobcenterkoeln.de\/wp-content\/uploads\/2020\/10\/logo.png\" alt=\"Logo Jobcenter K\u00f6ln - zur Startseite\">\n                                            <\/div>\n                <\/div>\n            <\/div>\n                    <\/div>\n    <\/div>\n<\/div>\n\n\n<div class=\"section content-section   text-image \" >\n    <div\n        class=\"container  \">\n        <div class=\"row\">\n            <div class=\"col-12\">\n\n\n                <div class=\"text-image__wrap \">\n                                        <div\n                        class=\"col-12 col-md-6 text-image__duo \">\n                                                <div class=\"text-image__duo-content\">\n                            <p>Neben dem Zeichen f\u00fcr die Start-Seite steht unser Copy-Right.<\/p>\n<p>Copy-Right spricht man so aus:<\/p>\n<p>Kopi-Reit.<\/p>\n<p>Copy-Right bedeutet:<\/p>\n<p>Das <strong>Jobcenter K\u00f6ln<\/strong> hat diese Internet-Seite geschrieben.<\/p>\n<p>Deshalb hat das <strong>Jobcenter K\u00f6ln<\/strong> die <strong>Rechte<\/strong> an den Texten und Bildern von dieser Internet-Seite.<\/p>\n<p>Wenn Sie die Texte kopieren wollen:<\/p>\n<p>Dann m\u00fcssen Sie zuerst das <strong>Jobcenter K\u00f6ln<\/strong> fragen.<\/p>\n                        <\/div>\n                                            <\/div>\n                    <div\n                        class=\"col-12 col-md-6 text-image__duo px-0\">\n                                                <img decoding=\"async\" class=\"text-image__duo-img normal\" data-attachment-id=\"24499\" src=\"https:\/\/www.jobcenterkoeln.de\/wp-content\/uploads\/2023\/09\/LS_Copyright.png\" alt=\"\">\n                                            <\/div>\n                <\/div>\n            <\/div>\n                    <\/div>\n    <\/div>\n<\/div>","protected":false},"excerpt":{"rendered":"","protected":false},"author":139,"featured_media":0,"parent":0,"menu_order":0,"comment_status":"closed","ping_status":"closed","template":"","meta":{"_acf_changed":false,"footnotes":""},"folder":[],"class_list":["post-24449","page","type-page","status-publish","hentry"],"acf":[],"yoast_head":"<!-- This site is optimized with the Yoast SEO Premium plugin v26.9 (Yoast SEO v26.9) - https:\/\/yoast.com\/product\/yoast-seo-premium-wordpress\/ -->\n<title>So funktioniert www.jobcenterkoeln.de - Jobcenter K\u00f6ln<\/title>\n<meta name=\"robots\" content=\"index, follow, max-snippet:-1, max-image-preview:large, max-video-preview:-1\" \/>\n<link rel=\"canonical\" href=\"https:\/\/www.jobcenterkoeln.de\/de_EZ\/so-funktioniert-www-jobcenterkoeln-de\/\" \/>\n<meta property=\"og:locale\" content=\"de_DE\" \/>\n<meta property=\"og:type\" content=\"article\" \/>\n<meta property=\"og:title\" content=\"So funktioniert www.jobcenterkoeln.de\" \/>\n<meta property=\"og:url\" content=\"https:\/\/www.jobcenterkoeln.de\/de_EZ\/so-funktioniert-www-jobcenterkoeln-de\/\" \/>\n<meta property=\"og:site_name\" content=\"Jobcenter K\u00f6ln\" \/>\n<meta property=\"article:publisher\" content=\"https:\/\/www.facebook.com\/jobcenterkoeln\" \/>\n<meta property=\"article:modified_time\" content=\"2023-09-18T12:34:36+00:00\" \/>\n<meta name=\"twitter:card\" content=\"summary_large_image\" \/>\n<script type=\"application\/ld+json\" class=\"yoast-schema-graph\">{\"@context\":\"https:\/\/schema.org\",\"@graph\":[{\"@type\":\"WebPage\",\"@id\":\"https:\/\/www.jobcenterkoeln.de\/de_EZ\/so-funktioniert-www-jobcenterkoeln-de\/\",\"url\":\"https:\/\/www.jobcenterkoeln.de\/de_EZ\/so-funktioniert-www-jobcenterkoeln-de\/\",\"name\":\"So funktioniert www.jobcenterkoeln.de - Jobcenter K\u00f6ln\",\"isPartOf\":{\"@id\":\"https:\/\/www.jobcenterkoeln.de\/de_EZ\/#website\"},\"datePublished\":\"2023-09-18T11:45:20+00:00\",\"dateModified\":\"2023-09-18T12:34:36+00:00\",\"breadcrumb\":{\"@id\":\"https:\/\/www.jobcenterkoeln.de\/de_EZ\/so-funktioniert-www-jobcenterkoeln-de\/#breadcrumb\"},\"inLanguage\":\"de-EZ\",\"potentialAction\":[{\"@type\":\"ReadAction\",\"target\":[\"https:\/\/www.jobcenterkoeln.de\/de_EZ\/so-funktioniert-www-jobcenterkoeln-de\/\"]}]},{\"@type\":\"BreadcrumbList\",\"@id\":\"https:\/\/www.jobcenterkoeln.de\/de_EZ\/so-funktioniert-www-jobcenterkoeln-de\/#breadcrumb\",\"itemListElement\":[{\"@type\":\"ListItem\",\"position\":1,\"name\":\"Home\",\"item\":\"https:\/\/www.jobcenterkoeln.de\/de_EZ\/\"},{\"@type\":\"ListItem\",\"position\":2,\"name\":\"So funktioniert www.jobcenterkoeln.de\"}]},{\"@type\":\"WebSite\",\"@id\":\"https:\/\/www.jobcenterkoeln.de\/de_EZ\/#website\",\"url\":\"https:\/\/www.jobcenterkoeln.de\/de_EZ\/\",\"name\":\"Jobcenter K\u00f6ln\",\"description\":\"\",\"publisher\":{\"@id\":\"https:\/\/www.jobcenterkoeln.de\/de_EZ\/#organization\"},\"potentialAction\":[{\"@type\":\"SearchAction\",\"target\":{\"@type\":\"EntryPoint\",\"urlTemplate\":\"https:\/\/www.jobcenterkoeln.de\/de_EZ\/?s={search_term_string}\"},\"query-input\":{\"@type\":\"PropertyValueSpecification\",\"valueRequired\":true,\"valueName\":\"search_term_string\"}}],\"inLanguage\":\"de-EZ\"},{\"@type\":\"Organization\",\"@id\":\"https:\/\/www.jobcenterkoeln.de\/de_EZ\/#organization\",\"name\":\"Jobcenter K\u00f6ln\",\"url\":\"https:\/\/www.jobcenterkoeln.de\/de_EZ\/\",\"logo\":{\"@type\":\"ImageObject\",\"inLanguage\":\"de-EZ\",\"@id\":\"https:\/\/www.jobcenterkoeln.de\/de_EZ\/#\/schema\/logo\/image\/\",\"url\":\"\",\"contentUrl\":\"\",\"caption\":\"Jobcenter K\u00f6ln\"},\"image\":{\"@id\":\"https:\/\/www.jobcenterkoeln.de\/de_EZ\/#\/schema\/logo\/image\/\"},\"sameAs\":[\"https:\/\/www.facebook.com\/jobcenterkoeln\",\"https:\/\/www.youtube.com\/channel\/UCYRuht_ePRSHEkGxLmTjr0Q\"]}]}<\/script>\n<!-- \/ Yoast SEO Premium plugin. -->","yoast_head_json":{"title":"So funktioniert www.jobcenterkoeln.de - Jobcenter K\u00f6ln","robots":{"index":"index","follow":"follow","max-snippet":"max-snippet:-1","max-image-preview":"max-image-preview:large","max-video-preview":"max-video-preview:-1"},"canonical":"https:\/\/www.jobcenterkoeln.de\/de_EZ\/so-funktioniert-www-jobcenterkoeln-de\/","og_locale":"de_DE","og_type":"article","og_title":"So funktioniert www.jobcenterkoeln.de","og_url":"https:\/\/www.jobcenterkoeln.de\/de_EZ\/so-funktioniert-www-jobcenterkoeln-de\/","og_site_name":"Jobcenter K\u00f6ln","article_publisher":"https:\/\/www.facebook.com\/jobcenterkoeln","article_modified_time":"2023-09-18T12:34:36+00:00","twitter_card":"summary_large_image","schema":{"@context":"https:\/\/schema.org","@graph":[{"@type":"WebPage","@id":"https:\/\/www.jobcenterkoeln.de\/de_EZ\/so-funktioniert-www-jobcenterkoeln-de\/","url":"https:\/\/www.jobcenterkoeln.de\/de_EZ\/so-funktioniert-www-jobcenterkoeln-de\/","name":"So funktioniert www.jobcenterkoeln.de - Jobcenter K\u00f6ln","isPartOf":{"@id":"https:\/\/www.jobcenterkoeln.de\/de_EZ\/#website"},"datePublished":"2023-09-18T11:45:20+00:00","dateModified":"2023-09-18T12:34:36+00:00","breadcrumb":{"@id":"https:\/\/www.jobcenterkoeln.de\/de_EZ\/so-funktioniert-www-jobcenterkoeln-de\/#breadcrumb"},"inLanguage":"de-EZ","potentialAction":[{"@type":"ReadAction","target":["https:\/\/www.jobcenterkoeln.de\/de_EZ\/so-funktioniert-www-jobcenterkoeln-de\/"]}]},{"@type":"BreadcrumbList","@id":"https:\/\/www.jobcenterkoeln.de\/de_EZ\/so-funktioniert-www-jobcenterkoeln-de\/#breadcrumb","itemListElement":[{"@type":"ListItem","position":1,"name":"Home","item":"https:\/\/www.jobcenterkoeln.de\/de_EZ\/"},{"@type":"ListItem","position":2,"name":"So funktioniert www.jobcenterkoeln.de"}]},{"@type":"WebSite","@id":"https:\/\/www.jobcenterkoeln.de\/de_EZ\/#website","url":"https:\/\/www.jobcenterkoeln.de\/de_EZ\/","name":"Jobcenter K\u00f6ln","description":"","publisher":{"@id":"https:\/\/www.jobcenterkoeln.de\/de_EZ\/#organization"},"potentialAction":[{"@type":"SearchAction","target":{"@type":"EntryPoint","urlTemplate":"https:\/\/www.jobcenterkoeln.de\/de_EZ\/?s={search_term_string}"},"query-input":{"@type":"PropertyValueSpecification","valueRequired":true,"valueName":"search_term_string"}}],"inLanguage":"de-EZ"},{"@type":"Organization","@id":"https:\/\/www.jobcenterkoeln.de\/de_EZ\/#organization","name":"Jobcenter K\u00f6ln","url":"https:\/\/www.jobcenterkoeln.de\/de_EZ\/","logo":{"@type":"ImageObject","inLanguage":"de-EZ","@id":"https:\/\/www.jobcenterkoeln.de\/de_EZ\/#\/schema\/logo\/image\/","url":"","contentUrl":"","caption":"Jobcenter K\u00f6ln"},"image":{"@id":"https:\/\/www.jobcenterkoeln.de\/de_EZ\/#\/schema\/logo\/image\/"},"sameAs":["https:\/\/www.facebook.com\/jobcenterkoeln","https:\/\/www.youtube.com\/channel\/UCYRuht_ePRSHEkGxLmTjr0Q"]}]}},"_links":{"self":[{"href":"https:\/\/www.jobcenterkoeln.de\/de_EZ\/wp-json\/wp\/v2\/pages\/24449","targetHints":{"allow":["GET"]}}],"collection":[{"href":"https:\/\/www.jobcenterkoeln.de\/de_EZ\/wp-json\/wp\/v2\/pages"}],"about":[{"href":"https:\/\/www.jobcenterkoeln.de\/de_EZ\/wp-json\/wp\/v2\/types\/page"}],"author":[{"embeddable":true,"href":"https:\/\/www.jobcenterkoeln.de\/de_EZ\/wp-json\/wp\/v2\/users\/139"}],"replies":[{"embeddable":true,"href":"https:\/\/www.jobcenterkoeln.de\/de_EZ\/wp-json\/wp\/v2\/comments?post=24449"}],"version-history":[{"count":17,"href":"https:\/\/www.jobcenterkoeln.de\/de_EZ\/wp-json\/wp\/v2\/pages\/24449\/revisions"}],"predecessor-version":[{"id":24509,"href":"https:\/\/www.jobcenterkoeln.de\/de_EZ\/wp-json\/wp\/v2\/pages\/24449\/revisions\/24509"}],"wp:attachment":[{"href":"https:\/\/www.jobcenterkoeln.de\/de_EZ\/wp-json\/wp\/v2\/media?parent=24449"}],"wp:term":[{"taxonomy":"folder","embeddable":true,"href":"https:\/\/www.jobcenterkoeln.de\/de_EZ\/wp-json\/wp\/v2\/folder?post=24449"}],"curies":[{"name":"wp","href":"https:\/\/api.w.org\/{rel}","templated":true}]}}