{"id":24708,"date":"2023-10-19T12:34:34","date_gmt":"2023-10-19T10:34:34","guid":{"rendered":"https:\/\/www.jobcenterkoeln.de\/?page_id=24708"},"modified":"2023-12-06T09:05:55","modified_gmt":"2023-12-06T08:05:55","slug":"beratung-und-hilfe","status":"publish","type":"page","link":"https:\/\/www.jobcenterkoeln.de\/de_EZ\/beratung-und-hilfe\/","title":{"rendered":"Beratung und Hilfe"},"content":{"rendered":"<div class=\"section\">\n    <div class=\"section__head green br-on \">\n        <div class=\"container\">\n            <div class=\"dark\">     <nav aria-label=\"breadcrumb\">\n        <ol class=\"breadcrumb\">\n            <li class=\"breadcrumb-item\">\n                <a href=\"https:\/\/www.jobcenterkoeln.de\/de_EZ\/\">\n                    <svg width=\"25\" height=\"22\" viewBox=\"0 0 25 22\" fill=\"none\" xmlns=\"http:\/\/www.w3.org\/2000\/svg\">\n                        <path d=\"M21 11V12.5V16.5V19.5C21 20.3285 20.3285 21 19.5 21H15.5V16C15.5 15.448 15.052 15 14.5 15H10.5C9.948 15 9.5 15.448 9.5 16V21H5.5C4.6715 21 4 20.3285 4 19.5V16.5V12.5V11\" stroke=\"#706F6F\" stroke-width=\"1.5\" stroke-linecap=\"round\" stroke-linejoin=\"round\"\/>\n                        <path d=\"M1 11L12.5 1L24 11\" stroke=\"#706F6F\" stroke-width=\"1.5\" stroke-linecap=\"round\" stroke-linejoin=\"round\"\/>\n                        <path fill-rule=\"evenodd\" clip-rule=\"evenodd\" d=\"M14.5832 8.5C14.5832 9.651 13.6502 10.5835 12.4997 10.5835C11.3497 10.5835 10.4167 9.651 10.4167 8.5C10.4167 7.349 11.3497 6.4165 12.4997 6.4165C13.6502 6.4165 14.5832 7.349 14.5832 8.5Z\" stroke=\"#706F6F\" stroke-width=\"1.5\" stroke-linecap=\"round\" stroke-linejoin=\"round\"\/>\n                    <\/svg>\n                <\/a>\n            <\/li>\n                        <li class=\"breadcrumb-item active\" aria-current=\"page\"><span>Beratung und Hilfe<\/span><\/li>\n        <\/ol>\n    <\/nav>\n    \n\n<\/div>            <h1 class=\"section__heading\"> Beratung und Hilfe <\/h1>\n        <\/div>\n    <\/div>\n<\/div>\n\n\r\n<div class=\"space\"><\/div>\n\n\n<div class=\"section content-section   text-image \" >\n    <div\n        class=\"container  \">\n        <div class=\"row\">\n            <div class=\"col-12\">\n\n\n                <div class=\"text-image__wrap \">\n                                        <div\n                        class=\"col-12 col-md-6 text-image__duo \">\n                                                <div class=\"text-image__duo-content\">\n                            <p>Wir unterst\u00fctzen Sie, wenn das Geld <strong>nicht<\/strong> zum Leben reicht:<\/p>\n<ul>\n<li>Wir machen Vorschl\u00e4ge f\u00fcr einen neuen Job.<\/li>\n<li>Wir beraten Sie.<\/li>\n<li>Wir finden mit Ihnen eine Weiter-Bildung.<\/li>\n<li>Wir geben Ihnen Geld, damit Sie einen Abschluss machen k\u00f6nnen.<\/li>\n<\/ul>\n                        <\/div>\n                                            <\/div>\n                    <div\n                        class=\"col-12 col-md-6 text-image__duo px-0\">\n                                                <img decoding=\"async\" class=\"text-image__duo-img normal\" data-attachment-id=\"4117\" src=\"https:\/\/www.jobcenterkoeln.de\/wp-content\/uploads\/2020\/11\/beratung-1-1.png\" alt=\"\">\n                                            <\/div>\n                <\/div>\n            <\/div>\n                    <\/div>\n    <\/div>\n<\/div>\n\n\n<div class=\"section content-section   text-image \" >\n    <div\n        class=\"container  \">\n        <div class=\"row\">\n            <div class=\"col-12\">\n\n\n                <div class=\"text-image__wrap \">\n                                        <div class=\"headline\">\n                    <h3 class=\"left\"> Das Wichtigste in K\u00fcrze <\/h3>\n                    <\/div>\n                                        <div\n                        class=\"col-12 col-md-6 text-image__duo \">\n                                                <div class=\"text-image__duo-content\">\n                            <p>Wir wollen Ihnen so gut wie m\u00f6glich helfen.<\/p>\n<p>Daf\u00fcr m\u00fcssen wir Ihre pers\u00f6nliche Situation kennen.<\/p>\n<p>Gibt es irgendwelche Probleme?<\/p>\n<p>So dass Sie deswegen <strong>keine<\/strong> neue Arbeit suchen k\u00f6nnen.<\/p>\n                        <\/div>\n                                            <\/div>\n                    <div\n                        class=\"col-12 col-md-6 text-image__duo \">\n                                                <div class=\"text-image__duo-content\">\n                                                    <\/div>\n                                            <\/div>\n                <\/div>\n            <\/div>\n                    <\/div>\n    <\/div>\n<\/div>\n\n\n<div class=\"section content-section   text-image \" >\n    <div\n        class=\"container  \">\n        <div class=\"row\">\n            <div class=\"col-12\">\n\n\n                <div class=\"text-image__wrap \">\n                                        <div\n                        class=\"col-12 col-md-6 text-image__duo \">\n                                                <div class=\"text-image__duo-content\">\n                            <p>Wir k\u00f6nnen Sie in vielen Bereichen unterst\u00fctzen.<\/p>\n<p>Zum Beispiel:<\/p>\n<ul>\n<li>wenn Sie eine Betreuung f\u00fcr Ihre Kinder brauchen<\/li>\n<li>wenn Sie Schwierigkeiten in der Familie haben<\/li>\n<li>wenn Sie Schulden haben<\/li>\n<\/ul>\n                        <\/div>\n                                            <\/div>\n                    <div\n                        class=\"col-12 col-md-6 text-image__duo px-0\">\n                                                <img decoding=\"async\" class=\"text-image__duo-img normal\" data-attachment-id=\"4507\" src=\"https:\/\/www.jobcenterkoeln.de\/wp-content\/uploads\/2020\/11\/kindergarten-1.png\" alt=\"\">\n                                            <\/div>\n                <\/div>\n            <\/div>\n                    <\/div>\n    <\/div>\n<\/div>\n\n\n<div class=\"section content-section   text-image \" >\n    <div\n        class=\"container  \">\n        <div class=\"row\">\n            <div class=\"col-12\">\n\n\n                <div class=\"text-image__wrap \">\n                                        <div\n                        class=\"col-12 col-md-6 text-image__duo \">\n                                                <div class=\"text-image__duo-content\">\n                            <p>Wir helfen Ihnen, die Probleme zu l\u00f6sen.<\/p>\n<p>So dass Sie sich wieder eine Arbeit suchen k\u00f6nnen.<\/p>\n<p>Sprechen Sie uns an.<\/p>\n                        <\/div>\n                                            <\/div>\n                    <div\n                        class=\"col-12 col-md-6 text-image__duo \">\n                                                <div class=\"text-image__duo-content\">\n                                                    <\/div>\n                                            <\/div>\n                <\/div>\n            <\/div>\n                    <\/div>\n    <\/div>\n<\/div>\n\n\n<div class=\"section content-section   text-image \" >\n    <div\n        class=\"container  \">\n        <div class=\"row\">\n            <div class=\"col-12\">\n\n\n                <div class=\"text-image__wrap \">\n                                        <div class=\"headline\">\n                    <h3 class=\"left\"> Zusammen weiter gehen <\/h3>\n                    <\/div>\n                                        <div\n                        class=\"col-12 col-md-6 text-image__duo \">\n                                                <div class=\"text-image__duo-content\">\n                            <p>Unser gemeinsames Ziel ist:<\/p>\n<p>Sie brauchen in Zukunft <strong>kein<\/strong> Geld mehr vom Jobcenter.<\/p>\n<p>&nbsp;<\/p>\n<p>Wie k\u00f6nnen wir dieses Ziel erreichen?<\/p>\n                        <\/div>\n                                            <\/div>\n                    <div\n                        class=\"col-12 col-md-6 text-image__duo \">\n                                                <div class=\"text-image__duo-content\">\n                                                    <\/div>\n                                            <\/div>\n                <\/div>\n            <\/div>\n                    <\/div>\n    <\/div>\n<\/div>\n\n\n<div class=\"section content-section   text-image \" >\n    <div\n        class=\"container  \">\n        <div class=\"row\">\n            <div class=\"col-12\">\n\n\n                <div class=\"text-image__wrap \">\n                                        <div\n                        class=\"col-12 col-md-6 text-image__duo \">\n                                                <div class=\"text-image__duo-content\">\n                            <p>Erz\u00e4hlen Sie uns zun\u00e4chst:<\/p>\n<ul>\n<li>wie Sie leben<\/li>\n<li>was Sie bisher gearbeitet haben<\/li>\n<li>wo Sie Hilfe brauchen<\/li>\n<\/ul>\n                        <\/div>\n                                            <\/div>\n                    <div\n                        class=\"col-12 col-md-6 text-image__duo px-0\">\n                                                <img decoding=\"async\" class=\"text-image__duo-img normal\" data-attachment-id=\"4019\" src=\"https:\/\/www.jobcenterkoeln.de\/wp-content\/uploads\/2020\/11\/arbeit-an-maschine-1.png\" alt=\"\">\n                                            <\/div>\n                <\/div>\n            <\/div>\n                    <\/div>\n    <\/div>\n<\/div>\n\n\n<div class=\"section content-section   text-image \" >\n    <div\n        class=\"container  \">\n        <div class=\"row\">\n            <div class=\"col-12\">\n\n\n                <div class=\"text-image__wrap \">\n                                        <div\n                        class=\"col-12 col-md-6 text-image__duo \">\n                                                <div class=\"text-image__duo-content\">\n                            <p>Danach \u00fcberlegen wir gemeinsam:<\/p>\n<ul>\n<li>Was k\u00f6nnen Sie gut?<\/li>\n<li>Was wollen Sie arbeiten?<\/li>\n<\/ul>\n                        <\/div>\n                                            <\/div>\n                    <div\n                        class=\"col-12 col-md-6 text-image__duo px-0\">\n                                                <img decoding=\"async\" class=\"text-image__duo-img normal\" data-attachment-id=\"4411\" src=\"https:\/\/www.jobcenterkoeln.de\/wp-content\/uploads\/2020\/11\/gut-1.png\" alt=\"\">\n                                            <\/div>\n                <\/div>\n            <\/div>\n                    <\/div>\n    <\/div>\n<\/div>\n\n\n<div class=\"section content-section   text-image \" >\n    <div\n        class=\"container  \">\n        <div class=\"row\">\n            <div class=\"col-12\">\n\n\n                <div class=\"text-image__wrap \">\n                                        <div\n                        class=\"col-12 col-md-6 text-image__duo \">\n                                                <div class=\"text-image__duo-content\">\n                            <p>Wir m\u00fcssen Ihnen ganz viele Fragen stellen.<\/p>\n<p>Es ist wichtig, dass Sie die Fragen vollst\u00e4ndig beantworten.<\/p>\n                        <\/div>\n                                            <\/div>\n                    <div\n                        class=\"col-12 col-md-6 text-image__duo \">\n                                                <div class=\"text-image__duo-content\">\n                                                    <\/div>\n                                            <\/div>\n                <\/div>\n            <\/div>\n                    <\/div>\n    <\/div>\n<\/div>\n\n\n<div class=\"section content-section   text-image \" >\n    <div\n        class=\"container  \">\n        <div class=\"row\">\n            <div class=\"col-12\">\n\n\n                <div class=\"text-image__wrap \">\n                                        <div\n                        class=\"col-12 col-md-6 text-image__duo \">\n                                                <div class=\"text-image__duo-content\">\n                            <p>Bitte beachten Sie au\u00dferdem:<\/p>\n<ul>\n<li>Kommen Sie zu vereinbarten Terminen!<\/li>\n<li>Geben Sie uns Bescheid,<br \/>\nwenn sich etwas bei Ihnen ver\u00e4ndert hat!<br \/>\nZum Beispiel, wenn Sie umgezogen sind.<\/li>\n<\/ul>\n<ul>\n<li>Geben Sie Dokumente rechtzeitig ab!<\/li>\n<\/ul>\n                        <\/div>\n                                            <\/div>\n                    <div\n                        class=\"col-12 col-md-6 text-image__duo px-0\">\n                                                <img decoding=\"async\" class=\"text-image__duo-img normal\" data-attachment-id=\"3989\" src=\"https:\/\/www.jobcenterkoeln.de\/wp-content\/uploads\/2020\/11\/achtung-1.png\" alt=\"\">\n                                            <\/div>\n                <\/div>\n            <\/div>\n                    <\/div>\n    <\/div>\n<\/div>\n\n\n<div class=\"section content-section   text-image \" >\n    <div\n        class=\"container  \">\n        <div class=\"row\">\n            <div class=\"col-12\">\n\n\n                <div class=\"text-image__wrap \">\n                                        <div\n                        class=\"col-12 col-md-6 text-image__duo \">\n                                                <div class=\"text-image__duo-content\">\n                            <p>Sie m\u00fcssen auch selbst nach einer neuen Arbeit suchen.<\/p>\n<p>Wenn Sie f\u00fcr eine Arbeit noch eine Weiter-Bildung brauchen:<\/p>\n<p>Dann sprechen Sie uns an.<\/p>\n                        <\/div>\n                                            <\/div>\n                    <div\n                        class=\"col-12 col-md-6 text-image__duo \">\n                                                <div class=\"text-image__duo-content\">\n                                                    <\/div>\n                                            <\/div>\n                <\/div>\n            <\/div>\n                    <\/div>\n    <\/div>\n<\/div>\n\n\n<div class=\"section content-section   text-image \" >\n    <div\n        class=\"container  \">\n        <div class=\"row\">\n            <div class=\"col-12\">\n\n\n                <div class=\"text-image__wrap \">\n                                        <div\n                        class=\"col-12 col-md-6 text-image__duo \">\n                                                <div class=\"text-image__duo-content\">\n                            <p>So unterst\u00fctzen wir Sie:<\/p>\n<ul>\n<li>Wir helfen Ihnen, wenn Sie f\u00fcr eine Arbeit<br \/>\nnoch eine Weiter-Bildung brauchen.<\/li>\n<li>Wir beraten Sie, wenn Sie eine neue Arbeit suchen.<br \/>\nOder wenn Sie <strong>nicht genug<\/strong> zum Leben verdienen.<\/li>\n<li>Wir organisieren Bewerber-Tage.<br \/>\nAn diesen Tagen k\u00f6nnen Sie m\u00f6gliche Arbeit-Geber und Arbeit-Geberinnen kennenlernen.<\/li>\n<li>Wie geben Ihnen die M\u00f6glichkeit, eine Arbeit auszuprobieren.<\/li>\n<li>Wir beraten Sie in schwierigen Situationen.<br \/>\nZum Beispiel wenn Sie eine Betreuung f\u00fcr Ihre Kinder brauchen.<br \/>\nOder wenn Sie Schulden haben.<br \/>\nOder wenn Sie eine Krankheit haben.<\/li>\n<li>Wir geben Ihnen B\u00fcrger-Geld.<br \/>\nOder Sozial-Geld.<\/li>\n<li>Wir f\u00f6rdern Ihre Kinder in der Schule.<br \/>\nZum Beispiel zahlen wir Material f\u00fcr die Schule.<\/li>\n<li>Wir beraten Sie, wenn Sie sich selbstst\u00e4ndig machen wollen.<\/li>\n<li>Wir geben Ihnen Geld, wenn Sie gerade wieder mit einer Arbeit angefangen haben.<br \/>\nZum Beispiel Einstiegs-Geld.<\/li>\n<li>Wir geben Unternehmen Geld, wenn Sie neue Arbeit-Nehmer und Arbeit-Nehmerinnen einstellen.<br \/>\nZum Beispiel geben wir ihnen einen Lohn-Kosten-Zuschuss.<\/li>\n<li>Wir vermitteln Sie in einen Deutsch-Kurs.<\/li>\n<\/ul>\n                        <\/div>\n                                            <\/div>\n                    <div\n                        class=\"col-12 col-md-6 text-image__duo px-0\">\n                                                <img decoding=\"async\" class=\"text-image__duo-img normal\" data-attachment-id=\"4543\" src=\"https:\/\/www.jobcenterkoeln.de\/wp-content\/uploads\/2020\/11\/kurs-1.png\" alt=\"\">\n                                            <\/div>\n                <\/div>\n            <\/div>\n                    <\/div>\n    <\/div>\n<\/div>\n\n\n<div class=\"section content-section   text-image \" >\n    <div\n        class=\"container  \">\n        <div class=\"row\">\n            <div class=\"col-12\">\n\n\n                <div class=\"text-image__wrap \">\n                                        <div class=\"headline\">\n                    <h3 class=\"left\"> Besondere Angebote <\/h3>\n                    <\/div>\n                                        <div\n                        class=\"col-12 col-md-6 text-image__duo \">\n                                                <div class=\"text-image__duo-content\">\n                            <p>Im Jobcenter K\u00f6ln gibt es spezielle Teams.<\/p>\n<p>Jedes Team kennt sich mit bestimmten Situationen besonders gut aus.<\/p>\n<p>So k\u00f6nnen wir Sie am besten:<\/p>\n<ul>\n<li>beraten<\/li>\n<li>f\u00f6rdern<\/li>\n<li>vermitteln<\/li>\n<\/ul>\n<p>&nbsp;<\/p>\n<p>Unsere Teams entwickeln zusammen mit Ihnen einen Plan, der zu Ihnen passt.<\/p>\n<p>Die Teams \u00fcberlegen gemeinsam mit Ihnen:<\/p>\n<p>Was brauchen Sie, so dass Sie wieder arbeiten k\u00f6nnen?<\/p>\n<p>&nbsp;<\/p>\n<p>Unsere Teams arbeiten mit Unternehmen, Verb\u00e4nden und anderen Personen zusammen.<\/p>\n<p>Sie kennen sich auf dem Arbeits-Markt aus.<\/p>\n<p>Sie k\u00f6nnen weiterhelfen.<\/p>\n                        <\/div>\n                                            <\/div>\n                    <div\n                        class=\"col-12 col-md-6 text-image__duo \">\n                                                <div class=\"text-image__duo-content\">\n                                                    <\/div>\n                                            <\/div>\n                <\/div>\n            <\/div>\n                    <\/div>\n    <\/div>\n<\/div>\n\n\n<div class=\"section content-section   text-image \" >\n    <div\n        class=\"container  \">\n        <div class=\"row\">\n            <div class=\"col-12\">\n\n\n                <div class=\"text-image__wrap \">\n                                        <div class=\"headline\">\n                    <h3 class=\"left\"> Spezielle Situationen <\/h3>\n                    <\/div>\n                                        <div\n                        class=\"col-12 col-md-6 text-image__duo \">\n                                                <div class=\"text-image__duo-content\">\n                            <p><strong>Junge Menschen bis 25 Jahre<\/strong><\/p>\n<p>Suchen Sie einen Ausbildungs-Platz?<\/p>\n<p>Oder eine Arbeit?<\/p>\n<p>Wir beraten und informieren Sie gern.<\/p>\n<p>Es ist <strong>nicht<\/strong> einfach, die richtige Ausbildung oder Arbeit zu finden.<\/p>\n<p>Denn der Arbeits-Markt ist gro\u00df.<\/p>\n<p>Wir helfen Ihnen herauszufinden, was Sie gut k\u00f6nnen.<\/p>\n<p>Sprechen Sie mit uns \u00fcber Ihre Interessen.<\/p>\n<p>So k\u00f6nnen wir gemeinsam nach Ihrem Wunsch-Beruf suchen.<\/p>\n<p>Gerne k\u00f6nnen Sie auch Ihre Eltern oder Freunde zu unseren Gespr\u00e4chen mitbringen.<\/p>\n<p>Gemeinsam k\u00fcmmern wir uns um Ihre berufliche Zukunft.<\/p>\n<p>Mehr Informationen zu unseren Angeboten f\u00fcr junge Menschen finden Sie bei unseren Unterst\u00fctzungs-Angeboten.<\/p>\n<p>Klicken Sie auf den folgenden Link:<\/p>\n<p><a href=\"https:\/\/www.jobcenterkoeln.de\/de_EZ\/angebote\/?cat_name=fuer-menschen-unter-25\">Unterst\u00fctzungs-Angebote<\/a><\/p>\n                        <\/div>\n                                            <\/div>\n                    <div\n                        class=\"col-12 col-md-6 text-image__duo px-0\">\n                                                <img decoding=\"async\" class=\"text-image__duo-img normal\" data-attachment-id=\"4481\" src=\"https:\/\/www.jobcenterkoeln.de\/wp-content\/uploads\/2020\/11\/jugendlicher-1.png\" alt=\"\">\n                                            <\/div>\n                <\/div>\n            <\/div>\n                    <\/div>\n    <\/div>\n<\/div>\n\n\n<div class=\"section content-section   text-image \" >\n    <div\n        class=\"container  \">\n        <div class=\"row\">\n            <div class=\"col-12\">\n\n\n                <div class=\"text-image__wrap \">\n                                        <div\n                        class=\"col-12 col-md-6 text-image__duo \">\n                                                <div class=\"text-image__duo-content\">\n                            <p><strong>Eltern und Allein-Erziehende<\/strong><\/p>\n<p>Auch in K\u00f6ln gibt es immer mehr Allein-Erziehende.<\/p>\n<p>Allein-Erziehende sind M\u00fctter und V\u00e4ter,<\/p>\n<p>die sich \u00fcberwiegend allein um ihre Kinder k\u00fcmmern.<\/p>\n<p>F\u00fcr Alleinerziehende ist es besonders schwer.<\/p>\n<p>Sie m\u00fcssen sich um vieles allein k\u00fcmmern:<\/p>\n<ul>\n<li>um ihre Kinder<\/li>\n<li>um ihren Haushalt<\/li>\n<li>um das Geld<\/li>\n<li>um ihre Arbeit<\/li>\n<\/ul>\n<p>&nbsp;<\/p>\n<p>Auch f\u00fcr Eltern ist es <strong>nicht<\/strong> immer einfach, sich um alles zu k\u00fcmmern.<\/p>\n<p>&nbsp;<\/p>\n<p>Deshalb brauchen Eltern und Allein-Erziehende besondere Unterst\u00fctzung.<\/p>\n<p>Im Jobcenter gibt es f\u00fcr sie eine besondere Beratung und Angebote:<\/p>\n<ul>\n<li>Wir helfen bei der Suche nach einer neuen Arbeit.<\/li>\n<li>Wir helfen bei der Suche nach einem Ausbildungs-Platz.<\/li>\n<li>Wir vermitteln Ihnen Angebote:<br \/>\nSo dass Sie Hilfe im Alltag bekommen.<\/li>\n<li>Wir vermitteln Ihnen Angebote:<br \/>\nSo dass Sie Hilfe bei der Betreuung von Ihren Kindern bekommen.<\/li>\n<\/ul>\n<p>Sprechen Sie uns an.<\/p>\n                        <\/div>\n                                            <\/div>\n                    <div\n                        class=\"col-12 col-md-6 text-image__duo px-0\">\n                                                <img decoding=\"async\" class=\"text-image__duo-img normal\" data-attachment-id=\"4625\" src=\"https:\/\/www.jobcenterkoeln.de\/wp-content\/uploads\/2020\/11\/mutter-mit-kind-1.png\" alt=\"\">\n                                            <\/div>\n                <\/div>\n            <\/div>\n                    <\/div>\n    <\/div>\n<\/div>\n\n\n<div class=\"section content-section   text-image \" >\n    <div\n        class=\"container  \">\n        <div class=\"row\">\n            <div class=\"col-12\">\n\n\n                <div class=\"text-image__wrap \">\n                                        <div\n                        class=\"col-12 col-md-6 text-image__duo \">\n                                                <div class=\"text-image__duo-content\">\n                            <p><strong>Menschen mit Flucht-Erfahrung<\/strong><\/p>\n<p>Sind Sie nach Deutschland geflohen?<\/p>\n<p>Wir helfen Ihnen.<\/p>\n<p>Voraussetzung ist:<\/p>\n<ul>\n<li>Ihr Asyl-Antrag wurde best\u00e4tigt.<\/li>\n<\/ul>\n<p>Oder:<\/p>\n<ul>\n<li>Sie haben ein Aufenthalts-Recht.<br \/>\nUnd zwar nach Paragraf 104c.<\/li>\n<\/ul>\n<p>&nbsp;<\/p>\n<p>So unterst\u00fctzen wir Sie:<\/p>\n<ul>\n<li>Wir unterst\u00fctzen Sie, wenn das Geld <strong>nicht<\/strong> zum Leben reicht.<\/li>\n<li>Wir finden gemeinsam eine Arbeit f\u00fcr Sie.<br \/>\nOder eine Ausbildung.<\/li>\n<li>Wir beraten Sie, wie die Abschl\u00fcsse aus Ihrem Heimat-Land in Deutschland anerkannt werden.<\/li>\n<li>Wir vermitteln Sie in Deutsch-Kurse.<br \/>\nZum Beispiel in Integrations-Kurse.<br \/>\nOder in Deutsch-Kurse f\u00fcr Ihren Beruf.<\/li>\n<li>Wir haben besondere Angebote f\u00fcr Frauen.<br \/>\nUnd f\u00fcr Jugendliche.<\/li>\n<\/ul>\n<p>&nbsp;<\/p>\n<p>Bitte bringen Sie folgende Unterlagen bei Ihrem Besuch im Jobcenter mit:<\/p>\n<ul>\n<li>Antrag auf B\u00fcrger-Geld<\/li>\n<li>Bescheid vom Bundes-Amt f\u00fcr Migration und Fl\u00fcchtlinge<br \/>\nIn diesem Bescheid steht, dass Sie in Deutschland bleiben d\u00fcrfen.<\/li>\n<li>Melde-Bescheinigung<br \/>\nAuf der Melde-Bescheinigung steht Ihre Adresse.<\/li>\n<li>Aufenthalts-Titel<\/li>\n<li>Pass<br \/>\nWenn Sie einen Pass haben.<\/li>\n<li>Einstellungs-Bescheid f\u00fcr F\u00f6rderung nach dem Asyl-Bewerber-Leistungs-Gesetz.<br \/>\nIn diesem Bescheid steht, dass Sie <strong>kein<\/strong> Geld mehr vom Bundes-Amt f\u00fcr Migration und Fl\u00fcchtlinge bekommen.<\/li>\n<li>Bescheinigung vom Ausl\u00e4nder-Amt f\u00fcr das Jobcenter<\/li>\n<\/ul>\n<p>&nbsp;<\/p>\n<p>Mehr Informationen finden Sie in unserem Flyer.<\/p>\n<p>Wenn Sie auf folgenden Link klicken:<\/p>\n<p>Dann \u00f6ffnet sich ein pdf-Dokument in einem neuen Fenster.<\/p>\n<p>Das ist der Link:<\/p>\n<p><a href=\"https:\/\/www.jobcenterkoeln.de\/wp-content\/uploads\/2021\/01\/2020_Flyer_IntegrationPoint.pdf\" target=\"_blank\" rel=\"noopener\">Flyer: Beratung f\u00fcr Menschen mit Flucht-Erfahrung<\/a><\/p>\n<p>&nbsp;<\/p>\n<p>Wollen Sie mit dem Jobcenter Kontakt aufnehmen?<\/p>\n<p>Dann klicken Sie auf die Kontakt-Seite.<\/p>\n<p>Dort steht, wie Sie Ihr Jobcenter erreichen:<\/p>\n<p><a href=\"https:\/\/www.jobcenterkoeln.de\/de_EZ\/kontakt\/\">Kontakt zum Jobcenter<\/a><\/p>\n                        <\/div>\n                                            <\/div>\n                    <div\n                        class=\"col-12 col-md-6 text-image__duo px-0\">\n                                                <img decoding=\"async\" class=\"text-image__duo-img normal\" data-attachment-id=\"24724\" src=\"https:\/\/www.jobcenterkoeln.de\/wp-content\/uploads\/2023\/10\/Fluchtling-1024x736.jpg\" alt=\"\">\n                                            <\/div>\n                <\/div>\n            <\/div>\n                    <\/div>\n    <\/div>\n<\/div>\n\n\n<div class=\"section content-section   text-image \" >\n    <div\n        class=\"container  \">\n        <div class=\"row\">\n            <div class=\"col-12\">\n\n\n                <div class=\"text-image__wrap \">\n                                        <div\n                        class=\"col-12 col-md-6 text-image__duo \">\n                                                <div class=\"text-image__duo-content\">\n                            <p><strong>Menschen ohne festen Wohn-Sitz<\/strong><\/p>\n<p>Vielleicht haben Sie <strong>keinen<\/strong> festen Wohn-Sitz.<\/p>\n<p>Vielleicht haben Sie au\u00dferdem noch andere Probleme.<\/p>\n<p>Dann kann Ihnen das Team <strong>Reso-Dienste<\/strong> helfen.<\/p>\n<p><strong>Reso-Dienste<\/strong> ist der Name vom Team f\u00fcr Menschen <strong>ohne<\/strong> festen Wohn-Sitz.<\/p>\n<p>Wir \u00fcberlegen gemeinsam, wie wir Ihre Situation verbessern k\u00f6nnen.<\/p>\n<p>&nbsp;<\/p>\n<p>So unterst\u00fctzen wir Sie:<\/p>\n<ul>\n<li>Wir bieten Ihnen Not-Schlaf-Stellen an.<br \/>\nSo dass Sie <strong>nicht<\/strong> auf der Stra\u00dfe schlafen m\u00fcssen.<\/li>\n<li>Wir vermitteln Sie in betreute Wohn-Gruppen.<\/li>\n<li>Wir helfen beim Antrag auf Sozial-Hilfe.<br \/>\nUnd auf B\u00fcrger-Geld.<\/li>\n<li>Wir besorgen medizinische Hilfen.<\/li>\n<li>Wir \u00fcberlegen gemeinsam, ob Sie arbeiten k\u00f6nnen.<\/li>\n<li>Wir suchen mit Ihnen Beratungs-Stellen.<\/li>\n<li>Wir suchen mit Ihnen nach einer Unterst\u00fctzung im Alltag.<\/li>\n<li>Wir suchen gemeinsam eine passende Arbeit f\u00fcr Sie.<\/li>\n<li>Wir suchen gemeinsam f\u00fcr Sie Begleit-Hilfen im Arbeits-Alltag.<\/li>\n<\/ul>\n<p>&nbsp;<\/p>\n<p>Wollen Sie mit den Reso-Diensten Kontakt aufnehmen?<\/p>\n<p>Dann klicken Sie auf folgenden Link:<\/p>\n<p><a href=\"https:\/\/www.jobcenterkoeln.de\/angebote-programme\/reso-dienste\/\">Kontakt zu den Reso-Diensten<\/a><\/p>\n                        <\/div>\n                                            <\/div>\n                    <div\n                        class=\"col-12 col-md-6 text-image__duo px-0\">\n                                                <img decoding=\"async\" class=\"text-image__duo-img normal\" data-attachment-id=\"4203\" src=\"https:\/\/www.jobcenterkoeln.de\/wp-content\/uploads\/2020\/11\/depressiv_mann-1.png\" alt=\"\">\n                                            <\/div>\n                <\/div>\n            <\/div>\n                    <\/div>\n    <\/div>\n<\/div>\n\n\n<div class=\"section content-section   text-image \" >\n    <div\n        class=\"container  \">\n        <div class=\"row\">\n            <div class=\"col-12\">\n\n\n                <div class=\"text-image__wrap \">\n                                        <div\n                        class=\"col-12 col-md-6 text-image__duo \">\n                                                <div class=\"text-image__duo-content\">\n                            <p><strong>Menschen in anderen schwierigen Situationen<\/strong><\/p>\n<p>Manche Menschen sind in einer schwierigen Situation.<\/p>\n<p>Deshalb k\u00f6nnen Sie <strong>nicht<\/strong> arbeiten.<\/p>\n<p>Zum Beispiel:<\/p>\n<ul>\n<li>Sie haben Schulden.<\/li>\n<li>Sie sind <strong>nicht<\/strong>\u00a0gesund.<\/li>\n<li>Sie haben Probleme in der Familie.<\/li>\n<li>Sie haben Probleme mit der Wohnung.<\/li>\n<\/ul>\n<p>&nbsp;<\/p>\n<p>Im Jobcenter gibt es Experten und Expertinnen, die Ihnen in schwierigen Situationen helfen.<\/p>\n<p>Sie hei\u00dfen Fall-Manager und Fall-Managerinnen.<\/p>\n<p>Sie kl\u00e4ren zusammen mit Ihnen, was Sie gut k\u00f6nnen.<\/p>\n<p>Und wo Sie noch Unterst\u00fctzung brauchen.<\/p>\n<p>Daf\u00fcr schauen wir, ob Ihnen auch andere Stellen helfen k\u00f6nnen.<\/p>\n<p>Unsere Fall-Manager und Fall-Managerinnen kennen sich gut aus.<\/p>\n<p>Die Zusammen-Arbeit mit ihnen ist freiwillig.<\/p>\n<p>Haben Sie Interesse?<\/p>\n<p>Dann kontaktieren Sie uns gerne.<\/p>\n<p>Klicken Sie auf folgenden Link:<\/p>\n<p><a href=\"https:\/\/www.jobcenterkoeln.de\/de_EZ\/kontakt\/\">Kontakt zum Jobcenter<\/a><\/p>\n                        <\/div>\n                                            <\/div>\n                    <div\n                        class=\"col-12 col-md-6 text-image__duo px-0\">\n                                                <img decoding=\"async\" class=\"text-image__duo-img normal\" data-attachment-id=\"4201\" src=\"https:\/\/www.jobcenterkoeln.de\/wp-content\/uploads\/2020\/11\/depressiv_frau-1.png\" alt=\"\">\n                                            <\/div>\n                <\/div>\n            <\/div>\n                    <\/div>\n    <\/div>\n<\/div>","protected":false},"excerpt":{"rendered":"","protected":false},"author":139,"featured_media":0,"parent":0,"menu_order":0,"comment_status":"closed","ping_status":"closed","template":"","meta":{"_acf_changed":false,"footnotes":""},"folder":[62],"class_list":["post-24708","page","type-page","status-publish","hentry"],"acf":[],"yoast_head":"<!-- This site is optimized with the Yoast SEO Premium plugin v26.9 (Yoast SEO v26.9) - https:\/\/yoast.com\/product\/yoast-seo-premium-wordpress\/ -->\n<title>Beratung und Hilfe - Jobcenter K\u00f6ln<\/title>\n<meta name=\"robots\" content=\"index, follow, max-snippet:-1, max-image-preview:large, max-video-preview:-1\" \/>\n<link rel=\"canonical\" href=\"https:\/\/www.jobcenterkoeln.de\/de_EZ\/beratung-und-hilfe\/\" \/>\n<meta property=\"og:locale\" content=\"de_DE\" \/>\n<meta property=\"og:type\" content=\"article\" \/>\n<meta property=\"og:title\" content=\"Beratung und Hilfe\" \/>\n<meta property=\"og:url\" content=\"https:\/\/www.jobcenterkoeln.de\/de_EZ\/beratung-und-hilfe\/\" \/>\n<meta property=\"og:site_name\" content=\"Jobcenter K\u00f6ln\" \/>\n<meta property=\"article:publisher\" content=\"https:\/\/www.facebook.com\/jobcenterkoeln\" \/>\n<meta property=\"article:modified_time\" content=\"2023-12-06T08:05:55+00:00\" \/>\n<meta name=\"twitter:card\" content=\"summary_large_image\" \/>\n<script type=\"application\/ld+json\" class=\"yoast-schema-graph\">{\"@context\":\"https:\/\/schema.org\",\"@graph\":[{\"@type\":\"WebPage\",\"@id\":\"https:\/\/www.jobcenterkoeln.de\/de_EZ\/beratung-und-hilfe\/\",\"url\":\"https:\/\/www.jobcenterkoeln.de\/de_EZ\/beratung-und-hilfe\/\",\"name\":\"Beratung und Hilfe - Jobcenter K\u00f6ln\",\"isPartOf\":{\"@id\":\"https:\/\/www.jobcenterkoeln.de\/de_EZ\/#website\"},\"datePublished\":\"2023-10-19T10:34:34+00:00\",\"dateModified\":\"2023-12-06T08:05:55+00:00\",\"breadcrumb\":{\"@id\":\"https:\/\/www.jobcenterkoeln.de\/de_EZ\/beratung-und-hilfe\/#breadcrumb\"},\"inLanguage\":\"de-EZ\",\"potentialAction\":[{\"@type\":\"ReadAction\",\"target\":[\"https:\/\/www.jobcenterkoeln.de\/de_EZ\/beratung-und-hilfe\/\"]}]},{\"@type\":\"BreadcrumbList\",\"@id\":\"https:\/\/www.jobcenterkoeln.de\/de_EZ\/beratung-und-hilfe\/#breadcrumb\",\"itemListElement\":[{\"@type\":\"ListItem\",\"position\":1,\"name\":\"Home\",\"item\":\"https:\/\/www.jobcenterkoeln.de\/de_EZ\/\"},{\"@type\":\"ListItem\",\"position\":2,\"name\":\"Beratung und Hilfe\"}]},{\"@type\":\"WebSite\",\"@id\":\"https:\/\/www.jobcenterkoeln.de\/de_EZ\/#website\",\"url\":\"https:\/\/www.jobcenterkoeln.de\/de_EZ\/\",\"name\":\"Jobcenter K\u00f6ln\",\"description\":\"\",\"publisher\":{\"@id\":\"https:\/\/www.jobcenterkoeln.de\/de_EZ\/#organization\"},\"potentialAction\":[{\"@type\":\"SearchAction\",\"target\":{\"@type\":\"EntryPoint\",\"urlTemplate\":\"https:\/\/www.jobcenterkoeln.de\/de_EZ\/?s={search_term_string}\"},\"query-input\":{\"@type\":\"PropertyValueSpecification\",\"valueRequired\":true,\"valueName\":\"search_term_string\"}}],\"inLanguage\":\"de-EZ\"},{\"@type\":\"Organization\",\"@id\":\"https:\/\/www.jobcenterkoeln.de\/de_EZ\/#organization\",\"name\":\"Jobcenter K\u00f6ln\",\"url\":\"https:\/\/www.jobcenterkoeln.de\/de_EZ\/\",\"logo\":{\"@type\":\"ImageObject\",\"inLanguage\":\"de-EZ\",\"@id\":\"https:\/\/www.jobcenterkoeln.de\/de_EZ\/#\/schema\/logo\/image\/\",\"url\":\"\",\"contentUrl\":\"\",\"caption\":\"Jobcenter K\u00f6ln\"},\"image\":{\"@id\":\"https:\/\/www.jobcenterkoeln.de\/de_EZ\/#\/schema\/logo\/image\/\"},\"sameAs\":[\"https:\/\/www.facebook.com\/jobcenterkoeln\",\"https:\/\/www.youtube.com\/channel\/UCYRuht_ePRSHEkGxLmTjr0Q\"]}]}<\/script>\n<!-- \/ Yoast SEO Premium plugin. -->","yoast_head_json":{"title":"Beratung und Hilfe - Jobcenter K\u00f6ln","robots":{"index":"index","follow":"follow","max-snippet":"max-snippet:-1","max-image-preview":"max-image-preview:large","max-video-preview":"max-video-preview:-1"},"canonical":"https:\/\/www.jobcenterkoeln.de\/de_EZ\/beratung-und-hilfe\/","og_locale":"de_DE","og_type":"article","og_title":"Beratung und Hilfe","og_url":"https:\/\/www.jobcenterkoeln.de\/de_EZ\/beratung-und-hilfe\/","og_site_name":"Jobcenter K\u00f6ln","article_publisher":"https:\/\/www.facebook.com\/jobcenterkoeln","article_modified_time":"2023-12-06T08:05:55+00:00","twitter_card":"summary_large_image","schema":{"@context":"https:\/\/schema.org","@graph":[{"@type":"WebPage","@id":"https:\/\/www.jobcenterkoeln.de\/de_EZ\/beratung-und-hilfe\/","url":"https:\/\/www.jobcenterkoeln.de\/de_EZ\/beratung-und-hilfe\/","name":"Beratung und Hilfe - Jobcenter K\u00f6ln","isPartOf":{"@id":"https:\/\/www.jobcenterkoeln.de\/de_EZ\/#website"},"datePublished":"2023-10-19T10:34:34+00:00","dateModified":"2023-12-06T08:05:55+00:00","breadcrumb":{"@id":"https:\/\/www.jobcenterkoeln.de\/de_EZ\/beratung-und-hilfe\/#breadcrumb"},"inLanguage":"de-EZ","potentialAction":[{"@type":"ReadAction","target":["https:\/\/www.jobcenterkoeln.de\/de_EZ\/beratung-und-hilfe\/"]}]},{"@type":"BreadcrumbList","@id":"https:\/\/www.jobcenterkoeln.de\/de_EZ\/beratung-und-hilfe\/#breadcrumb","itemListElement":[{"@type":"ListItem","position":1,"name":"Home","item":"https:\/\/www.jobcenterkoeln.de\/de_EZ\/"},{"@type":"ListItem","position":2,"name":"Beratung und Hilfe"}]},{"@type":"WebSite","@id":"https:\/\/www.jobcenterkoeln.de\/de_EZ\/#website","url":"https:\/\/www.jobcenterkoeln.de\/de_EZ\/","name":"Jobcenter K\u00f6ln","description":"","publisher":{"@id":"https:\/\/www.jobcenterkoeln.de\/de_EZ\/#organization"},"potentialAction":[{"@type":"SearchAction","target":{"@type":"EntryPoint","urlTemplate":"https:\/\/www.jobcenterkoeln.de\/de_EZ\/?s={search_term_string}"},"query-input":{"@type":"PropertyValueSpecification","valueRequired":true,"valueName":"search_term_string"}}],"inLanguage":"de-EZ"},{"@type":"Organization","@id":"https:\/\/www.jobcenterkoeln.de\/de_EZ\/#organization","name":"Jobcenter K\u00f6ln","url":"https:\/\/www.jobcenterkoeln.de\/de_EZ\/","logo":{"@type":"ImageObject","inLanguage":"de-EZ","@id":"https:\/\/www.jobcenterkoeln.de\/de_EZ\/#\/schema\/logo\/image\/","url":"","contentUrl":"","caption":"Jobcenter K\u00f6ln"},"image":{"@id":"https:\/\/www.jobcenterkoeln.de\/de_EZ\/#\/schema\/logo\/image\/"},"sameAs":["https:\/\/www.facebook.com\/jobcenterkoeln","https:\/\/www.youtube.com\/channel\/UCYRuht_ePRSHEkGxLmTjr0Q"]}]}},"_links":{"self":[{"href":"https:\/\/www.jobcenterkoeln.de\/de_EZ\/wp-json\/wp\/v2\/pages\/24708","targetHints":{"allow":["GET"]}}],"collection":[{"href":"https:\/\/www.jobcenterkoeln.de\/de_EZ\/wp-json\/wp\/v2\/pages"}],"about":[{"href":"https:\/\/www.jobcenterkoeln.de\/de_EZ\/wp-json\/wp\/v2\/types\/page"}],"author":[{"embeddable":true,"href":"https:\/\/www.jobcenterkoeln.de\/de_EZ\/wp-json\/wp\/v2\/users\/139"}],"replies":[{"embeddable":true,"href":"https:\/\/www.jobcenterkoeln.de\/de_EZ\/wp-json\/wp\/v2\/comments?post=24708"}],"version-history":[{"count":20,"href":"https:\/\/www.jobcenterkoeln.de\/de_EZ\/wp-json\/wp\/v2\/pages\/24708\/revisions"}],"predecessor-version":[{"id":25214,"href":"https:\/\/www.jobcenterkoeln.de\/de_EZ\/wp-json\/wp\/v2\/pages\/24708\/revisions\/25214"}],"wp:attachment":[{"href":"https:\/\/www.jobcenterkoeln.de\/de_EZ\/wp-json\/wp\/v2\/media?parent=24708"}],"wp:term":[{"taxonomy":"folder","embeddable":true,"href":"https:\/\/www.jobcenterkoeln.de\/de_EZ\/wp-json\/wp\/v2\/folder?post=24708"}],"curies":[{"name":"wp","href":"https:\/\/api.w.org\/{rel}","templated":true}]}}