{"id":24741,"date":"2023-10-19T13:55:23","date_gmt":"2023-10-19T11:55:23","guid":{"rendered":"https:\/\/www.jobcenterkoeln.de\/?page_id=24741"},"modified":"2023-10-20T08:19:05","modified_gmt":"2023-10-20T06:19:05","slug":"buerger-geld","status":"publish","type":"page","link":"https:\/\/www.jobcenterkoeln.de\/de_EZ\/buerger-geld\/","title":{"rendered":"B\u00fcrger-Geld"},"content":{"rendered":"<div class=\"section\">\n    <div class=\"section__head sky-blue br-on \">\n        <div class=\"container\">\n            <div class=\"dark\">     <nav aria-label=\"breadcrumb\">\n        <ol class=\"breadcrumb\">\n            <li class=\"breadcrumb-item\">\n                <a href=\"https:\/\/www.jobcenterkoeln.de\/de_EZ\/\">\n                    <svg width=\"25\" height=\"22\" viewBox=\"0 0 25 22\" fill=\"none\" xmlns=\"http:\/\/www.w3.org\/2000\/svg\">\n                        <path d=\"M21 11V12.5V16.5V19.5C21 20.3285 20.3285 21 19.5 21H15.5V16C15.5 15.448 15.052 15 14.5 15H10.5C9.948 15 9.5 15.448 9.5 16V21H5.5C4.6715 21 4 20.3285 4 19.5V16.5V12.5V11\" stroke=\"#706F6F\" stroke-width=\"1.5\" stroke-linecap=\"round\" stroke-linejoin=\"round\"\/>\n                        <path d=\"M1 11L12.5 1L24 11\" stroke=\"#706F6F\" stroke-width=\"1.5\" stroke-linecap=\"round\" stroke-linejoin=\"round\"\/>\n                        <path fill-rule=\"evenodd\" clip-rule=\"evenodd\" d=\"M14.5832 8.5C14.5832 9.651 13.6502 10.5835 12.4997 10.5835C11.3497 10.5835 10.4167 9.651 10.4167 8.5C10.4167 7.349 11.3497 6.4165 12.4997 6.4165C13.6502 6.4165 14.5832 7.349 14.5832 8.5Z\" stroke=\"#706F6F\" stroke-width=\"1.5\" stroke-linecap=\"round\" stroke-linejoin=\"round\"\/>\n                    <\/svg>\n                <\/a>\n            <\/li>\n                        <li class=\"breadcrumb-item active\" aria-current=\"page\"><span>B\u00fcrger-Geld<\/span><\/li>\n        <\/ol>\n    <\/nav>\n    \n\n<\/div>            <h1 class=\"section__heading\"> B\u00fcrger-Geld <\/h1>\n        <\/div>\n    <\/div>\n<\/div>\n\n\r\n<div class=\"space\"><\/div>\n\n\n<div class=\"section content-section   text-image \" >\n    <div\n        class=\"container  \">\n        <div class=\"row\">\n            <div class=\"col-12\">\n\n\n                <div class=\"text-image__wrap \">\n                                        <div\n                        class=\"col-12 col-md-6 text-image__duo \">\n                                                <div class=\"text-image__duo-content\">\n                            <p>Seit dem 1. Januar 2023 gibt es das <strong>B\u00fcrger-Geld.<\/strong><\/p>\n<p>Wollen Sie B\u00fcrger-Geld beantragen?<\/p>\n<p>Das k\u00f6nnen Sie zum Beispiel:<\/p>\n<ul>\n<li>wenn Sie <strong>nicht<\/strong> genug Geld zum Leben haben<\/li>\n<li>wenn Sie in einem Monat viel f\u00fcrs Heizen zahlen m\u00fcssen<\/li>\n<\/ul>\n                        <\/div>\n                                            <\/div>\n                    <div\n                        class=\"col-12 col-md-6 text-image__duo px-0\">\n                                                <img decoding=\"async\" class=\"text-image__duo-img normal\" data-attachment-id=\"4369\" src=\"https:\/\/www.jobcenterkoeln.de\/wp-content\/uploads\/2020\/11\/geld_viel-1.png\" alt=\"\">\n                                            <\/div>\n                <\/div>\n            <\/div>\n                    <\/div>\n    <\/div>\n<\/div>\n\n\n<div class=\"section content-section   text-image \" >\n    <div\n        class=\"container  \">\n        <div class=\"row\">\n            <div class=\"col-12\">\n\n\n                <div class=\"text-image__wrap \">\n                                        <div class=\"headline\">\n                    <h3 class=\"left\"> Neu-Antrag <\/h3>\n                    <\/div>\n                                        <div\n                        class=\"col-12 col-md-6 text-image__duo \">\n                                                <div class=\"text-image__duo-content\">\n                            <p>Haben Sie <strong>noch nie<\/strong> Geld vom Jobcenter bekommen?<\/p>\n<p>Dann m\u00fcssen Sie einen <strong>Neu-Antrag<\/strong> stellen.<\/p>\n<p>Sie k\u00f6nnen den Neu-Antrag online stellen.<\/p>\n<p>Klicken Sie auf folgenden Link:<\/p>\n<p><a href=\"https:\/\/www.jobcenterkoeln.de\/neuantrag-stellen\/\">Neu-Antrag jetzt online stellen<\/a><\/p>\n<p>Oder vereinbaren Sie einen Termin f\u00fcr den Neu-Antrag.<\/p>\n<p>Klicken Sie auf folgenden Link:<\/p>\n<p><a href=\"https:\/\/www.jobcenterkoeln.de\/de_EZ\/termine\/\">Termin f\u00fcr den Neu-Antrag vereinbaren<\/a><\/p>\n                        <\/div>\n                                            <\/div>\n                    <div\n                        class=\"col-12 col-md-6 text-image__duo px-0\">\n                                                <img decoding=\"async\" class=\"text-image__duo-img normal\" data-attachment-id=\"4243\" src=\"https:\/\/www.jobcenterkoeln.de\/wp-content\/uploads\/2020\/11\/email-1.png\" alt=\"\">\n                                            <\/div>\n                <\/div>\n            <\/div>\n                    <\/div>\n    <\/div>\n<\/div>\n\n\n<div class=\"section content-section   text-image \" >\n    <div\n        class=\"container  \">\n        <div class=\"row\">\n            <div class=\"col-12\">\n\n\n                <div class=\"text-image__wrap \">\n                                        <div class=\"headline\">\n                    <h3 class=\"left\"> Weiter-Bewilligungs-Antrag <\/h3>\n                    <\/div>\n                                        <div\n                        class=\"col-12 col-md-6 text-image__duo \">\n                                                <div class=\"text-image__duo-content\">\n                            <p>Sie bekommen jetzt Geld vom Jobcenter?<\/p>\n<p>Oder Sie haben in den letzten 3 Monaten Geld vom Jobcenter bekommen?<\/p>\n<p>Dann k\u00f6nnen Sie einen <strong>Weiter-Bewilligungs-Antrag<\/strong> stellen.<\/p>\n<p>Sie k\u00f6nnen den Weiter-Bewilligungs-Antrag online stellen.<\/p>\n<p>Klicken Sie auf folgenden Link:<\/p>\n<p><a href=\"https:\/\/web.arbeitsagentur.de\/websso-prod\/login?from=router&amp;resource_url=https%3A%2F%2Fweb.arbeitsagentur.de%2Fsgb2wba%2Fwba-ui%2Fpd%2F&amp;rid=5238d327-bac9-41b7-ab84-8c7efdd37d36\" target=\"_blank\" rel=\"noopener\">Weiter-Bewilligungs-Antrag jetzt online stellen<\/a><\/p>\n                        <\/div>\n                                            <\/div>\n                    <div\n                        class=\"col-12 col-md-6 text-image__duo px-0\">\n                                                <img decoding=\"async\" class=\"text-image__duo-img normal\" data-attachment-id=\"4243\" src=\"https:\/\/www.jobcenterkoeln.de\/wp-content\/uploads\/2020\/11\/email-1.png\" alt=\"\">\n                                            <\/div>\n                <\/div>\n            <\/div>\n                    <\/div>\n    <\/div>\n<\/div>\n\n\n<div class=\"section content-section   text-image \" >\n    <div\n        class=\"container  \">\n        <div class=\"row\">\n            <div class=\"col-12\">\n\n\n                <div class=\"text-image__wrap \">\n                                        <div class=\"headline\">\n                    <h3 class=\"left\"> Neu im B\u00fcrger-Geld ab dem 1. Juli 2023 <\/h3>\n                    <\/div>\n                                        <div\n                        class=\"col-12 col-md-6 text-image__duo \">\n                                                <div class=\"text-image__duo-content\">\n                            <ul>\n<li>Wir unterst\u00fctzen Sie noch besser bei einer Weiter-Bildung.<\/li>\n<li>Die Eingliederungs-Vereinbarung wird durch einen Kooperations-Plan etwas Neues ersetzt.<br \/>\nWeiter unten erkl\u00e4ren wir, was ein Kooperations-Plan ist.<\/li>\n<li>Einige Frei-Betr\u00e4ge sind jetzt h\u00f6her.<br \/>\nDas bedeutet:<br \/>\nSie d\u00fcrfen jetzt <strong>mehr<\/strong> von dem Geld behalten, das Sie haben.<\/li>\n<\/ul>\n<p>&nbsp;<\/p>\n<p>Mehr Informationen dazu finden Sie weiter unten.<\/p>\n<p>Unter den folgenden beiden Punkten:<\/p>\n<ul>\n<li><a href=\"\/#arbeit\">Arbeit<\/a><\/li>\n<li><a href=\"\/#geld\">Geld<\/a><\/li>\n<\/ul>\n                        <\/div>\n                                            <\/div>\n                    <div\n                        class=\"col-12 col-md-6 text-image__duo \">\n                                                <div class=\"text-image__duo-content\">\n                                                    <\/div>\n                                            <\/div>\n                <\/div>\n            <\/div>\n                    <\/div>\n    <\/div>\n<\/div>\n\n\n<div class=\"section content-section   text-image \" id=\"arbeit\">\n    <div\n        class=\"container  \">\n        <div class=\"row\">\n            <div class=\"col-12\">\n\n\n                <div class=\"text-image__wrap \">\n                                        <div class=\"headline\">\n                    <h3 class=\"left\"> Arbeit und Weiter-Bildung <\/h3>\n                    <\/div>\n                                        <div\n                        class=\"col-12 col-md-6 text-image__duo \">\n                                                <div class=\"text-image__duo-content\">\n                            <p>Sie bekommen B\u00fcrger-Geld?<\/p>\n<p>Dann ist es wichtig,<\/p>\n<ul>\n<li>dass Sie eine Weiter-Bildung machen<\/li>\n<\/ul>\n<p>oder<\/p>\n<ul>\n<li>einen Berufs-Abschluss machen<\/li>\n<\/ul>\n<p>oder<\/p>\n<ul>\n<li>eine neue Arbeit finden<\/li>\n<\/ul>\n<p>&nbsp;<\/p>\n<p>Deshalb haben wir einige Angebote f\u00fcr Sie:<\/p>\n                        <\/div>\n                                            <\/div>\n                    <div\n                        class=\"col-12 col-md-6 text-image__duo px-0\">\n                                                <img decoding=\"async\" class=\"text-image__duo-img normal\" data-attachment-id=\"4543\" src=\"https:\/\/www.jobcenterkoeln.de\/wp-content\/uploads\/2020\/11\/kurs-1.png\" alt=\"\">\n                                            <\/div>\n                <\/div>\n            <\/div>\n                    <\/div>\n    <\/div>\n<\/div>\n\n\n<div class=\"section content-section   text-image \" >\n    <div\n        class=\"container  \">\n        <div class=\"row\">\n            <div class=\"col-12\">\n\n\n                <div class=\"text-image__wrap \">\n                                        <div\n                        class=\"col-12 col-md-6 text-image__duo \">\n                                                <div class=\"text-image__duo-content\">\n                            <ul>\n<li><strong>Kooperations-Plan<br \/>\n<\/strong>Ein Kooperations-Plan ist ein Plan, den wir<br \/>\ngemeinsam mit Ihnen machen.<br \/>\nWas schreiben wir in den Plan?<br \/>\nWir \u00fcberlegen uns, was Sie schon geschafft haben.<br \/>\nDanach entscheiden wir, was die n\u00e4chsten Schritte sind.<br \/>\nUnd wie das Jobcenter Sie dabei unterst\u00fctzt.<\/li>\n<\/ul>\n                        <\/div>\n                                            <\/div>\n                    <div\n                        class=\"col-12 col-md-6 text-image__duo px-0\">\n                                                <img decoding=\"async\" class=\"text-image__duo-img normal\" data-attachment-id=\"4563\" src=\"https:\/\/www.jobcenterkoeln.de\/wp-content\/uploads\/2020\/11\/liste-1.png\" alt=\"\">\n                                            <\/div>\n                <\/div>\n            <\/div>\n                    <\/div>\n    <\/div>\n<\/div>\n\n\n<div class=\"section content-section   text-image \" >\n    <div\n        class=\"container  \">\n        <div class=\"row\">\n            <div class=\"col-12\">\n\n\n                <div class=\"text-image__wrap \">\n                                        <div\n                        class=\"col-12 col-md-6 text-image__duo \">\n                                                <div class=\"text-image__duo-content\">\n                            <ul>\n<li><strong>Bonus<br \/>\n<\/strong>Ein Bonus ist extra Geld.<br \/>\nWann bekommen Sie einen Bonus?<br \/>\nWenn Sie bestimmte Weiter-Bildungen machen.<br \/>\nOder andere Angebote vom Jobcenter besuchen.<br \/>\nSie bekommen jeden Monat w\u00e4hrend<br \/>\nIhrer Weiter-Bildung einen Bonus.<br \/>\nDas Geld hei\u00dft <strong>Weiter-Bildungs-Geld.<br \/>\n<\/strong>Oder <strong>B\u00fcrger-Geld-Bonus.<\/strong><\/li>\n<\/ul>\n                        <\/div>\n                                            <\/div>\n                    <div\n                        class=\"col-12 col-md-6 text-image__duo px-0\">\n                                                <img decoding=\"async\" class=\"text-image__duo-img normal\" data-attachment-id=\"4361\" src=\"https:\/\/www.jobcenterkoeln.de\/wp-content\/uploads\/2020\/11\/geld-bekommen-1.png\" alt=\"\">\n                                            <\/div>\n                <\/div>\n            <\/div>\n                    <\/div>\n    <\/div>\n<\/div>\n\n\n<div class=\"section content-section   text-image \" >\n    <div\n        class=\"container  \">\n        <div class=\"row\">\n            <div class=\"col-12\">\n\n\n                <div class=\"text-image__wrap \">\n                                        <div\n                        class=\"col-12 col-md-6 text-image__duo \">\n                                                <div class=\"text-image__duo-content\">\n                            <ul>\n<li><strong>Abschluss<br \/>\n<\/strong>M\u00f6chten Sie einen Berufs-Abschluss nachholen?<br \/>\nDann k\u00f6nnen wir Ihnen daf\u00fcr Geld geben.<br \/>\nHaben Sie dann die Pr\u00fcfung geschafft?<br \/>\nDann bekommen Sie nochmal extra Geld.<\/li>\n<\/ul>\n                        <\/div>\n                                            <\/div>\n                    <div\n                        class=\"col-12 col-md-6 text-image__duo px-0\">\n                                                <img decoding=\"async\" class=\"text-image__duo-img normal\" data-attachment-id=\"5183\" src=\"https:\/\/www.jobcenterkoeln.de\/wp-content\/uploads\/2020\/11\/urkunde-1.png\" alt=\"\">\n                                            <\/div>\n                <\/div>\n            <\/div>\n                    <\/div>\n    <\/div>\n<\/div>\n\n\n<div class=\"section content-section   text-image \" >\n    <div\n        class=\"container  \">\n        <div class=\"row\">\n            <div class=\"col-12\">\n\n\n                <div class=\"text-image__wrap \">\n                                        <div\n                        class=\"col-12 col-md-6 text-image__duo \">\n                                                <div class=\"text-image__duo-content\">\n                            <ul>\n<li><strong>Kompetenzen<br \/>\n<\/strong>Zu den Grund-Kompetenzen geh\u00f6ren:<br \/>\nLesen, Schreiben, Rechnen.<br \/>\nBrauchen Sie f\u00fcr Ihre Ausbildung<br \/>\nbessere Grund-Kompetenzen?<br \/>\nOder f\u00fcr Ihre Arbeit?<br \/>\nWir helfen Ihnen dabei.<br \/>\nSo dass Sie bald besser lesen, schreiben und rechnen k\u00f6nnen.<\/li>\n<\/ul>\n                        <\/div>\n                                            <\/div>\n                    <div\n                        class=\"col-12 col-md-6 text-image__duo px-0\">\n                                                <img decoding=\"async\" class=\"text-image__duo-img normal\" data-attachment-id=\"4747\" src=\"https:\/\/www.jobcenterkoeln.de\/wp-content\/uploads\/2020\/11\/schreiben-1.png\" alt=\"\">\n                                            <\/div>\n                <\/div>\n            <\/div>\n                    <\/div>\n    <\/div>\n<\/div>\n\n\n<div class=\"section content-section   text-image \" >\n    <div\n        class=\"container  \">\n        <div class=\"row\">\n            <div class=\"col-12\">\n\n\n                <div class=\"text-image__wrap \">\n                                        <div\n                        class=\"col-12 col-md-6 text-image__duo \">\n                                                <div class=\"text-image__duo-content\">\n                            <ul>\n<li><strong>Coaching<br \/>\n<\/strong>Coaching bedeutet Beratung.<br \/>\nVielleicht brauchen Sie Unterst\u00fctzung,<br \/>\num eine Ausbildung oder eine neue Arbeit anzufangen.<br \/>\nDann k\u00f6nnen wir Sie beraten.<br \/>\nDie Beratung macht <strong>Ihre Integrations-Fach-Kraft.<br \/>\n<\/strong>Sprechen Sie uns darauf an!<\/li>\n<\/ul>\n                        <\/div>\n                                            <\/div>\n                    <div\n                        class=\"col-12 col-md-6 text-image__duo px-0\">\n                                                <img decoding=\"async\" class=\"text-image__duo-img normal\" data-attachment-id=\"4117\" src=\"https:\/\/www.jobcenterkoeln.de\/wp-content\/uploads\/2020\/11\/beratung-1-1.png\" alt=\"\">\n                                            <\/div>\n                <\/div>\n            <\/div>\n                    <\/div>\n    <\/div>\n<\/div>\n\n\n<div class=\"section content-section   text-image \" >\n    <div\n        class=\"container  \">\n        <div class=\"row\">\n            <div class=\"col-12\">\n\n\n                <div class=\"text-image__wrap \">\n                                        <div\n                        class=\"col-12 col-md-6 text-image__duo \">\n                                                <div class=\"text-image__duo-content\">\n                            <p>Brauchen Sie mehr Informationen zu Ausbildung und Weiter-Bildung?<\/p>\n<p>Dann klicken Sie auf folgenden Link:<\/p>\n<p><a href=\"https:\/\/www.jobcenterkoeln.de\/angebote-programme\/weiterbildung-qualifikation\/\">Ausbildung und Weiter-Bildung<\/a><\/p>\n                        <\/div>\n                                            <\/div>\n                    <div\n                        class=\"col-12 col-md-6 text-image__duo \">\n                                                <div class=\"text-image__duo-content\">\n                                                    <\/div>\n                                            <\/div>\n                <\/div>\n            <\/div>\n                    <\/div>\n    <\/div>\n<\/div>\n\n\n<div class=\"section content-section   text-image \" id=\"geld\">\n    <div\n        class=\"container  \">\n        <div class=\"row\">\n            <div class=\"col-12\">\n\n\n                <div class=\"text-image__wrap \">\n                                        <div class=\"headline\">\n                    <h1 class=\"left\"> Geld <\/h1>\n                    <\/div>\n                                        <div\n                        class=\"col-12 col-md-6 text-image__duo \">\n                                                <div class=\"text-image__duo-content\">\n                            <p>Wenn Sie B\u00fcrger-Geld beantragen wollen:<\/p>\n<p>Dann m\u00fcssen Sie einiges bedenken.<\/p>\n<p>Wir haben das f\u00fcr Sie aufgeschrieben.<\/p>\n                        <\/div>\n                                            <\/div>\n                    <div\n                        class=\"col-12 col-md-6 text-image__duo \">\n                                                <div class=\"text-image__duo-content\">\n                                                    <\/div>\n                                            <\/div>\n                <\/div>\n            <\/div>\n                    <\/div>\n    <\/div>\n<\/div>\n\n\n<div class=\"section content-section   text-image \" >\n    <div\n        class=\"container  \">\n        <div class=\"row\">\n            <div class=\"col-12\">\n\n\n                <div class=\"text-image__wrap \">\n                                        <div\n                        class=\"col-12 col-md-6 text-image__duo \">\n                                                <div class=\"text-image__duo-content\">\n                            <ul>\n<li><strong>Verm\u00f6gen<br \/>\n<\/strong>Verm\u00f6gen ist das Geld, das Sie angespart haben.<br \/>\nAuch wenn Sie Geld angespart haben:<br \/>\nDann k\u00f6nnen Sie B\u00fcrger-Geld bekommen.<br \/>\nAber Sie d\u00fcrfen h\u00f6chstens 40.000 Euro angespart haben.<br \/>\nDas gilt f\u00fcr 12 Monate B\u00fcrger-Geld.<br \/>\nSind noch andere Personen in der Bedarfs-Gemeinschaft?<br \/>\nDann darf jede andere Person h\u00f6chstens 15.000 Euro zus\u00e4tzlich zu den 40.000 Euro angespart haben.<br \/>\nWenn Sie nach 12 Monaten immer noch B\u00fcrger-Geld wollen:<br \/>\nDann d\u00fcrfen Sie h\u00f6chstens 15.000 Euro angespart haben.<\/li>\n<\/ul>\n                        <\/div>\n                                            <\/div>\n                    <div\n                        class=\"col-12 col-md-6 text-image__duo px-0\">\n                                                <img decoding=\"async\" class=\"text-image__duo-img normal\" data-attachment-id=\"4801\" src=\"https:\/\/www.jobcenterkoeln.de\/wp-content\/uploads\/2020\/11\/sparen-1.png\" alt=\"\">\n                                            <\/div>\n                <\/div>\n            <\/div>\n                    <\/div>\n    <\/div>\n<\/div>\n\n\n<div class=\"section content-section   text-image \" >\n    <div\n        class=\"container  \">\n        <div class=\"row\">\n            <div class=\"col-12\">\n\n\n                <div class=\"text-image__wrap \">\n                                        <div\n                        class=\"col-12 col-md-6 text-image__duo \">\n                                                <div class=\"text-image__duo-content\">\n                            <ul>\n<li><strong>Einkommen<br \/>\n<\/strong>Einkommen ist das Geld, das Sie verdienen.<br \/>\nZum Beispiel f\u00fcr einen Sch\u00fcler-Job.<br \/>\nOder f\u00fcr einen Studenten-Job.<br \/>\nOder f\u00fcr eine berufliche Ausbildung.<br \/>\nOder f\u00fcr den Bundes-Freiwilligen-Dienst.<br \/>\nOder f\u00fcr ein Freiwilliges Soziales Jahr.<br \/>\nAuch wenn Sie Geld verdienen:<br \/>\nDann k\u00f6nnen Sie B\u00fcrger-Geld bekommen.<br \/>\nAber es darf <strong>nicht mehr<\/strong> Geld sein als bei einem Minijob.<br \/>\nMan darf bei einem Minijob h\u00f6chstens 520 Euro pro Monat verdienen.<br \/>\nInformieren Sie sich \u00fcber die aktuellen H\u00f6chst-Grenzen bei Minijobs.<br \/>\nKlicken Sie auf den folgenden Link:<br \/>\n<a href=\"https:\/\/www.minijob-zentrale.de\/DE\/die-minijobs\/die-minijobs_node.html\" target=\"_blank\" rel=\"noopener\">Minijob-Grenze<\/a><br \/>\nVielleicht arbeiten Sie ehrenamtlich.<br \/>\nUnd Sie m\u00f6chten B\u00fcrger-Geld bekommen.<br \/>\nDann d\u00fcrfen Sie h\u00f6chstens 3.000 Euro pro Jahr f\u00fcr das Ehren-Amt bekommen.<\/li>\n<\/ul>\n                        <\/div>\n                                            <\/div>\n                    <div\n                        class=\"col-12 col-md-6 text-image__duo px-0\">\n                                                <img decoding=\"async\" class=\"text-image__duo-img normal\" data-attachment-id=\"4043\" src=\"https:\/\/www.jobcenterkoeln.de\/wp-content\/uploads\/2020\/11\/assistenz_gehen-1.png\" alt=\"\">\n                                            <\/div>\n                <\/div>\n            <\/div>\n                    <\/div>\n    <\/div>\n<\/div>\n\n\n<div class=\"section content-section   text-image \" >\n    <div\n        class=\"container  \">\n        <div class=\"row\">\n            <div class=\"col-12\">\n\n\n                <div class=\"text-image__wrap \">\n                                        <div\n                        class=\"col-12 col-md-6 text-image__duo \">\n                                                <div class=\"text-image__duo-content\">\n                            <ul>\n<li><strong>Wohnen<br \/>\n<\/strong>Das Jobcenter zahlt Ihre Miete.<br \/>\nNach den ersten 12 Monaten pr\u00fcft das Jobcenter:<br \/>\nIst die Miete angemessen?<br \/>\nWenn die Miete <strong>nicht<\/strong> angemessen ist:<br \/>\nDann m\u00fcssen Sie vielleicht umziehen.<br \/>\nDas Jobcenter zahlt auch die Kosten f\u00fcrs Heizen.<br \/>\nAber die Heiz-Kosten d\u00fcrfen <strong>nicht zu hoch<\/strong> sein.<br \/>\nSo k\u00f6nnen Sie sich auf die Arbeits-Suche konzentrieren.<br \/>\nVielleicht haben Sie eine Eigentums-Wohnung.<br \/>\nOder ein eigenes Haus.<br \/>\nDann k\u00f6nnen Sie dort wohnen bleiben.<br \/>\nAber die Wohn-Fl\u00e4che darf <strong>nicht zu gro\u00df<\/strong> sein.<\/li>\n<\/ul>\n                        <\/div>\n                                            <\/div>\n                    <div\n                        class=\"col-12 col-md-6 text-image__duo px-0\">\n                                                <img decoding=\"async\" class=\"text-image__duo-img normal\" data-attachment-id=\"4429\" src=\"https:\/\/www.jobcenterkoeln.de\/wp-content\/uploads\/2020\/11\/haus-1-1.png\" alt=\"\">\n                                            <\/div>\n                <\/div>\n            <\/div>\n                    <\/div>\n    <\/div>\n<\/div>\n\n\n<div class=\"section content-section   text-image \" >\n    <div\n        class=\"container  \">\n        <div class=\"row\">\n            <div class=\"col-12\">\n\n\n                <div class=\"text-image__wrap \">\n                                        <div\n                        class=\"col-12 col-md-6 text-image__duo \">\n                                                <div class=\"text-image__duo-content\">\n                            <ul>\n<li><strong>Alters-Vorsorge<br \/>\n<\/strong>Alters-Vorsorge ist das Geld, das Sie f\u00fcr Ihr Alter angelegt haben.<br \/>\nAuch wenn Sie Geld f\u00fcr Ihr Alter angelegt haben:<br \/>\nDann k\u00f6nnen Sie B\u00fcrger-Geld bekommen.<br \/>\nAber die Alters-Vorsorge darf <strong>nicht zu hoch<\/strong> sein.<\/li>\n<\/ul>\n                        <\/div>\n                                            <\/div>\n                    <div\n                        class=\"col-12 col-md-6 text-image__duo \">\n                                                <div class=\"text-image__duo-content\">\n                                                    <\/div>\n                                            <\/div>\n                <\/div>\n            <\/div>\n                    <\/div>\n    <\/div>\n<\/div>\n\n\n<div class=\"section content-section   text-image \" >\n    <div\n        class=\"container  \">\n        <div class=\"row\">\n            <div class=\"col-12\">\n\n\n                <div class=\"text-image__wrap \">\n                                        <div\n                        class=\"col-12 col-md-6 text-image__duo \">\n                                                <div class=\"text-image__duo-content\">\n                            <ul>\n<li><strong>Rente<br \/>\n<\/strong>Rente ist das Geld, das man<br \/>\nab einem bestimmten Alter bekommt.<br \/>\nZum Beispiel ab 66 Jahren.<br \/>\nSie m\u00f6chten B\u00fcrger-Geld bekommen?<br \/>\nDann k\u00f6nnen Sie B\u00fcrger-Geld beantragen.<br \/>\nSie m\u00fcssen deshalb <strong>nicht<\/strong> fr\u00fcher Rente beantragen.<br \/>\nAlso <strong>nicht<\/strong> bevor Sie 66 Jahre sind.<\/li>\n<\/ul>\n                        <\/div>\n                                            <\/div>\n                    <div\n                        class=\"col-12 col-md-6 text-image__duo px-0\">\n                                                <img decoding=\"async\" class=\"text-image__duo-img normal\" data-attachment-id=\"4589\" src=\"https:\/\/www.jobcenterkoeln.de\/wp-content\/uploads\/2020\/11\/menschen_alt-1.png\" alt=\"\">\n                                            <\/div>\n                <\/div>\n            <\/div>\n                    <\/div>\n    <\/div>\n<\/div>\n\n\n<div class=\"section content-section   text-image \" >\n    <div\n        class=\"container  \">\n        <div class=\"row\">\n            <div class=\"col-12\">\n\n\n                <div class=\"text-image__wrap \">\n                                        <div\n                        class=\"col-12 col-md-6 text-image__duo \">\n                                                <div class=\"text-image__duo-content\">\n                            <ul>\n<li><strong>Leistungs-Minderungen<br \/>\n<\/strong>Leistungs-Minderung bedeutet:<br \/>\nSie bekommen jetzt <strong>weniger<\/strong> B\u00fcrger-Geld.<br \/>\nDenn Sie haben Ihre Pflichten <strong>nicht<\/strong> erf\u00fcllt.<br \/>\nWenn Sie B\u00fcrger-Geld bekommen:<br \/>\nDann m\u00fcssen Sie bestimmte Pflichten erf\u00fcllen.<br \/>\nZum Beispiel m\u00fcssen Sie zu Terminen im Jobcenter kommen.<br \/>\nWenn Sie Ihre Pflichten <strong>nicht<\/strong> erf\u00fcllen:<br \/>\nDann bekommen Sie <strong>weniger<\/strong> B\u00fcrger-Geld.<br \/>\nUnd zwar bei einem 1. Fehler:<br \/>\nF\u00fcr 1 Monat bekommen Sie 10 Prozent <strong>weniger<\/strong> B\u00fcrger-Geld.<br \/>\nBei einem 2. Fehler:<br \/>\nF\u00fcr 2 Monate bekommen Sie 20 Prozent <strong>weniger<\/strong> B\u00fcrger-Geld.<br \/>\nBei einem 3. Fehler:<br \/>\nF\u00fcr 3 Monate bekommen Sie 30 Prozent <strong>weniger<\/strong> B\u00fcrger-Geld.<\/li>\n<\/ul>\n                        <\/div>\n                                            <\/div>\n                    <div\n                        class=\"col-12 col-md-6 text-image__duo px-0\">\n                                                <img decoding=\"async\" class=\"text-image__duo-img normal\" data-attachment-id=\"24762\" src=\"https:\/\/www.jobcenterkoeln.de\/wp-content\/uploads\/2023\/10\/geld_nichts.png\" alt=\"\">\n                                            <\/div>\n                <\/div>\n            <\/div>\n                    <\/div>\n    <\/div>\n<\/div>\n\n\n<div class=\"section content-section   text-image \" >\n    <div\n        class=\"container  \">\n        <div class=\"row\">\n            <div class=\"col-12\">\n\n\n                <div class=\"text-image__wrap \">\n                                        <div class=\"headline\">\n                    <h3 class=\"left\"> H\u00f6he vom B\u00fcrger-Geld <\/h3>\n                    <\/div>\n                                        <div\n                        class=\"col-12 col-md-6 text-image__duo \">\n                                                <div class=\"text-image__duo-content\">\n                            <p>Wie viel B\u00fcrger-Geld k\u00f6nnen Sie bekommen?<\/p>\n<p>Das haben wir f\u00fcr Sie hier aufgeschrieben.<\/p>\n                        <\/div>\n                                            <\/div>\n                    <div\n                        class=\"col-12 col-md-6 text-image__duo px-0\">\n                                                <img decoding=\"async\" class=\"text-image__duo-img normal\" data-attachment-id=\"24727\" src=\"https:\/\/www.jobcenterkoeln.de\/wp-content\/uploads\/2023\/10\/Inklusion-1024x758.jpg\" alt=\"\">\n                                            <\/div>\n                <\/div>\n            <\/div>\n                    <\/div>\n    <\/div>\n<\/div>\n\n\n<div class=\"section content-section   text-image \" >\n    <div\n        class=\"container  \">\n        <div class=\"row\">\n            <div class=\"col-12\">\n\n\n                <div class=\"text-image__wrap \">\n                                        <div\n                        class=\"col-12 col-md-6 text-image__duo \">\n                                                <div class=\"text-image__duo-content\">\n                            <p>Allein-Stehende<\/p>\n<p>Allein-Erziehende<\/p>\n<p>Personen ab 18 Jahren mit Partnern unter 18 Jahren<\/p>\n<p style=\"text-align: right;\"><strong>502 Euro<\/strong><\/p>\n<p>&nbsp;<\/p>\n<p>Personen ab 18 Jahren in einer Partnerschaft<\/p>\n<p style=\"text-align: right;\"><strong>je 451 Euro<\/strong><\/p>\n<p>&nbsp;<\/p>\n<p>Personen zwischen 18 und 24 Jahren<\/p>\n<p>Die Personen haben noch <strong>keinen<\/strong> eigenen Haushalt.<\/p>\n<p>Und sie haben <strong>keinen<\/strong> Partner.<\/p>\n<p style=\"text-align: right;\"><strong>402 Euro<\/strong><\/p>\n<p>&nbsp;<\/p>\n<p>Personen zwischen 15 und 24 Jahren<\/p>\n<p>Die Personen ziehen <strong>ohne<\/strong> Zusicherung vom Jobcenter aus dem Eltern-Haus aus.<\/p>\n<p style=\"text-align: right;\"><strong>402 Euro<\/strong><\/p>\n<p>&nbsp;<\/p>\n<p>Kinder zwischen 14 und 17 Jahren<\/p>\n<p>Personen unter 18 Jahren mit Partnern ab 18 Jahren<\/p>\n<p style=\"text-align: right;\"><strong>420 Euro<\/strong><\/p>\n<p>&nbsp;<\/p>\n<p>Kinder zwischen 6 und 13 Jahren<\/p>\n<p style=\"text-align: right;\"><strong>348 Euro<\/strong><\/p>\n<p>&nbsp;<\/p>\n<p>Kinder zwischen 0 und 5 Jahren<\/p>\n<p style=\"text-align: right;\"><strong>318 Euro<\/strong><\/p>\n<p>&nbsp;<\/p>\n<p>Mehr Infos zum B\u00fcrger-Geld finden Sie auf den folgenden Seiten:<\/p>\n<ul>\n<li>Bundes-Ministerium f\u00fcr Arbeit und Soziales:<br \/>\n<a href=\"https:\/\/www.bmas.de\/DE\/Arbeit\/Grundsicherung-Buergergeld\/Buergergeld\/Fragen-und-Antworten-zum-Buergergeld\/fragen-und-antworten-zum-buergergeld.html\" target=\"_blank\" rel=\"noopener\">B\u00fcrger-Geld FAQ<\/a><\/li>\n<\/ul>\n<ul>\n<li>Bundes-Agentur f\u00fcr Arbeit:<br \/>\n<a href=\"https:\/\/www.arbeitsagentur.de\/einfuehrung-buergergeld\" target=\"_blank\" rel=\"noopener\">Informationen zu B\u00fcrger-Geld und Antr\u00e4gen<\/a><\/li>\n<\/ul>\n                        <\/div>\n                                            <\/div>\n                    <div\n                        class=\"col-12 col-md-6 text-image__duo \">\n                                                <div class=\"text-image__duo-content\">\n                                                    <\/div>\n                                            <\/div>\n                <\/div>\n            <\/div>\n                    <\/div>\n    <\/div>\n<\/div>","protected":false},"excerpt":{"rendered":"","protected":false},"author":139,"featured_media":0,"parent":0,"menu_order":0,"comment_status":"closed","ping_status":"closed","template":"","meta":{"_acf_changed":false,"footnotes":""},"folder":[63],"class_list":["post-24741","page","type-page","status-publish","hentry"],"acf":[],"yoast_head":"<!-- This site is optimized with the Yoast SEO Premium plugin v26.9 (Yoast SEO v26.9) - https:\/\/yoast.com\/product\/yoast-seo-premium-wordpress\/ -->\n<title>B\u00fcrger-Geld - Jobcenter K\u00f6ln<\/title>\n<meta name=\"robots\" content=\"index, follow, max-snippet:-1, max-image-preview:large, max-video-preview:-1\" \/>\n<link rel=\"canonical\" href=\"https:\/\/www.jobcenterkoeln.de\/de_EZ\/buerger-geld\/\" \/>\n<meta property=\"og:locale\" content=\"de_DE\" \/>\n<meta property=\"og:type\" content=\"article\" \/>\n<meta property=\"og:title\" content=\"B\u00fcrger-Geld\" \/>\n<meta property=\"og:url\" content=\"https:\/\/www.jobcenterkoeln.de\/de_EZ\/buerger-geld\/\" \/>\n<meta property=\"og:site_name\" content=\"Jobcenter K\u00f6ln\" \/>\n<meta property=\"article:publisher\" content=\"https:\/\/www.facebook.com\/jobcenterkoeln\" \/>\n<meta property=\"article:modified_time\" content=\"2023-10-20T06:19:05+00:00\" \/>\n<meta name=\"twitter:card\" content=\"summary_large_image\" \/>\n<script type=\"application\/ld+json\" class=\"yoast-schema-graph\">{\"@context\":\"https:\/\/schema.org\",\"@graph\":[{\"@type\":\"WebPage\",\"@id\":\"https:\/\/www.jobcenterkoeln.de\/de_EZ\/buerger-geld\/\",\"url\":\"https:\/\/www.jobcenterkoeln.de\/de_EZ\/buerger-geld\/\",\"name\":\"B\u00fcrger-Geld - Jobcenter K\u00f6ln\",\"isPartOf\":{\"@id\":\"https:\/\/www.jobcenterkoeln.de\/de_EZ\/#website\"},\"datePublished\":\"2023-10-19T11:55:23+00:00\",\"dateModified\":\"2023-10-20T06:19:05+00:00\",\"breadcrumb\":{\"@id\":\"https:\/\/www.jobcenterkoeln.de\/de_EZ\/buerger-geld\/#breadcrumb\"},\"inLanguage\":\"de-EZ\",\"potentialAction\":[{\"@type\":\"ReadAction\",\"target\":[\"https:\/\/www.jobcenterkoeln.de\/de_EZ\/buerger-geld\/\"]}]},{\"@type\":\"BreadcrumbList\",\"@id\":\"https:\/\/www.jobcenterkoeln.de\/de_EZ\/buerger-geld\/#breadcrumb\",\"itemListElement\":[{\"@type\":\"ListItem\",\"position\":1,\"name\":\"Home\",\"item\":\"https:\/\/www.jobcenterkoeln.de\/de_EZ\/\"},{\"@type\":\"ListItem\",\"position\":2,\"name\":\"B\u00fcrger-Geld\"}]},{\"@type\":\"WebSite\",\"@id\":\"https:\/\/www.jobcenterkoeln.de\/de_EZ\/#website\",\"url\":\"https:\/\/www.jobcenterkoeln.de\/de_EZ\/\",\"name\":\"Jobcenter K\u00f6ln\",\"description\":\"\",\"publisher\":{\"@id\":\"https:\/\/www.jobcenterkoeln.de\/de_EZ\/#organization\"},\"potentialAction\":[{\"@type\":\"SearchAction\",\"target\":{\"@type\":\"EntryPoint\",\"urlTemplate\":\"https:\/\/www.jobcenterkoeln.de\/de_EZ\/?s={search_term_string}\"},\"query-input\":{\"@type\":\"PropertyValueSpecification\",\"valueRequired\":true,\"valueName\":\"search_term_string\"}}],\"inLanguage\":\"de-EZ\"},{\"@type\":\"Organization\",\"@id\":\"https:\/\/www.jobcenterkoeln.de\/de_EZ\/#organization\",\"name\":\"Jobcenter K\u00f6ln\",\"url\":\"https:\/\/www.jobcenterkoeln.de\/de_EZ\/\",\"logo\":{\"@type\":\"ImageObject\",\"inLanguage\":\"de-EZ\",\"@id\":\"https:\/\/www.jobcenterkoeln.de\/de_EZ\/#\/schema\/logo\/image\/\",\"url\":\"\",\"contentUrl\":\"\",\"caption\":\"Jobcenter K\u00f6ln\"},\"image\":{\"@id\":\"https:\/\/www.jobcenterkoeln.de\/de_EZ\/#\/schema\/logo\/image\/\"},\"sameAs\":[\"https:\/\/www.facebook.com\/jobcenterkoeln\",\"https:\/\/www.youtube.com\/channel\/UCYRuht_ePRSHEkGxLmTjr0Q\"]}]}<\/script>\n<!-- \/ Yoast SEO Premium plugin. -->","yoast_head_json":{"title":"B\u00fcrger-Geld - Jobcenter K\u00f6ln","robots":{"index":"index","follow":"follow","max-snippet":"max-snippet:-1","max-image-preview":"max-image-preview:large","max-video-preview":"max-video-preview:-1"},"canonical":"https:\/\/www.jobcenterkoeln.de\/de_EZ\/buerger-geld\/","og_locale":"de_DE","og_type":"article","og_title":"B\u00fcrger-Geld","og_url":"https:\/\/www.jobcenterkoeln.de\/de_EZ\/buerger-geld\/","og_site_name":"Jobcenter K\u00f6ln","article_publisher":"https:\/\/www.facebook.com\/jobcenterkoeln","article_modified_time":"2023-10-20T06:19:05+00:00","twitter_card":"summary_large_image","schema":{"@context":"https:\/\/schema.org","@graph":[{"@type":"WebPage","@id":"https:\/\/www.jobcenterkoeln.de\/de_EZ\/buerger-geld\/","url":"https:\/\/www.jobcenterkoeln.de\/de_EZ\/buerger-geld\/","name":"B\u00fcrger-Geld - Jobcenter K\u00f6ln","isPartOf":{"@id":"https:\/\/www.jobcenterkoeln.de\/de_EZ\/#website"},"datePublished":"2023-10-19T11:55:23+00:00","dateModified":"2023-10-20T06:19:05+00:00","breadcrumb":{"@id":"https:\/\/www.jobcenterkoeln.de\/de_EZ\/buerger-geld\/#breadcrumb"},"inLanguage":"de-EZ","potentialAction":[{"@type":"ReadAction","target":["https:\/\/www.jobcenterkoeln.de\/de_EZ\/buerger-geld\/"]}]},{"@type":"BreadcrumbList","@id":"https:\/\/www.jobcenterkoeln.de\/de_EZ\/buerger-geld\/#breadcrumb","itemListElement":[{"@type":"ListItem","position":1,"name":"Home","item":"https:\/\/www.jobcenterkoeln.de\/de_EZ\/"},{"@type":"ListItem","position":2,"name":"B\u00fcrger-Geld"}]},{"@type":"WebSite","@id":"https:\/\/www.jobcenterkoeln.de\/de_EZ\/#website","url":"https:\/\/www.jobcenterkoeln.de\/de_EZ\/","name":"Jobcenter K\u00f6ln","description":"","publisher":{"@id":"https:\/\/www.jobcenterkoeln.de\/de_EZ\/#organization"},"potentialAction":[{"@type":"SearchAction","target":{"@type":"EntryPoint","urlTemplate":"https:\/\/www.jobcenterkoeln.de\/de_EZ\/?s={search_term_string}"},"query-input":{"@type":"PropertyValueSpecification","valueRequired":true,"valueName":"search_term_string"}}],"inLanguage":"de-EZ"},{"@type":"Organization","@id":"https:\/\/www.jobcenterkoeln.de\/de_EZ\/#organization","name":"Jobcenter K\u00f6ln","url":"https:\/\/www.jobcenterkoeln.de\/de_EZ\/","logo":{"@type":"ImageObject","inLanguage":"de-EZ","@id":"https:\/\/www.jobcenterkoeln.de\/de_EZ\/#\/schema\/logo\/image\/","url":"","contentUrl":"","caption":"Jobcenter K\u00f6ln"},"image":{"@id":"https:\/\/www.jobcenterkoeln.de\/de_EZ\/#\/schema\/logo\/image\/"},"sameAs":["https:\/\/www.facebook.com\/jobcenterkoeln","https:\/\/www.youtube.com\/channel\/UCYRuht_ePRSHEkGxLmTjr0Q"]}]}},"_links":{"self":[{"href":"https:\/\/www.jobcenterkoeln.de\/de_EZ\/wp-json\/wp\/v2\/pages\/24741","targetHints":{"allow":["GET"]}}],"collection":[{"href":"https:\/\/www.jobcenterkoeln.de\/de_EZ\/wp-json\/wp\/v2\/pages"}],"about":[{"href":"https:\/\/www.jobcenterkoeln.de\/de_EZ\/wp-json\/wp\/v2\/types\/page"}],"author":[{"embeddable":true,"href":"https:\/\/www.jobcenterkoeln.de\/de_EZ\/wp-json\/wp\/v2\/users\/139"}],"replies":[{"embeddable":true,"href":"https:\/\/www.jobcenterkoeln.de\/de_EZ\/wp-json\/wp\/v2\/comments?post=24741"}],"version-history":[{"count":25,"href":"https:\/\/www.jobcenterkoeln.de\/de_EZ\/wp-json\/wp\/v2\/pages\/24741\/revisions"}],"predecessor-version":[{"id":24797,"href":"https:\/\/www.jobcenterkoeln.de\/de_EZ\/wp-json\/wp\/v2\/pages\/24741\/revisions\/24797"}],"wp:attachment":[{"href":"https:\/\/www.jobcenterkoeln.de\/de_EZ\/wp-json\/wp\/v2\/media?parent=24741"}],"wp:term":[{"taxonomy":"folder","embeddable":true,"href":"https:\/\/www.jobcenterkoeln.de\/de_EZ\/wp-json\/wp\/v2\/folder?post=24741"}],"curies":[{"name":"wp","href":"https:\/\/api.w.org\/{rel}","templated":true}]}}