{"id":25246,"date":"2023-12-13T12:08:15","date_gmt":"2023-12-13T11:08:15","guid":{"rendered":"https:\/\/www.jobcenterkoeln.de\/?page_id=25246"},"modified":"2023-12-13T12:12:06","modified_gmt":"2023-12-13T11:12:06","slug":"neuantrag-stellen","status":"publish","type":"page","link":"https:\/\/www.jobcenterkoeln.de\/de_EZ\/neuantrag-stellen\/","title":{"rendered":"Neuantrag stellen"},"content":{"rendered":"<div class=\"section\">\n    <div class=\"section__head yellow br-on \">\n        <div class=\"container\">\n            <div class=\"dark\">     <nav aria-label=\"breadcrumb\">\n        <ol class=\"breadcrumb\">\n            <li class=\"breadcrumb-item\">\n                <a href=\"https:\/\/www.jobcenterkoeln.de\/de_EZ\/\">\n                    <svg width=\"25\" height=\"22\" viewBox=\"0 0 25 22\" fill=\"none\" xmlns=\"http:\/\/www.w3.org\/2000\/svg\">\n                        <path d=\"M21 11V12.5V16.5V19.5C21 20.3285 20.3285 21 19.5 21H15.5V16C15.5 15.448 15.052 15 14.5 15H10.5C9.948 15 9.5 15.448 9.5 16V21H5.5C4.6715 21 4 20.3285 4 19.5V16.5V12.5V11\" stroke=\"#706F6F\" stroke-width=\"1.5\" stroke-linecap=\"round\" stroke-linejoin=\"round\"\/>\n                        <path d=\"M1 11L12.5 1L24 11\" stroke=\"#706F6F\" stroke-width=\"1.5\" stroke-linecap=\"round\" stroke-linejoin=\"round\"\/>\n                        <path fill-rule=\"evenodd\" clip-rule=\"evenodd\" d=\"M14.5832 8.5C14.5832 9.651 13.6502 10.5835 12.4997 10.5835C11.3497 10.5835 10.4167 9.651 10.4167 8.5C10.4167 7.349 11.3497 6.4165 12.4997 6.4165C13.6502 6.4165 14.5832 7.349 14.5832 8.5Z\" stroke=\"#706F6F\" stroke-width=\"1.5\" stroke-linecap=\"round\" stroke-linejoin=\"round\"\/>\n                    <\/svg>\n                <\/a>\n            <\/li>\n                        <li class=\"breadcrumb-item active\" aria-current=\"page\"><span>Neuantrag stellen<\/span><\/li>\n        <\/ol>\n    <\/nav>\n    \n\n<\/div>            <h1 class=\"section__heading\"> Neu-Antrag stellen <\/h1>\n        <\/div>\n    <\/div>\n<\/div>\n\n\r\n<div class=\"space\"><\/div>\n\n\n<div class=\"section content-section   text-image \" >\n    <div\n        class=\"container  \">\n        <div class=\"row\">\n            <div class=\"col-12\">\n\n\n                <div class=\"text-image__wrap \">\n                                        <div\n                        class=\"col-12 col-md-6 text-image__duo \">\n                                                <div class=\"text-image__duo-content\">\n                            <p>Haben Sie <strong>nicht <\/strong>genug Geld zum Leben?<\/p>\n<p>Dann k\u00f6nnen Sie Geld vom Jobcenter bekommen.<\/p>\n<p>Das Geld hei\u00dft Grund-Sicherung.<\/p>\n<p>Oder B\u00fcrger-Geld.<\/p>\n<p>M\u00f6chten Sie wissen, ob Sie <strong>Anspruch <\/strong>auf Grund-Sicherung haben?<\/p>\n<p>Dann lesen Sie hier die wichtigsten Informationen dazu.<\/p>\n<p>Klicken Sie auf folgenden Link:<\/p>\n<p><a href=\"https:\/\/www.jobcenterkoeln.de\/de_EZ\/geld-zum-leben\/\">Anspruch auf Geld vom Jobcenter<\/a><\/p>\n                        <\/div>\n                                            <\/div>\n                    <div\n                        class=\"col-12 col-md-6 text-image__duo px-0\">\n                                                <img decoding=\"async\" class=\"text-image__duo-img normal\" data-attachment-id=\"4369\" src=\"https:\/\/www.jobcenterkoeln.de\/wp-content\/uploads\/2020\/11\/geld_viel-1.png\" alt=\"\">\n                                            <\/div>\n                <\/div>\n            <\/div>\n                    <\/div>\n    <\/div>\n<\/div>\n\n\n<div class=\"section content-section   text-image \" >\n    <div\n        class=\"container  \">\n        <div class=\"row\">\n            <div class=\"col-12\">\n\n\n                <div class=\"text-image__wrap \">\n                                        <div\n                        class=\"col-12 col-md-6 text-image__duo \">\n                                                <div class=\"text-image__duo-content\">\n                            <p>Wenn Sie Geld vom Jobcenter brauchen.<\/p>\n<p>Und Sie bekommen jetzt <strong>kein<\/strong> Geld vom Jobcenter.<\/p>\n<p>Dann m\u00fcssen Sie einen Neu-Antrag stellen.<\/p>\n                        <\/div>\n                                            <\/div>\n                    <div\n                        class=\"col-12 col-md-6 text-image__duo \">\n                                                <div class=\"text-image__duo-content\">\n                                                    <\/div>\n                                            <\/div>\n                <\/div>\n            <\/div>\n                    <\/div>\n    <\/div>\n<\/div>\n\n\n<div class=\"section content-section   text-image \" >\n    <div\n        class=\"container  \">\n        <div class=\"row\">\n            <div class=\"col-12\">\n\n\n                <div class=\"text-image__wrap \">\n                                        <div\n                        class=\"col-12 col-md-6 text-image__duo \">\n                                                <div class=\"text-image__duo-content\">\n                            <p>Sie k\u00f6nnen Ihren Antrag bequem von zu Hause aus stellen.<\/p>\n<p>Sie k\u00f6nnen den Antrag \u00fcber jobcenter.digital stellen.<\/p>\n<p>Klicken Sie auf folgenden Link:<\/p>\n<p><a href=\"https:\/\/www.jobcenterkoeln.de\/de_EZ\/online-angebote\/jobcenter-digital\/\">jobcenter.digital<\/a><\/p>\n                        <\/div>\n                                            <\/div>\n                    <div\n                        class=\"col-12 col-md-6 text-image__duo px-0\">\n                                                <img decoding=\"async\" class=\"text-image__duo-img normal\" data-attachment-id=\"4243\" src=\"https:\/\/www.jobcenterkoeln.de\/wp-content\/uploads\/2020\/11\/email-1.png\" alt=\"\">\n                                            <\/div>\n                <\/div>\n            <\/div>\n                    <\/div>\n    <\/div>\n<\/div>\n\n\n<div class=\"section content-section   text-image \" >\n    <div\n        class=\"container  \">\n        <div class=\"row\">\n            <div class=\"col-12\">\n\n\n                <div class=\"text-image__wrap \">\n                                        <div\n                        class=\"col-12 col-md-6 text-image__duo \">\n                                                <div class=\"text-image__duo-content\">\n                            <p>Manchmal haben wir Fragen.<\/p>\n<p>Dann m\u00f6chten wir Sie schnell erreichen.<\/p>\n<p>Sie k\u00f6nnen daf\u00fcr Ihre Telefon-Nummer angeben.<\/p>\n                        <\/div>\n                                            <\/div>\n                    <div\n                        class=\"col-12 col-md-6 text-image__duo \">\n                                                <div class=\"text-image__duo-content\">\n                                                    <\/div>\n                                            <\/div>\n                <\/div>\n            <\/div>\n                    <\/div>\n    <\/div>\n<\/div>\n\n\n<div class=\"section content-section   text-image \" >\n    <div\n        class=\"container  \">\n        <div class=\"row\">\n            <div class=\"col-12\">\n\n\n                <div class=\"text-image__wrap \">\n                                        <div\n                        class=\"col-12 col-md-6 text-image__duo \">\n                                                <div class=\"text-image__duo-content\">\n                            <p>Zuerst bearbeiten wir Ihren Antrag.<\/p>\n<p>Danach laden wir Sie zu uns ein.<\/p>\n<p>Wir m\u00f6chten Sie pers\u00f6nlich kennenlernen.<\/p>\n<p>Bitte bringen Sie zum Treffen Ihren Personal-Ausweis mit.<\/p>\n<p>Nur dann ist Ihr Antrag g\u00fcltig.<\/p>\n                        <\/div>\n                                            <\/div>\n                    <div\n                        class=\"col-12 col-md-6 text-image__duo px-0\">\n                                                <img decoding=\"async\" class=\"text-image__duo-img normal\" data-attachment-id=\"4117\" src=\"https:\/\/www.jobcenterkoeln.de\/wp-content\/uploads\/2020\/11\/beratung-1-1.png\" alt=\"\">\n                                            <\/div>\n                <\/div>\n            <\/div>\n                    <\/div>\n    <\/div>\n<\/div>\n\n\n<div class=\"section content-section   text-image \" >\n    <div\n        class=\"container  \">\n        <div class=\"row\">\n            <div class=\"col-12\">\n\n\n                <div class=\"text-image__wrap \">\n                                        <div\n                        class=\"col-12 col-md-6 text-image__duo \">\n                                                <div class=\"text-image__duo-content\">\n                            <p>Beim pers\u00f6nlichen Gespr\u00e4ch m\u00f6chten wir wissen:<\/p>\n<ul>\n<li>Was sind Ihre beruflichen W\u00fcnsche?<\/li>\n<li>Was sind Ihre beruflichen Ziele?<\/li>\n<\/ul>\n<p>&nbsp;<\/p>\n<p>Wenn wir Ihren Antrag gepr\u00fcft haben.<\/p>\n<p>Und wenn Sie Anspruch auf Geld vom Jobcenter haben:<\/p>\n<p>Dann zahlen wir das Geld direkt auf Ihr Konto.<\/p>\n                        <\/div>\n                                            <\/div>\n                    <div\n                        class=\"col-12 col-md-6 text-image__duo \">\n                                                <div class=\"text-image__duo-content\">\n                                                    <\/div>\n                                            <\/div>\n                <\/div>\n            <\/div>\n                    <\/div>\n    <\/div>\n<\/div>\n\n\n<div class=\"section content-section   text-image \" >\n    <div\n        class=\"container  \">\n        <div class=\"row\">\n            <div class=\"col-12\">\n\n\n                <div class=\"text-image__wrap \">\n                                        <div class=\"headline\">\n                    <h3 class=\"left\"> Hilfe zum Antrag <\/h3>\n                    <\/div>\n                                        <div\n                        class=\"col-12 col-md-6 text-image__duo \">\n                                                <div class=\"text-image__duo-content\">\n                            <p>Haben Sie noch Fragen zum Antrag?<\/p>\n<p>Wissen Sie <strong>nicht,<\/strong> wie Sie den Antrag ausf\u00fcllen sollen?<\/p>\n<p>&nbsp;<\/p>\n<p>Dann schauen Sie sich das folgende Video an.<\/p>\n<p>Im Video wird Schritt f\u00fcr Schritt gezeigt, wie man den Antrag ausf\u00fcllt.<\/p>\n<p>Klicken Sie auf folgenden Link:<\/p>\n<p><a href=\"https:\/\/www.arbeitsagentur.de\/arbeitslosengeld-2\/arbeitslosengeld-2-beantragen-video\" target=\"_blank\" rel=\"noopener\">Antrag auf Grund-Sicherung ausf\u00fcllen.<\/a><\/p>\n                        <\/div>\n                                            <\/div>\n                    <div\n                        class=\"col-12 col-md-6 text-image__duo px-0\">\n                                                <img decoding=\"async\" class=\"text-image__duo-img normal\" data-attachment-id=\"4309\" src=\"https:\/\/www.jobcenterkoeln.de\/wp-content\/uploads\/2020\/11\/frage-1.png\" alt=\"\">\n                                            <\/div>\n                <\/div>\n            <\/div>\n                    <\/div>\n    <\/div>\n<\/div>\n\n\n<div class=\"section content-section   text-image \" >\n    <div\n        class=\"container  \">\n        <div class=\"row\">\n            <div class=\"col-12\">\n\n\n                <div class=\"text-image__wrap \">\n                                        <div class=\"headline\">\n                    <h2 class=\"left\"> Weiterbewilligungs-Antrag stellen <\/h2>\n                    <\/div>\n                                        <div\n                        class=\"col-12 col-md-6 text-image__duo \">\n                                                <div class=\"text-image__duo-content\">\n                            <p>Bekommen Sie jetzt Geld vom Jobcenter?<\/p>\n<p>Wollen Sie auch in Zukunft Geld vom Jobcenter bekommen?<\/p>\n<p>Dann m\u00fcssen Sie einen Weiter-Bewilligungs-Antrag stellen.<\/p>\n                        <\/div>\n                                            <\/div>\n                    <div\n                        class=\"col-12 col-md-6 text-image__duo \">\n                                                <div class=\"text-image__duo-content\">\n                                                    <\/div>\n                                            <\/div>\n                <\/div>\n            <\/div>\n                    <\/div>\n    <\/div>\n<\/div>\n\n\n<div class=\"section content-section   text-image \" >\n    <div\n        class=\"container  \">\n        <div class=\"row\">\n            <div class=\"col-12\">\n\n\n                <div class=\"text-image__wrap \">\n                                        <div\n                        class=\"col-12 col-md-6 text-image__duo \">\n                                                <div class=\"text-image__duo-content\">\n                            <p>Auch den Weiter-Bewilligungs-Antrag k\u00f6nnen Sie bequem von zu Hause aus stellen.<\/p>\n<p>Sie k\u00f6nnen den Antrag \u00fcber jobcenter.digital stellen.<\/p>\n<p>Klicken Sie auf folgenden Link:<\/p>\n<p><a href=\"https:\/\/www.jobcenterkoeln.de\/de_EZ\/online-angebote\/jobcenter-digital\/\">jobcenter.digital<\/a><\/p>\n                        <\/div>\n                                            <\/div>\n                    <div\n                        class=\"col-12 col-md-6 text-image__duo px-0\">\n                                                <img decoding=\"async\" class=\"text-image__duo-img normal\" data-attachment-id=\"4243\" src=\"https:\/\/www.jobcenterkoeln.de\/wp-content\/uploads\/2020\/11\/email-1.png\" alt=\"\">\n                                            <\/div>\n                <\/div>\n            <\/div>\n                    <\/div>\n    <\/div>\n<\/div>\n\n\n<div class=\"section content-section   text-image \" >\n    <div\n        class=\"container  \">\n        <div class=\"row\">\n            <div class=\"col-12\">\n\n\n                <div class=\"text-image__wrap \">\n                                        <div\n                        class=\"col-12 col-md-6 text-image__duo \">\n                                                <div class=\"text-image__duo-content\">\n                            <p>Vielleicht haben sich Ihre Kontakt-Daten ge\u00e4ndert.<\/p>\n<p>Zum Beispiel, weil Sie umgezogen sind.<\/p>\n<p>Dann schreiben Sie uns bitte Ihre neue Adresse.<\/p>\n<p>Sie k\u00f6nnen uns die neue Adresse \u00fcber jobcenter.digital schreiben.<\/p>\n<p>Klicken Sie auf folgenden Link:<\/p>\n<p><a href=\"https:\/\/www.jobcenterkoeln.de\/de_EZ\/online-angebote\/jobcenter-digital\/\">jobcenter.digital<\/a><\/p>\n                        <\/div>\n                                            <\/div>\n                    <div\n                        class=\"col-12 col-md-6 text-image__duo \">\n                                                <div class=\"text-image__duo-content\">\n                                                    <\/div>\n                                            <\/div>\n                <\/div>\n            <\/div>\n                    <\/div>\n    <\/div>\n<\/div>\n\n\n<div class=\"section content-section   text-image \" >\n    <div\n        class=\"container  \">\n        <div class=\"row\">\n            <div class=\"col-12\">\n\n\n                <div class=\"text-image__wrap \">\n                                        <div class=\"headline\">\n                    <h3 class=\"left\"> Neu-Antrag per Post stellen <\/h3>\n                    <\/div>\n                                        <div\n                        class=\"col-12 col-md-6 text-image__duo \">\n                                                <div class=\"text-image__duo-content\">\n                            <p>Sie k\u00f6nnen Ihren Antrag auch per Post stellen.<\/p>\n<p>Wie geht das?<\/p>\n<p>Das k\u00f6nnen Sie hier nachlesen.<\/p>\n<p>Klicken Sie auf folgenden Link:<\/p>\n<p><a href=\"https:\/\/www.jobcenterkoeln.de\/antrag-stellen\/\">Antrag per Post stellen<\/a><\/p>\n                        <\/div>\n                                            <\/div>\n                    <div\n                        class=\"col-12 col-md-6 text-image__duo px-0\">\n                                                <img decoding=\"async\" class=\"text-image__duo-img normal\" data-attachment-id=\"4159\" src=\"https:\/\/www.jobcenterkoeln.de\/wp-content\/uploads\/2020\/11\/brief-2-1.png\" alt=\"\">\n                                            <\/div>\n                <\/div>\n            <\/div>\n                    <\/div>\n    <\/div>\n<\/div>\n\n\n<div class=\"section content-section   text-image \" >\n    <div\n        class=\"container  \">\n        <div class=\"row\">\n            <div class=\"col-12\">\n\n\n                <div class=\"text-image__wrap \">\n                                        <div class=\"headline\">\n                    <h3 class=\"left\"> Haben Sie noch Fragen? <\/h3>\n                    <\/div>\n                                        <div\n                        class=\"col-12 col-md-6 text-image__duo \">\n                                                <div class=\"text-image__duo-content\">\n                            <p>Dann rufen Sie uns an.<\/p>\n<p>Vereinbaren Sie einen Termin im Jobcenter K\u00f6ln.<\/p>\n<p>Sie erreichen uns von Montag bis Freitag von 8 bis 18 Uhr.<\/p>\n<p>Telefon-Nummer:\u00a0\u00a0\u00a0\u00a0\u00a0\u00a0\u00a0 <strong>02 21 \u2013 96 44 34 01<\/strong><\/p>\n                        <\/div>\n                                            <\/div>\n                    <div\n                        class=\"col-12 col-md-6 text-image__duo px-0\">\n                                                <img decoding=\"async\" class=\"text-image__duo-img normal\" data-attachment-id=\"4865\" src=\"https:\/\/www.jobcenterkoeln.de\/wp-content\/uploads\/2020\/11\/telefonieren_frau-1.png\" alt=\"\">\n                                            <\/div>\n                <\/div>\n            <\/div>\n                    <\/div>\n    <\/div>\n<\/div>\n\n\n<div class=\"section content-section   text-image \" >\n    <div\n        class=\"container  \">\n        <div class=\"row\">\n            <div class=\"col-12\">\n\n\n                <div class=\"text-image__wrap \">\n                                        <div\n                        class=\"col-12 col-md-6 text-image__duo \">\n                                                <div class=\"text-image__duo-content\">\n                            <p>Sie k\u00f6nnen uns auch schreiben.<\/p>\n<p>Schreiben Sie uns \u00fcber jobcenter.digital eine Nachricht.<\/p>\n<p>Klicken Sie auf folgenden Link:<\/p>\n<p><a href=\"https:\/\/www.jobcenterkoeln.de\/de_EZ\/online-angebote\/jobcenter-digital\/\">jobcenter.digital<\/a><\/p>\n                        <\/div>\n                                            <\/div>\n                    <div\n                        class=\"col-12 col-md-6 text-image__duo px-0\">\n                                                <img decoding=\"async\" class=\"text-image__duo-img normal\" data-attachment-id=\"4243\" src=\"https:\/\/www.jobcenterkoeln.de\/wp-content\/uploads\/2020\/11\/email-1.png\" alt=\"\">\n                                            <\/div>\n                <\/div>\n            <\/div>\n                    <\/div>\n    <\/div>\n<\/div>","protected":false},"excerpt":{"rendered":"","protected":false},"author":139,"featured_media":0,"parent":0,"menu_order":0,"comment_status":"closed","ping_status":"closed","template":"","meta":{"_acf_changed":false,"footnotes":""},"folder":[61],"class_list":["post-25246","page","type-page","status-publish","hentry"],"acf":[],"yoast_head":"<!-- This site is optimized with the Yoast SEO Premium plugin v26.9 (Yoast SEO v26.9) - https:\/\/yoast.com\/product\/yoast-seo-premium-wordpress\/ -->\n<title>Neuantrag stellen - Jobcenter K\u00f6ln<\/title>\n<meta name=\"robots\" content=\"index, follow, max-snippet:-1, max-image-preview:large, max-video-preview:-1\" \/>\n<link rel=\"canonical\" href=\"https:\/\/www.jobcenterkoeln.de\/de_EZ\/neuantrag-stellen\/\" \/>\n<meta property=\"og:locale\" content=\"de_DE\" \/>\n<meta property=\"og:type\" content=\"article\" \/>\n<meta property=\"og:title\" content=\"Neuantrag stellen\" \/>\n<meta property=\"og:url\" content=\"https:\/\/www.jobcenterkoeln.de\/de_EZ\/neuantrag-stellen\/\" \/>\n<meta property=\"og:site_name\" content=\"Jobcenter K\u00f6ln\" \/>\n<meta property=\"article:publisher\" content=\"https:\/\/www.facebook.com\/jobcenterkoeln\" \/>\n<meta property=\"article:modified_time\" content=\"2023-12-13T11:12:06+00:00\" \/>\n<meta name=\"twitter:card\" content=\"summary_large_image\" \/>\n<meta name=\"twitter:label1\" content=\"Est. reading time\" \/>\n\t<meta name=\"twitter:data1\" content=\"4 minutes\" \/>\n<script type=\"application\/ld+json\" class=\"yoast-schema-graph\">{\"@context\":\"https:\/\/schema.org\",\"@graph\":[{\"@type\":\"WebPage\",\"@id\":\"https:\/\/www.jobcenterkoeln.de\/de_EZ\/neuantrag-stellen\/\",\"url\":\"https:\/\/www.jobcenterkoeln.de\/de_EZ\/neuantrag-stellen\/\",\"name\":\"Neuantrag stellen - Jobcenter K\u00f6ln\",\"isPartOf\":{\"@id\":\"https:\/\/www.jobcenterkoeln.de\/de_EZ\/#website\"},\"datePublished\":\"2023-12-13T11:08:15+00:00\",\"dateModified\":\"2023-12-13T11:12:06+00:00\",\"breadcrumb\":{\"@id\":\"https:\/\/www.jobcenterkoeln.de\/de_EZ\/neuantrag-stellen\/#breadcrumb\"},\"inLanguage\":\"de-EZ\",\"potentialAction\":[{\"@type\":\"ReadAction\",\"target\":[\"https:\/\/www.jobcenterkoeln.de\/de_EZ\/neuantrag-stellen\/\"]}]},{\"@type\":\"BreadcrumbList\",\"@id\":\"https:\/\/www.jobcenterkoeln.de\/de_EZ\/neuantrag-stellen\/#breadcrumb\",\"itemListElement\":[{\"@type\":\"ListItem\",\"position\":1,\"name\":\"Home\",\"item\":\"https:\/\/www.jobcenterkoeln.de\/de_EZ\/\"},{\"@type\":\"ListItem\",\"position\":2,\"name\":\"Neuantrag stellen\"}]},{\"@type\":\"WebSite\",\"@id\":\"https:\/\/www.jobcenterkoeln.de\/de_EZ\/#website\",\"url\":\"https:\/\/www.jobcenterkoeln.de\/de_EZ\/\",\"name\":\"Jobcenter K\u00f6ln\",\"description\":\"\",\"publisher\":{\"@id\":\"https:\/\/www.jobcenterkoeln.de\/de_EZ\/#organization\"},\"potentialAction\":[{\"@type\":\"SearchAction\",\"target\":{\"@type\":\"EntryPoint\",\"urlTemplate\":\"https:\/\/www.jobcenterkoeln.de\/de_EZ\/?s={search_term_string}\"},\"query-input\":{\"@type\":\"PropertyValueSpecification\",\"valueRequired\":true,\"valueName\":\"search_term_string\"}}],\"inLanguage\":\"de-EZ\"},{\"@type\":\"Organization\",\"@id\":\"https:\/\/www.jobcenterkoeln.de\/de_EZ\/#organization\",\"name\":\"Jobcenter K\u00f6ln\",\"url\":\"https:\/\/www.jobcenterkoeln.de\/de_EZ\/\",\"logo\":{\"@type\":\"ImageObject\",\"inLanguage\":\"de-EZ\",\"@id\":\"https:\/\/www.jobcenterkoeln.de\/de_EZ\/#\/schema\/logo\/image\/\",\"url\":\"\",\"contentUrl\":\"\",\"caption\":\"Jobcenter K\u00f6ln\"},\"image\":{\"@id\":\"https:\/\/www.jobcenterkoeln.de\/de_EZ\/#\/schema\/logo\/image\/\"},\"sameAs\":[\"https:\/\/www.facebook.com\/jobcenterkoeln\",\"https:\/\/www.youtube.com\/channel\/UCYRuht_ePRSHEkGxLmTjr0Q\"]}]}<\/script>\n<!-- \/ Yoast SEO Premium plugin. -->","yoast_head_json":{"title":"Neuantrag stellen - Jobcenter K\u00f6ln","robots":{"index":"index","follow":"follow","max-snippet":"max-snippet:-1","max-image-preview":"max-image-preview:large","max-video-preview":"max-video-preview:-1"},"canonical":"https:\/\/www.jobcenterkoeln.de\/de_EZ\/neuantrag-stellen\/","og_locale":"de_DE","og_type":"article","og_title":"Neuantrag stellen","og_url":"https:\/\/www.jobcenterkoeln.de\/de_EZ\/neuantrag-stellen\/","og_site_name":"Jobcenter K\u00f6ln","article_publisher":"https:\/\/www.facebook.com\/jobcenterkoeln","article_modified_time":"2023-12-13T11:12:06+00:00","twitter_card":"summary_large_image","twitter_misc":{"Est. reading time":"4 minutes"},"schema":{"@context":"https:\/\/schema.org","@graph":[{"@type":"WebPage","@id":"https:\/\/www.jobcenterkoeln.de\/de_EZ\/neuantrag-stellen\/","url":"https:\/\/www.jobcenterkoeln.de\/de_EZ\/neuantrag-stellen\/","name":"Neuantrag stellen - Jobcenter K\u00f6ln","isPartOf":{"@id":"https:\/\/www.jobcenterkoeln.de\/de_EZ\/#website"},"datePublished":"2023-12-13T11:08:15+00:00","dateModified":"2023-12-13T11:12:06+00:00","breadcrumb":{"@id":"https:\/\/www.jobcenterkoeln.de\/de_EZ\/neuantrag-stellen\/#breadcrumb"},"inLanguage":"de-EZ","potentialAction":[{"@type":"ReadAction","target":["https:\/\/www.jobcenterkoeln.de\/de_EZ\/neuantrag-stellen\/"]}]},{"@type":"BreadcrumbList","@id":"https:\/\/www.jobcenterkoeln.de\/de_EZ\/neuantrag-stellen\/#breadcrumb","itemListElement":[{"@type":"ListItem","position":1,"name":"Home","item":"https:\/\/www.jobcenterkoeln.de\/de_EZ\/"},{"@type":"ListItem","position":2,"name":"Neuantrag stellen"}]},{"@type":"WebSite","@id":"https:\/\/www.jobcenterkoeln.de\/de_EZ\/#website","url":"https:\/\/www.jobcenterkoeln.de\/de_EZ\/","name":"Jobcenter K\u00f6ln","description":"","publisher":{"@id":"https:\/\/www.jobcenterkoeln.de\/de_EZ\/#organization"},"potentialAction":[{"@type":"SearchAction","target":{"@type":"EntryPoint","urlTemplate":"https:\/\/www.jobcenterkoeln.de\/de_EZ\/?s={search_term_string}"},"query-input":{"@type":"PropertyValueSpecification","valueRequired":true,"valueName":"search_term_string"}}],"inLanguage":"de-EZ"},{"@type":"Organization","@id":"https:\/\/www.jobcenterkoeln.de\/de_EZ\/#organization","name":"Jobcenter K\u00f6ln","url":"https:\/\/www.jobcenterkoeln.de\/de_EZ\/","logo":{"@type":"ImageObject","inLanguage":"de-EZ","@id":"https:\/\/www.jobcenterkoeln.de\/de_EZ\/#\/schema\/logo\/image\/","url":"","contentUrl":"","caption":"Jobcenter K\u00f6ln"},"image":{"@id":"https:\/\/www.jobcenterkoeln.de\/de_EZ\/#\/schema\/logo\/image\/"},"sameAs":["https:\/\/www.facebook.com\/jobcenterkoeln","https:\/\/www.youtube.com\/channel\/UCYRuht_ePRSHEkGxLmTjr0Q"]}]}},"_links":{"self":[{"href":"https:\/\/www.jobcenterkoeln.de\/de_EZ\/wp-json\/wp\/v2\/pages\/25246","targetHints":{"allow":["GET"]}}],"collection":[{"href":"https:\/\/www.jobcenterkoeln.de\/de_EZ\/wp-json\/wp\/v2\/pages"}],"about":[{"href":"https:\/\/www.jobcenterkoeln.de\/de_EZ\/wp-json\/wp\/v2\/types\/page"}],"author":[{"embeddable":true,"href":"https:\/\/www.jobcenterkoeln.de\/de_EZ\/wp-json\/wp\/v2\/users\/139"}],"replies":[{"embeddable":true,"href":"https:\/\/www.jobcenterkoeln.de\/de_EZ\/wp-json\/wp\/v2\/comments?post=25246"}],"version-history":[{"count":4,"href":"https:\/\/www.jobcenterkoeln.de\/de_EZ\/wp-json\/wp\/v2\/pages\/25246\/revisions"}],"predecessor-version":[{"id":25251,"href":"https:\/\/www.jobcenterkoeln.de\/de_EZ\/wp-json\/wp\/v2\/pages\/25246\/revisions\/25251"}],"wp:attachment":[{"href":"https:\/\/www.jobcenterkoeln.de\/de_EZ\/wp-json\/wp\/v2\/media?parent=25246"}],"wp:term":[{"taxonomy":"folder","embeddable":true,"href":"https:\/\/www.jobcenterkoeln.de\/de_EZ\/wp-json\/wp\/v2\/folder?post=25246"}],"curies":[{"name":"wp","href":"https:\/\/api.w.org\/{rel}","templated":true}]}}